{"id":1976,"date":"2024-02-15T14:24:50","date_gmt":"2024-02-15T13:24:50","guid":{"rendered":"https:\/\/ehpadcentrecreusecombraille.fr\/ssiad-ajain\/?page_id=1976"},"modified":"2026-03-30T11:18:43","modified_gmt":"2026-03-30T09:18:43","slug":"documents-de-reference","status":"publish","type":"page","link":"https:\/\/ehpadcentrecreusecombraille.fr\/ssiad-ajain\/documents-de-reference\/","title":{"rendered":"Documents de r\u00e9f\u00e9rence"},"content":{"rendered":"\n<div class=\"wp-block-uagb-container uagb-block-93b94c88 alignfull uagb-is-root-container\"><div class=\"uagb-container-inner-blocks-wrap\">\n<div class=\"wp-block-uagb-advanced-heading uagb-block-392a41cb\"><h1 class=\"uagb-heading-text\">Documents de r\u00e9f\u00e9rence<\/h1><\/div>\n<\/div><\/div>\n\n\n\n<div class=\"wp-block-columns has-ast-global-color-1-background-color has-background is-layout-flex wp-container-core-columns-is-layout-28f84493 wp-block-columns-is-layout-flex\">\n<div class=\"wp-block-column has-ast-global-color-5-color has-text-color has-link-color wp-elements-641b75746c57f02002383dbfc39f0ba5 is-layout-flow wp-block-column-is-layout-flow\">\n<h2 class=\"wp-block-heading has-text-align-center has-ast-global-color-3-color has-text-color has-link-color wp-elements-671417e2f8c82e3080aa86b7ded5f61d\">VOUS SOUHAITEZ EN SAVOIR ENCORE PLUS ?<\/h2>\n\n\n\n<p class=\"has-text-align-center has-ast-global-color-2-color has-text-color has-link-color wp-elements-fd717bcbe2f86f01cf17849ef200a720\">Cette page est d\u00e9di\u00e9e \u00e0 vous fournir un acc\u00e8s facile \u00e0 nos documents de r\u00e9f\u00e9rence essentiels. N\u2019h\u00e9sitez pas \u00e0 explorer ces documents pour mieux appr\u00e9hender notre engagement.<\/p>\n<\/div>\n<\/div>\n\n\n\n<div class=\"wp-block-columns alignwide has-ast-global-color-4-background-color has-background is-layout-flex wp-container-core-columns-is-layout-d2da2050 wp-block-columns-is-layout-flex\" style=\"margin-bottom:0\">\n<div class=\"wp-block-column has-ast-global-color-5-background-color has-text-color has-background has-link-color wp-elements-fd282c09ca9e034e96c537492bd94714 is-layout-flow wp-block-column-is-layout-flow\" style=\"color:#000000;padding-top:2em;padding-right:2em;padding-bottom:2em;padding-left:2em\">\n<div class=\"wp-block-uagb-advanced-heading uagb-block-36fbd062\"><h3 class=\"uagb-heading-text\">Plaquette de pr\u00e9sentation SSIAD<\/h3><\/div>\n\n\n\n<hr class=\"wp-block-separator has-css-opacity is-style-wide\"\/>\n\n\n\n<div class=\"wp-block-file aligncenter\"><a href=\"https:\/\/ehpadcentrecreusecombraille.fr\/ssiad-ajain\/wp-content\/uploads\/sites\/5\/2025\/09\/06_COM-EXT-PLQ7_SSIAD.pdf\" class=\"wp-block-file__button wp-element-button\" download>T\u00e9l\u00e9charger le document<\/a><\/div>\n<\/div>\n\n\n\n<div class=\"wp-block-column has-ast-global-color-6-background-color has-text-color has-background has-link-color wp-elements-ad226888e472f6a46d88abd4fed5ea6d is-layout-flow wp-block-column-is-layout-flow\" style=\"color:#000000;padding-top:2em;padding-right:2em;padding-bottom:2em;padding-left:2em\">\n<div class=\"wp-block-uagb-advanced-heading uagb-block-4138c13a\"><h3 class=\"uagb-heading-text\">Demande d&rsquo;admission SSIAD<\/h3><\/div>\n\n\n\n<hr class=\"wp-block-separator has-css-opacity is-style-wide\"\/>\n\n\n\n<div class=\"wp-block-file aligncenter\"><a href=\"https:\/\/ehpadcentrecreusecombraille.fr\/ssiad-ajain\/wp-content\/uploads\/sites\/5\/2025\/09\/15_DOM-PC1-FE1_SSIAD-Demande-dadmission.pdf\" class=\"wp-block-file__button wp-element-button\" download>T\u00e9l\u00e9charger le document<\/a><\/div>\n<\/div>\n\n\n\n<div class=\"wp-block-column has-ast-global-color-5-background-color has-text-color has-background has-link-color wp-elements-8439a224965da7e80a1f54b8876cd9fa is-layout-flow wp-block-column-is-layout-flow\" style=\"color:#000000;padding-top:2em;padding-right:2em;padding-bottom:2em;padding-left:2em\">\n<div class=\"wp-block-uagb-advanced-heading uagb-block-520bfe5c\"><h3 class=\"uagb-heading-text\">Contrat individuel de prise en charge et r\u00e8glement de fonctionnement<\/h3><\/div>\n\n\n\n<hr class=\"wp-block-separator has-css-opacity is-style-wide\"\/>\n\n\n\n<div class=\"wp-block-file\"><a href=\"https:\/\/ehpadcentrecreusecombraille.fr\/ssiad-ajain\/wp-content\/uploads\/sites\/5\/2025\/09\/14_DOM-DIPC-RF.V1_SSIAD.pdf\" class=\"wp-block-file__button wp-element-button\" download>T\u00e9l\u00e9charger le document<\/a><\/div>\n<\/div>\n<\/div>\n\n\n\n<div class=\"wp-block-columns alignwide has-ast-global-color-4-background-color has-background is-layout-flex wp-container-core-columns-is-layout-d2da2050 wp-block-columns-is-layout-flex\" style=\"margin-bottom:0\">\n<div class=\"wp-block-column has-ast-global-color-6-background-color has-text-color has-background has-link-color wp-elements-9d212326382ed1f0c962686703fe6e79 is-layout-flow wp-block-column-is-layout-flow\" style=\"color:#000000;padding-top:2em;padding-right:2em;padding-bottom:2em;padding-left:2em\">\n<div class=\"wp-block-uagb-advanced-heading uagb-block-1a4e00fc\"><h3 class=\"uagb-heading-text\">Plaquette de pr\u00e9sentation EHPAD Les Signolles<\/h3><\/div>\n\n\n\n<hr class=\"wp-block-separator has-css-opacity is-style-wide\"\/>\n\n\n\n<div class=\"wp-block-file aligncenter\"><a href=\"https:\/\/ehpadcentrecreusecombraille.fr\/ssiad-ajain\/wp-content\/uploads\/sites\/5\/2025\/09\/03_COM-EXT-PLQ2.V1_EHPAD-A.pdf\" class=\"wp-block-file__button wp-element-button\" download>T\u00e9l\u00e9charger le document<\/a><\/div>\n<\/div>\n\n\n\n<div class=\"wp-block-column has-ast-global-color-5-background-color has-text-color has-background has-link-color wp-elements-b98903099b70a5cdf9dc5adaa796031b is-layout-flow wp-block-column-is-layout-flow\" style=\"color:#000000;padding-top:2em;padding-right:2em;padding-bottom:2em;padding-left:2em\">\n<div class=\"wp-block-uagb-advanced-heading uagb-block-ce29dea8\"><h3 class=\"uagb-heading-text\">Plaquette accueil de jour<\/h3><\/div>\n\n\n\n<hr class=\"wp-block-separator has-css-opacity is-style-wide\"\/>\n\n\n\n<div class=\"wp-block-file aligncenter\"><a href=\"https:\/\/ehpadcentrecreusecombraille.fr\/ssiad-ajain\/wp-content\/uploads\/sites\/5\/2025\/11\/05_COM-EXT-PLQ1.V1_ADJ.pdf\" class=\"wp-block-file__button wp-element-button\" download>T\u00e9l\u00e9charger le document<\/a><\/div>\n<\/div>\n\n\n\n<div class=\"wp-block-column has-ast-global-color-6-background-color has-text-color has-background has-link-color wp-elements-aa967f8845751310ce3e6617bf27cc13 is-layout-flow wp-block-column-is-layout-flow\" style=\"color:#000000;padding-top:2em;padding-right:2em;padding-bottom:2em;padding-left:2em\">\n<div class=\"wp-block-uagb-advanced-heading uagb-block-3873029e\"><h3 class=\"uagb-heading-text\">Plaquette portage de repas \u00e0 domicile<\/h3><\/div>\n\n\n\n<hr class=\"wp-block-separator has-css-opacity is-style-wide\"\/>\n\n\n\n<div class=\"wp-block-file\"><a href=\"https:\/\/ehpadcentrecreusecombraille.fr\/ssiad-ajain\/wp-content\/uploads\/sites\/5\/2026\/03\/07_COM-EXT-PLQ6.V1_Portage-repas.pdf\" class=\"wp-block-file__button wp-element-button\" download>T\u00e9l\u00e9charger le document<\/a><\/div>\n<\/div>\n<\/div>\n\n\n\n<div class=\"wp-block-columns alignwide has-ast-global-color-5-background-color has-background is-layout-flex wp-container-core-columns-is-layout-d2da2050 wp-block-columns-is-layout-flex\" style=\"margin-bottom:0\">\n<div class=\"wp-block-column has-ast-global-color-7-background-color has-text-color has-background has-link-color wp-elements-b5e8dbef38a971d5a662343993da9045 is-layout-flow wp-block-column-is-layout-flow\" style=\"color:#000000;padding-top:2em;padding-right:2em;padding-bottom:2em;padding-left:2em\">\n<div class=\"wp-block-uagb-advanced-heading uagb-block-a05a71d8\"><h3 class=\"uagb-heading-text\">Rapport d&rsquo;activit\u00e9 2021<\/h3><\/div>\n\n\n\n<hr class=\"wp-block-separator has-css-opacity is-style-wide\"\/>\n\n\n\n<div class=\"wp-block-file aligncenter\"><a href=\"https:\/\/ehpadcentrecreusecombraille.fr\/ssiad-ajain\/wp-content\/uploads\/sites\/5\/2025\/09\/Rapport-dactivite-A-2021-VF_compressed.pdf\" class=\"wp-block-file__button wp-element-button\" download>T\u00e9l\u00e9charger le document<\/a><\/div>\n<\/div>\n\n\n\n<div class=\"wp-block-column has-ast-global-color-0-background-color has-text-color has-background has-link-color wp-elements-111bbda14c175a9a30d00b204372d105 is-layout-flow wp-block-column-is-layout-flow\" style=\"color:#000000;padding-top:2em;padding-right:2em;padding-bottom:2em;padding-left:2em\">\n<div class=\"wp-block-uagb-advanced-heading uagb-block-b8c652cb\"><h3 class=\"uagb-heading-text\">Rapport d&rsquo;activit\u00e9 2022<\/h3><\/div>\n\n\n\n<hr class=\"wp-block-separator has-css-opacity is-style-wide\"\/>\n\n\n\n<div class=\"wp-block-file\"><a href=\"https:\/\/ehpadcentrecreusecombraille.fr\/ssiad-ajain\/wp-content\/uploads\/sites\/5\/2025\/09\/A-Rapport-dactivite-2022_compressed.pdf\" class=\"wp-block-file__button wp-element-button\" download>T\u00e9l\u00e9charger le document<\/a><\/div>\n<\/div>\n\n\n\n<div class=\"wp-block-column has-ast-global-color-4-background-color has-text-color has-background has-link-color wp-elements-47757424cbcd32bb54efb2fda2ebc330 is-layout-flow wp-block-column-is-layout-flow\" style=\"color:#000000;padding-top:2em;padding-right:2em;padding-bottom:2em;padding-left:2em\">\n<div class=\"wp-block-uagb-advanced-heading uagb-block-a2bca37d\"><h3 class=\"uagb-heading-text\">Rapport d&rsquo;activit\u00e9 2023<\/h3><\/div>\n\n\n\n<hr class=\"wp-block-separator has-css-opacity is-style-wide\"\/>\n\n\n\n<div class=\"wp-block-file aligncenter\"><a href=\"https:\/\/ehpadcentrecreusecombraille.fr\/ssiad-ajain\/wp-content\/uploads\/sites\/5\/2025\/09\/Rapport-dactivite-ABC-2023_compressed.pdf\" class=\"wp-block-file__button wp-element-button\" download>T\u00e9l\u00e9charger le document<\/a><\/div>\n<\/div>\n<\/div>\n\n\n\n<div class=\"wp-block-columns alignwide has-ast-global-color-4-background-color has-background is-layout-flex wp-container-core-columns-is-layout-d2da2050 wp-block-columns-is-layout-flex\" style=\"margin-bottom:0\">\n<div class=\"wp-block-column has-ast-global-color-6-background-color has-text-color has-background has-link-color wp-elements-c1ea5a664462d754ae91c6a231a4a5e5 is-layout-flow wp-block-column-is-layout-flow\" style=\"color:#000000;padding-top:2em;padding-right:2em;padding-bottom:2em;padding-left:2em\">\n<div class=\"wp-block-uagb-advanced-heading uagb-block-bb71560a\"><h3 class=\"uagb-heading-text\">Rapport d&rsquo;activit\u00e9 2024<\/h3><\/div>\n\n\n\n<hr class=\"wp-block-separator has-css-opacity is-style-wide\"\/>\n\n\n\n<div class=\"wp-block-file aligncenter\"><a href=\"https:\/\/ehpadcentrecreusecombraille.fr\/ssiad-ajain\/wp-content\/uploads\/sites\/5\/2025\/09\/Rapport-dactivite-ABC-2024_compressed.pdf\" class=\"wp-block-file__button wp-element-button\" download>T\u00e9l\u00e9charger le document<\/a><\/div>\n<\/div>\n\n\n\n<div class=\"wp-block-column has-ast-global-color-5-background-color has-text-color has-background has-link-color wp-elements-4a83f8e4635d2a55d4b6abc9f44a124e is-layout-flow wp-block-column-is-layout-flow\" style=\"color:#000000;padding-top:2em;padding-right:2em;padding-bottom:2em;padding-left:2em\">\n<div class=\"wp-block-uagb-advanced-heading uagb-block-54126891\"><h3 class=\"uagb-heading-text\">Projet d&rsquo;\u00e9tablissement 2025-2029<\/h3><\/div>\n\n\n\n<hr class=\"wp-block-separator has-css-opacity is-style-wide\"\/>\n\n\n\n<div class=\"wp-block-file aligncenter\"><a href=\"https:\/\/ehpadcentrecreusecombraille.fr\/ssiad-ajain\/wp-content\/uploads\/sites\/5\/2026\/02\/PE-2025-2029_mise-a-jour-fev-2026_compressed.pdf\" class=\"wp-block-file__button wp-element-button\" download>T\u00e9l\u00e9charger le document<\/a><\/div>\n<\/div>\n<\/div>\n\n\n\n<div class=\"wp-block-columns has-ast-global-color-5-background-color has-background is-layout-flex wp-container-core-columns-is-layout-28f84493 wp-block-columns-is-layout-flex\">\n<div class=\"wp-block-column is-layout-flow wp-block-column-is-layout-flow\">\t\t\t\t\t<div\n\t\t\t\t\t\tclass=\"wp-block-uagb-image-gallery uagb-block-8f8d9563     \"\n\t\t\t\t\t\tstyle=\"\"\n\t\t\t\t\t>\n\t\t\t\t\t\t\t\t\t\t\t<div class=\"spectra-image-gallery spectra-image-gallery__layout--grid spectra-image-gallery__layout--grid-col-3 spectra-image-gallery__layout--grid-col-tab-3 spectra-image-gallery__layout--grid-col-mob-2\">\n\t\t\t\t\t\t\t\t\t\t\t<div class='spectra-image-gallery__media-wrapper' data-spectra-gallery-image-id='2016' tabindex=\"0\">\n\t\t\t\t\t\t\t<div class=\"spectra-image-gallery__media spectra-image-gallery__media--grid\">\n\t\t\t\t<picture>\n\t\t\t\t\t<source media=\"(min-width: 1024px)\" srcset=\"https:\/\/ehpadcentrecreusecombraille.fr\/ssiad-ajain\/wp-content\/uploads\/sites\/5\/2024\/02\/DSC_5129-1024x683.jpg\">\n\t\t\t\t\t<source media=\"(min-width: 768px)\" srcset=\"https:\/\/ehpadcentrecreusecombraille.fr\/ssiad-ajain\/wp-content\/uploads\/sites\/5\/2024\/02\/DSC_5129-1024x683.jpg\">\n\t\t\t\t\t<img decoding=\"async\" class=\"spectra-image-gallery__media-thumbnail spectra-image-gallery__media-thumbnail--grid\" src=\"https:\/\/ehpadcentrecreusecombraille.fr\/ssiad-ajain\/wp-content\/uploads\/sites\/5\/2024\/02\/DSC_5129-300x200.jpg\" alt=\"\" loading=\"lazy\" \/>\n\t\t\t\t<\/picture>\n\t\t\t\t<div class=\"spectra-image-gallery__media-thumbnail-blurrer\"><\/div>\n\t\t\t\t\t\t\t\t\t\t\t<div class=\"spectra-image-gallery__media-thumbnail-caption-wrapper spectra-image-gallery__media-thumbnail-caption-wrapper--overlay\">\n\t\t\t\t\t\t\t\t\t\t\t<div class=\"spectra-image-gallery__media-thumbnail-caption spectra-image-gallery__media-thumbnail-caption--overlay\">\n\t\t\t\t\tAucune l\u00e9gende\t\t\t\t<\/div>\n\t\t\t\t\t\t\t\t\t\t<\/div>\n\t\t\t\t\t\t\t\t\t<\/div>\n\t\t\t\t\t\t<\/div>\n\t\t\t\t\t\t<div class='spectra-image-gallery__media-wrapper' data-spectra-gallery-image-id='2101' tabindex=\"0\">\n\t\t\t\t\t\t\t<div class=\"spectra-image-gallery__media spectra-image-gallery__media--grid\">\n\t\t\t\t<picture>\n\t\t\t\t\t<source media=\"(min-width: 1024px)\" srcset=\"https:\/\/ehpadcentrecreusecombraille.fr\/ssiad-ajain\/wp-content\/uploads\/sites\/5\/2024\/03\/DSC_1334-min-1024x701.jpg\">\n\t\t\t\t\t<source media=\"(min-width: 768px)\" srcset=\"https:\/\/ehpadcentrecreusecombraille.fr\/ssiad-ajain\/wp-content\/uploads\/sites\/5\/2024\/03\/DSC_1334-min-1024x701.jpg\">\n\t\t\t\t\t<img decoding=\"async\" class=\"spectra-image-gallery__media-thumbnail spectra-image-gallery__media-thumbnail--grid\" src=\"https:\/\/ehpadcentrecreusecombraille.fr\/ssiad-ajain\/wp-content\/uploads\/sites\/5\/2024\/03\/DSC_1334-min-300x205.jpg\" alt=\"\" loading=\"lazy\" \/>\n\t\t\t\t<\/picture>\n\t\t\t\t<div class=\"spectra-image-gallery__media-thumbnail-blurrer\"><\/div>\n\t\t\t\t\t\t\t\t\t\t\t<div class=\"spectra-image-gallery__media-thumbnail-caption-wrapper spectra-image-gallery__media-thumbnail-caption-wrapper--overlay\">\n\t\t\t\t\t\t\t\t\t\t\t<div class=\"spectra-image-gallery__media-thumbnail-caption spectra-image-gallery__media-thumbnail-caption--overlay\">\n\t\t\t\t\tAucune l\u00e9gende\t\t\t\t<\/div>\n\t\t\t\t\t\t\t\t\t\t<\/div>\n\t\t\t\t\t\t\t\t\t<\/div>\n\t\t\t\t\t\t<\/div>\n\t\t\t\t\t\t<div class='spectra-image-gallery__media-wrapper' data-spectra-gallery-image-id='2102' tabindex=\"0\">\n\t\t\t\t\t\t\t<div class=\"spectra-image-gallery__media spectra-image-gallery__media--grid\">\n\t\t\t\t<picture>\n\t\t\t\t\t<source media=\"(min-width: 1024px)\" srcset=\"https:\/\/ehpadcentrecreusecombraille.fr\/ssiad-ajain\/wp-content\/uploads\/sites\/5\/2024\/03\/DSC_13254-min-1024x905.jpg\">\n\t\t\t\t\t<source media=\"(min-width: 768px)\" srcset=\"https:\/\/ehpadcentrecreusecombraille.fr\/ssiad-ajain\/wp-content\/uploads\/sites\/5\/2024\/03\/DSC_13254-min-1024x905.jpg\">\n\t\t\t\t\t<img decoding=\"async\" class=\"spectra-image-gallery__media-thumbnail spectra-image-gallery__media-thumbnail--grid\" src=\"https:\/\/ehpadcentrecreusecombraille.fr\/ssiad-ajain\/wp-content\/uploads\/sites\/5\/2024\/03\/DSC_13254-min-300x265.jpg\" alt=\"\" loading=\"lazy\" \/>\n\t\t\t\t<\/picture>\n\t\t\t\t<div class=\"spectra-image-gallery__media-thumbnail-blurrer\"><\/div>\n\t\t\t\t\t\t\t\t\t\t\t<div class=\"spectra-image-gallery__media-thumbnail-caption-wrapper spectra-image-gallery__media-thumbnail-caption-wrapper--overlay\">\n\t\t\t\t\t\t\t\t\t\t\t<div class=\"spectra-image-gallery__media-thumbnail-caption spectra-image-gallery__media-thumbnail-caption--overlay\">\n\t\t\t\t\tAucune l\u00e9gende\t\t\t\t<\/div>\n\t\t\t\t\t\t\t\t\t\t<\/div>\n\t\t\t\t\t\t\t\t\t<\/div>\n\t\t\t\t\t\t<\/div>\n\t\t\t\t\t\t<div class='spectra-image-gallery__media-wrapper' data-spectra-gallery-image-id='2104' tabindex=\"0\">\n\t\t\t\t\t\t\t<div class=\"spectra-image-gallery__media spectra-image-gallery__media--grid\">\n\t\t\t\t<picture>\n\t\t\t\t\t<source media=\"(min-width: 1024px)\" srcset=\"https:\/\/ehpadcentrecreusecombraille.fr\/ssiad-ajain\/wp-content\/uploads\/sites\/5\/2024\/03\/308629504_580856640493271_3273859436254832214_n-1024x768.jpg\">\n\t\t\t\t\t<source media=\"(min-width: 768px)\" srcset=\"https:\/\/ehpadcentrecreusecombraille.fr\/ssiad-ajain\/wp-content\/uploads\/sites\/5\/2024\/03\/308629504_580856640493271_3273859436254832214_n-1024x768.jpg\">\n\t\t\t\t\t<img decoding=\"async\" class=\"spectra-image-gallery__media-thumbnail spectra-image-gallery__media-thumbnail--grid\" src=\"https:\/\/ehpadcentrecreusecombraille.fr\/ssiad-ajain\/wp-content\/uploads\/sites\/5\/2024\/03\/308629504_580856640493271_3273859436254832214_n-300x225.jpg\" alt=\"\" loading=\"lazy\" \/>\n\t\t\t\t<\/picture>\n\t\t\t\t<div class=\"spectra-image-gallery__media-thumbnail-blurrer\"><\/div>\n\t\t\t\t\t\t\t\t\t\t\t<div class=\"spectra-image-gallery__media-thumbnail-caption-wrapper spectra-image-gallery__media-thumbnail-caption-wrapper--overlay\">\n\t\t\t\t\t\t\t\t\t\t\t<div class=\"spectra-image-gallery__media-thumbnail-caption spectra-image-gallery__media-thumbnail-caption--overlay\">\n\t\t\t\t\tAucune l\u00e9gende\t\t\t\t<\/div>\n\t\t\t\t\t\t\t\t\t\t<\/div>\n\t\t\t\t\t\t\t\t\t<\/div>\n\t\t\t\t\t\t<\/div>\n\t\t\t\t\t\t<div class='spectra-image-gallery__media-wrapper' data-spectra-gallery-image-id='2097' tabindex=\"0\">\n\t\t\t\t\t\t\t<div class=\"spectra-image-gallery__media spectra-image-gallery__media--grid\">\n\t\t\t\t<picture>\n\t\t\t\t\t<source media=\"(min-width: 1024px)\" srcset=\"https:\/\/ehpadcentrecreusecombraille.fr\/ssiad-ajain\/wp-content\/uploads\/sites\/5\/2024\/02\/DSC_2315-2-min-1024x555.jpg\">\n\t\t\t\t\t<source media=\"(min-width: 768px)\" srcset=\"https:\/\/ehpadcentrecreusecombraille.fr\/ssiad-ajain\/wp-content\/uploads\/sites\/5\/2024\/02\/DSC_2315-2-min-1024x555.jpg\">\n\t\t\t\t\t<img decoding=\"async\" class=\"spectra-image-gallery__media-thumbnail spectra-image-gallery__media-thumbnail--grid\" src=\"https:\/\/ehpadcentrecreusecombraille.fr\/ssiad-ajain\/wp-content\/uploads\/sites\/5\/2024\/02\/DSC_2315-2-min-300x163.jpg\" alt=\"\" loading=\"lazy\" \/>\n\t\t\t\t<\/picture>\n\t\t\t\t<div class=\"spectra-image-gallery__media-thumbnail-blurrer\"><\/div>\n\t\t\t\t\t\t\t\t\t\t\t<div class=\"spectra-image-gallery__media-thumbnail-caption-wrapper spectra-image-gallery__media-thumbnail-caption-wrapper--overlay\">\n\t\t\t\t\t\t\t\t\t\t\t<div class=\"spectra-image-gallery__media-thumbnail-caption spectra-image-gallery__media-thumbnail-caption--overlay\">\n\t\t\t\t\tAucune l\u00e9gende\t\t\t\t<\/div>\n\t\t\t\t\t\t\t\t\t\t<\/div>\n\t\t\t\t\t\t\t\t\t<\/div>\n\t\t\t\t\t\t<\/div>\n\t\t\t\t\t\t<div class='spectra-image-gallery__media-wrapper' data-spectra-gallery-image-id='2112' tabindex=\"0\">\n\t\t\t\t\t\t\t<div class=\"spectra-image-gallery__media spectra-image-gallery__media--grid\">\n\t\t\t\t<picture>\n\t\t\t\t\t<source media=\"(min-width: 1024px)\" srcset=\"https:\/\/ehpadcentrecreusecombraille.fr\/ssiad-ajain\/wp-content\/uploads\/sites\/5\/2024\/03\/EHPAD-drone-automne-2020-3-1024x540.jpg\">\n\t\t\t\t\t<source media=\"(min-width: 768px)\" srcset=\"https:\/\/ehpadcentrecreusecombraille.fr\/ssiad-ajain\/wp-content\/uploads\/sites\/5\/2024\/03\/EHPAD-drone-automne-2020-3-1024x540.jpg\">\n\t\t\t\t\t<img decoding=\"async\" class=\"spectra-image-gallery__media-thumbnail spectra-image-gallery__media-thumbnail--grid\" src=\"https:\/\/ehpadcentrecreusecombraille.fr\/ssiad-ajain\/wp-content\/uploads\/sites\/5\/2024\/03\/EHPAD-drone-automne-2020-3-300x158.jpg\" alt=\"\" loading=\"lazy\" \/>\n\t\t\t\t<\/picture>\n\t\t\t\t<div class=\"spectra-image-gallery__media-thumbnail-blurrer\"><\/div>\n\t\t\t\t\t\t\t\t\t\t\t<div class=\"spectra-image-gallery__media-thumbnail-caption-wrapper spectra-image-gallery__media-thumbnail-caption-wrapper--overlay\">\n\t\t\t\t\t\t\t\t\t\t\t<div class=\"spectra-image-gallery__media-thumbnail-caption spectra-image-gallery__media-thumbnail-caption--overlay\">\n\t\t\t\t\tAucune l\u00e9gende\t\t\t\t<\/div>\n\t\t\t\t\t\t\t\t\t\t<\/div>\n\t\t\t\t\t\t\t\t\t<\/div>\n\t\t\t\t\t\t<\/div>\n\t\t\t\t\t\t\t\t\t\t<\/div>\n\t\t\t\t\t\t\t\t\t\t\t\t\t\t\t\t\t\t<\/div>\n\t\t\t\t\t\t\t\t\t<\/div>\n<\/div>\n","protected":false},"excerpt":{"rendered":"<p>Documents de r\u00e9f\u00e9rence VOUS SOUHAITEZ EN SAVOIR ENCORE PLUS ? Cette page est d\u00e9di\u00e9e \u00e0 vous fournir un acc\u00e8s facile \u00e0 nos documents de r\u00e9f\u00e9rence essentiels. N\u2019h\u00e9sitez pas \u00e0 explorer ces documents pour mieux appr\u00e9hender notre engagement. Plaquette de pr\u00e9sentation SSIAD Demande d&rsquo;admission SSIAD Contrat individuel de prise en charge et r\u00e8glement de fonctionnement Plaquette [&hellip;]<\/p>\n","protected":false},"author":2,"featured_media":0,"parent":0,"menu_order":0,"comment_status":"closed","ping_status":"closed","template":"","meta":{"_uag_custom_page_level_css":"","site-sidebar-layout":"no-sidebar","site-content-layout":"page-builder","ast-site-content-layout":"full-width-container","site-content-style":"unboxed","site-sidebar-style":"unboxed","ast-global-header-display":"","ast-banner-title-visibility":"","ast-main-header-display":"","ast-hfb-above-header-display":"","ast-hfb-below-header-display":"","ast-hfb-mobile-header-display":"","site-post-title":"disabled","ast-breadcrumbs-content":"","ast-featured-img":"disabled","footer-sml-layout":"","ast-disable-related-posts":"","theme-transparent-header-meta":"enabled","adv-header-id-meta":"","stick-header-meta":"","header-above-stick-meta":"","header-main-stick-meta":"","header-below-stick-meta":"","astra-migrate-meta-layouts":"set","ast-page-background-enabled":"default","ast-page-background-meta":{"desktop":{"background-color":"var(--ast-global-color-4)","background-image":"","background-repeat":"repeat","background-position":"center center","background-size":"auto","background-attachment":"scroll","background-type":"","background-media":"","overlay-type":"","overlay-color":"","overlay-opacity":"","overlay-gradient":""},"tablet":{"background-color":"","background-image":"","background-repeat":"repeat","background-position":"center center","background-size":"auto","background-attachment":"scroll","background-type":"","background-media":"","overlay-type":"","overlay-color":"","overlay-opacity":"","overlay-gradient":""},"mobile":{"background-color":"","background-image":"","background-repeat":"repeat","background-position":"center center","background-size":"auto","background-attachment":"scroll","background-type":"","background-media":"","overlay-type":"","overlay-color":"","overlay-opacity":"","overlay-gradient":""}},"ast-content-background-meta":{"desktop":{"background-color":"var(--ast-global-color-5)","background-image":"","background-repeat":"repeat","background-position":"center center","background-size":"auto","background-attachment":"scroll","background-type":"","background-media":"","overlay-type":"","overlay-color":"","overlay-opacity":"","overlay-gradient":""},"tablet":{"background-color":"var(--ast-global-color-5)","background-image":"","background-repeat":"repeat","background-position":"center center","background-size":"auto","background-attachment":"scroll","background-type":"","background-media":"","overlay-type":"","overlay-color":"","overlay-opacity":"","overlay-gradient":""},"mobile":{"background-color":"var(--ast-global-color-5)","background-image":"","background-repeat":"repeat","background-position":"center center","background-size":"auto","background-attachment":"scroll","background-type":"","background-media":"","overlay-type":"","overlay-color":"","overlay-opacity":"","overlay-gradient":""}},"footnotes":""},"class_list":["post-1976","page","type-page","status-publish","hentry"],"uagb_featured_image_src":{"full":false,"thumbnail":false,"medium":false,"medium_large":false,"large":false,"1536x1536":false,"2048x2048":false},"uagb_author_info":{"display_name":"azoure","author_link":"https:\/\/ehpadcentrecreusecombraille.fr\/ssiad-ajain\/author\/azoure\/"},"uagb_comment_info":0,"uagb_excerpt":"Documents de r\u00e9f\u00e9rence VOUS SOUHAITEZ EN SAVOIR ENCORE PLUS ? Cette page est d\u00e9di\u00e9e \u00e0 vous fournir un acc\u00e8s facile \u00e0 nos documents de r\u00e9f\u00e9rence essentiels. N\u2019h\u00e9sitez pas \u00e0 explorer ces documents pour mieux appr\u00e9hender notre engagement. Plaquette de pr\u00e9sentation SSIAD Demande d&rsquo;admission SSIAD Contrat individuel de prise en charge et r\u00e8glement de fonctionnement Plaquette\u2026","_links":{"self":[{"href":"https:\/\/ehpadcentrecreusecombraille.fr\/ssiad-ajain\/wp-json\/wp\/v2\/pages\/1976","targetHints":{"allow":["GET"]}}],"collection":[{"href":"https:\/\/ehpadcentrecreusecombraille.fr\/ssiad-ajain\/wp-json\/wp\/v2\/pages"}],"about":[{"href":"https:\/\/ehpadcentrecreusecombraille.fr\/ssiad-ajain\/wp-json\/wp\/v2\/types\/page"}],"author":[{"embeddable":true,"href":"https:\/\/ehpadcentrecreusecombraille.fr\/ssiad-ajain\/wp-json\/wp\/v2\/users\/2"}],"replies":[{"embeddable":true,"href":"https:\/\/ehpadcentrecreusecombraille.fr\/ssiad-ajain\/wp-json\/wp\/v2\/comments?post=1976"}],"version-history":[{"count":5,"href":"https:\/\/ehpadcentrecreusecombraille.fr\/ssiad-ajain\/wp-json\/wp\/v2\/pages\/1976\/revisions"}],"predecessor-version":[{"id":2367,"href":"https:\/\/ehpadcentrecreusecombraille.fr\/ssiad-ajain\/wp-json\/wp\/v2\/pages\/1976\/revisions\/2367"}],"wp:attachment":[{"href":"https:\/\/ehpadcentrecreusecombraille.fr\/ssiad-ajain\/wp-json\/wp\/v2\/media?parent=1976"}],"curies":[{"name":"wp","href":"https:\/\/api.w.org\/{rel}","templated":true}]}}