{"id":1326,"date":"2022-02-24T05:04:17","date_gmt":"2022-02-24T05:04:17","guid":{"rendered":"https:\/\/ehpadcentrecreusecombraille.fr\/portage-repas\/services\/"},"modified":"2025-09-25T10:45:12","modified_gmt":"2025-09-25T08:45:12","slug":"services","status":"publish","type":"page","link":"https:\/\/ehpadcentrecreusecombraille.fr\/portage-repas\/services\/","title":{"rendered":"Modalit\u00e9s d&rsquo;inscription"},"content":{"rendered":"\n<div class=\"wp-block-uagb-container uagb-block-ae0bc409 alignfull uagb-is-root-container\"><div class=\"uagb-container-inner-blocks-wrap\">\n<div class=\"wp-block-uagb-advanced-heading uagb-block-59973544\"><h1 class=\"uagb-heading-text\">Modalit\u00e9s d&rsquo;inscription<\/h1><\/div>\n<\/div><\/div>\n\n\n\n<div class=\"wp-block-columns has-ast-global-color-1-background-color has-background is-layout-flex wp-container-core-columns-is-layout-28f84493 wp-block-columns-is-layout-flex\">\n<div class=\"wp-block-column is-layout-flow wp-block-column-is-layout-flow\">\n<div class=\"wp-block-uagb-advanced-heading uagb-block-a38bcacc\"><h2 class=\"uagb-heading-text\">COMMENT S&rsquo;INSCRIRE ET COMMENCER \u00c0 PROFITER DE NOS REPAS ?<\/h2><\/div>\n\n\n\n<p class=\"has-text-align-center has-ast-global-color-5-color has-text-color has-link-color wp-elements-2aac51e6edea5c40a325a844844d1450\">Pr\u00eat \u00e0 b\u00e9n\u00e9ficier de notre service de portage de repas ? D\u00e9couvrez ici les \u00e9tapes simples pour vous inscrire et commencer \u00e0 profiter de repas \u00e9quilibr\u00e9s et d\u00e9licieux chaque jour.<\/p>\n<\/div>\n<\/div>\n\n\n\n<div class=\"wp-block-columns alignwide has-ast-global-color-4-background-color has-background is-layout-flex wp-container-core-columns-is-layout-d2da2050 wp-block-columns-is-layout-flex\" style=\"margin-bottom:0\">\n<div class=\"wp-block-column has-ast-global-color-5-background-color has-text-color has-background has-link-color wp-elements-27714441bd12f1c8d6832a82c61d6e76 is-layout-flow wp-block-column-is-layout-flow\" style=\"color:#000000;padding-top:2em;padding-right:2em;padding-bottom:2em;padding-left:2em\">\n<figure class=\"wp-block-image aligncenter size-full is-resized\"><img loading=\"lazy\" decoding=\"async\" width=\"512\" height=\"512\" src=\"https:\/\/ehpadcentrecreusecombraille.fr\/portage-repas\/wp-content\/uploads\/sites\/7\/2024\/02\/contact.png\" alt=\"\" class=\"wp-image-1984\" style=\"width:137px;height:auto\" srcset=\"https:\/\/ehpadcentrecreusecombraille.fr\/portage-repas\/wp-content\/uploads\/sites\/7\/2024\/02\/contact.png 512w, https:\/\/ehpadcentrecreusecombraille.fr\/portage-repas\/wp-content\/uploads\/sites\/7\/2024\/02\/contact-300x300.png 300w, https:\/\/ehpadcentrecreusecombraille.fr\/portage-repas\/wp-content\/uploads\/sites\/7\/2024\/02\/contact-150x150.png 150w\" sizes=\"auto, (max-width: 512px) 100vw, 512px\" \/><\/figure>\n\n\n\n<div class=\"wp-block-uagb-advanced-heading uagb-block-ede36dea\"><h3 class=\"uagb-heading-text\">\u00c9tape 1 : prenez contact avec notre \u00e9quipe<\/h3><\/div>\n\n\n\n<hr class=\"wp-block-separator has-text-color has-css-opacity has-background is-style-wide\" style=\"background-color:#000000;color:#000000\"\/>\n\n\n\n<p class=\"has-normal-font-size\" style=\"line-height:1.5\">Appelez notre Service de Portage de Repas. Nos agents sont pr\u00eats \u00e0 r\u00e9pondre \u00e0 toutes vos questions et \u00e0 vous guider tout au long du processus d&rsquo;inscription.<\/p>\n<\/div>\n\n\n\n<div class=\"wp-block-column has-ast-global-color-5-background-color has-text-color has-background has-link-color wp-elements-3cc704d9f6bac93460fc63a8ad2ef73d is-layout-flow wp-block-column-is-layout-flow\" style=\"color:#000000;padding-top:2em;padding-right:2em;padding-bottom:2em;padding-left:2em\">\n<figure class=\"wp-block-image aligncenter size-full is-resized\"><img loading=\"lazy\" decoding=\"async\" width=\"512\" height=\"512\" src=\"https:\/\/ehpadcentrecreusecombraille.fr\/portage-repas\/wp-content\/uploads\/sites\/7\/2024\/02\/qa.png\" alt=\"\" class=\"wp-image-1983\" style=\"width:137px;height:auto\" srcset=\"https:\/\/ehpadcentrecreusecombraille.fr\/portage-repas\/wp-content\/uploads\/sites\/7\/2024\/02\/qa.png 512w, https:\/\/ehpadcentrecreusecombraille.fr\/portage-repas\/wp-content\/uploads\/sites\/7\/2024\/02\/qa-300x300.png 300w, https:\/\/ehpadcentrecreusecombraille.fr\/portage-repas\/wp-content\/uploads\/sites\/7\/2024\/02\/qa-150x150.png 150w\" sizes=\"auto, (max-width: 512px) 100vw, 512px\" \/><\/figure>\n\n\n\n<div class=\"wp-block-uagb-advanced-heading uagb-block-d6e15e5d\"><h3 class=\"uagb-heading-text\">\u00c9tape 2 : discussion et informations<\/h3><\/div>\n\n\n\n<hr class=\"wp-block-separator has-text-color has-css-opacity has-background is-style-wide\" style=\"background-color:#000000;color:#000000\"\/>\n\n\n\n<p class=\"has-normal-font-size\" style=\"line-height:1.5\">Lors de votre appel, nous discuterons de vos besoins alimentaires, de vos pr\u00e9f\u00e9rences, et des d\u00e9tails logistiques pour les livraisons. Notre objectif est de personnaliser notre service selon vos attentes, en veillant \u00e0 ce que chaque repas r\u00e9ponde \u00e0 vos exigences de qualit\u00e9 et de go\u00fbt.<\/p>\n<\/div>\n<\/div>\n\n\n\n<div class=\"wp-block-columns alignwide has-ast-global-color-5-background-color has-background is-layout-flex wp-container-core-columns-is-layout-d2da2050 wp-block-columns-is-layout-flex\" style=\"margin-bottom:0\">\n<div class=\"wp-block-column has-ast-global-color-4-background-color has-text-color has-background has-link-color wp-elements-81f5242f641b2d42c0de1d85347e4a2e is-layout-flow wp-block-column-is-layout-flow\" style=\"color:#000000;padding-top:2em;padding-right:2em;padding-bottom:2em;padding-left:2em\">\n<figure class=\"wp-block-image aligncenter size-full is-resized\"><img loading=\"lazy\" decoding=\"async\" width=\"512\" height=\"512\" src=\"https:\/\/ehpadcentrecreusecombraille.fr\/portage-repas\/wp-content\/uploads\/sites\/7\/2024\/02\/check-1.png\" alt=\"\" class=\"wp-image-1997\" style=\"width:137px;height:auto\" srcset=\"https:\/\/ehpadcentrecreusecombraille.fr\/portage-repas\/wp-content\/uploads\/sites\/7\/2024\/02\/check-1.png 512w, https:\/\/ehpadcentrecreusecombraille.fr\/portage-repas\/wp-content\/uploads\/sites\/7\/2024\/02\/check-1-300x300.png 300w, https:\/\/ehpadcentrecreusecombraille.fr\/portage-repas\/wp-content\/uploads\/sites\/7\/2024\/02\/check-1-150x150.png 150w\" sizes=\"auto, (max-width: 512px) 100vw, 512px\" \/><\/figure>\n\n\n\n<div class=\"wp-block-uagb-advanced-heading uagb-block-04e31f25\"><h3 class=\"uagb-heading-text\">\u00c9tape 3 : confirmation de l&rsquo;inscription<\/h3><\/div>\n\n\n\n<hr class=\"wp-block-separator has-text-color has-css-opacity has-background is-style-wide\" style=\"background-color:#000000;color:#000000\"\/>\n\n\n\n<p class=\"has-normal-font-size\" style=\"line-height:1.5\">Une fois que nous avons toutes les informations n\u00e9cessaires, nous vous confirmerons votre inscription et vous fournirons tous les d\u00e9tails concernant les tarifs, les jours de livraison, et les modalit\u00e9s de paiement.<\/p>\n<\/div>\n\n\n\n<div class=\"wp-block-column has-ast-global-color-4-background-color has-text-color has-background has-link-color wp-elements-70afb93f1b9da4acfa3d7f8d5ae2f995 is-layout-flow wp-block-column-is-layout-flow\" style=\"color:#000000;padding-top:2em;padding-right:2em;padding-bottom:2em;padding-left:2em\">\n<figure class=\"wp-block-image aligncenter size-full is-resized\"><img loading=\"lazy\" decoding=\"async\" width=\"512\" height=\"512\" src=\"https:\/\/ehpadcentrecreusecombraille.fr\/portage-repas\/wp-content\/uploads\/sites\/7\/2024\/02\/fast-delivery.png\" alt=\"\" class=\"wp-image-1981\" style=\"width:137px;height:auto\" srcset=\"https:\/\/ehpadcentrecreusecombraille.fr\/portage-repas\/wp-content\/uploads\/sites\/7\/2024\/02\/fast-delivery.png 512w, https:\/\/ehpadcentrecreusecombraille.fr\/portage-repas\/wp-content\/uploads\/sites\/7\/2024\/02\/fast-delivery-300x300.png 300w, https:\/\/ehpadcentrecreusecombraille.fr\/portage-repas\/wp-content\/uploads\/sites\/7\/2024\/02\/fast-delivery-150x150.png 150w\" sizes=\"auto, (max-width: 512px) 100vw, 512px\" \/><\/figure>\n\n\n\n<div class=\"wp-block-uagb-advanced-heading uagb-block-e1ec4ade\"><h3 class=\"uagb-heading-text\">\u00c9tape 4 : livraisons r\u00e9guli\u00e8res<\/h3><\/div>\n\n\n\n<hr class=\"wp-block-separator has-text-color has-css-opacity has-background is-style-wide\" style=\"background-color:#000000;color:#000000\"\/>\n\n\n\n<p class=\"has-normal-font-size\" style=\"line-height:1.5\">F\u00e9licitations, vous \u00eates maintenant pr\u00eat \u00e0 commencer \u00e0 recevoir vos repas \u00e0 domicile ! Nos livraisons sont planifi\u00e9es les apr\u00e8s-midi des lundis, mercredis et vendredis. Vous recevrez des repas compos\u00e9s d&rsquo;une entr\u00e9e, d&rsquo;un plat principal, d&rsquo;un fromage ou d&rsquo;un produit laitier, d&rsquo;un dessert, d&rsquo;un potage et de pain, le tout pr\u00e9par\u00e9 quotidiennement par notre \u00e9quipe d\u00e9di\u00e9e.<\/p>\n<\/div>\n<\/div>\n\n\n\n<div class=\"wp-block-columns has-ast-global-color-1-background-color has-background is-layout-flex wp-container-core-columns-is-layout-28f84493 wp-block-columns-is-layout-flex\">\n<div class=\"wp-block-column is-layout-flow wp-block-column-is-layout-flow\">\n<div class=\"wp-block-uagb-advanced-heading uagb-block-2548f37a\"><h2 class=\"uagb-heading-text\">CRIT\u00c8RES D&rsquo;\u00c9LIGIBILIT\u00c9<\/h2><\/div>\n\n\n\n<p class=\"has-text-align-center has-ast-global-color-4-color has-text-color has-link-color wp-elements-1d62b01ad1f7987c3b669f9b012b0988\">Le Service de Portage de Repas \u00e0 Domicile de l&rsquo;EHPAD Les Signolles s&rsquo;adresse \u00e0 des b\u00e9n\u00e9ficiaires sp\u00e9cifiques dans le but de r\u00e9pondre aux besoins alimentaires de mani\u00e8re adapt\u00e9e. Notre \u00e9quipe est disponible pour discuter de votre situation individuelle et vous guider \u00e0 travers le processus d&rsquo;inscription. N&rsquo;h\u00e9sitez pas \u00e0 nous contacter pour plus d&rsquo;informations.<\/p>\n<\/div>\n<\/div>\n\n\n\n<div class=\"wp-block-columns alignwide has-ast-global-color-0-background-color has-background is-layout-flex wp-container-core-columns-is-layout-d2da2050 wp-block-columns-is-layout-flex\" style=\"margin-bottom:0\">\n<div class=\"wp-block-column has-ast-global-color-5-background-color has-text-color has-background has-link-color wp-elements-8eb0aa29d332087d62f69047047b145b is-layout-flow wp-block-column-is-layout-flow\" style=\"color:#000000;padding-top:2em;padding-right:2em;padding-bottom:2em;padding-left:2em\">\n<div class=\"wp-block-uagb-advanced-heading uagb-block-d335dab4\"><h3 class=\"uagb-heading-text\">Personnes \u00e2g\u00e9es<\/h3><\/div>\n\n\n\n<figure class=\"wp-block-image size-full is-resized\"><img loading=\"lazy\" decoding=\"async\" width=\"512\" height=\"512\" src=\"https:\/\/ehpadcentrecreusecombraille.fr\/portage-repas\/wp-content\/uploads\/sites\/7\/2024\/02\/old-people.png\" alt=\"\" class=\"wp-image-1980\" style=\"width:156px;height:auto\" srcset=\"https:\/\/ehpadcentrecreusecombraille.fr\/portage-repas\/wp-content\/uploads\/sites\/7\/2024\/02\/old-people.png 512w, https:\/\/ehpadcentrecreusecombraille.fr\/portage-repas\/wp-content\/uploads\/sites\/7\/2024\/02\/old-people-300x300.png 300w, https:\/\/ehpadcentrecreusecombraille.fr\/portage-repas\/wp-content\/uploads\/sites\/7\/2024\/02\/old-people-150x150.png 150w\" sizes=\"auto, (max-width: 512px) 100vw, 512px\" \/><\/figure>\n\n\n\n<hr class=\"wp-block-separator has-text-color has-css-opacity has-background is-style-wide\" style=\"background-color:#000000;color:#000000\"\/>\n\n\n\n<p>Le service est principalement destin\u00e9 aux personnes \u00e2g\u00e9es, \u00e2g\u00e9es de 65 ans et plus. Nous comprenons les d\u00e9fis sp\u00e9cifiques auxquels nos a\u00een\u00e9s peuvent \u00eatre confront\u00e9s, et notre mission est de veiller \u00e0 ce qu&rsquo;ils aient acc\u00e8s \u00e0 des repas complets et \u00e9quilibr\u00e9s.<\/p>\n<\/div>\n\n\n\n<div class=\"wp-block-column has-ast-global-color-5-background-color has-text-color has-background has-link-color wp-elements-e94f5822627ba722da1860b26d686859 is-layout-flow wp-block-column-is-layout-flow\" style=\"color:#000000;padding-top:2em;padding-right:2em;padding-bottom:2em;padding-left:2em\">\n<div class=\"wp-block-uagb-advanced-heading uagb-block-c5041df3\"><h3 class=\"uagb-heading-text\">Convalescents apr\u00e8s une hospitalisation<\/h3><\/div>\n\n\n\n<figure class=\"wp-block-image size-full is-resized\"><img loading=\"lazy\" decoding=\"async\" width=\"512\" height=\"512\" src=\"https:\/\/ehpadcentrecreusecombraille.fr\/portage-repas\/wp-content\/uploads\/sites\/7\/2024\/02\/sneezing.png\" alt=\"\" class=\"wp-image-1979\" style=\"width:156px;height:auto\" srcset=\"https:\/\/ehpadcentrecreusecombraille.fr\/portage-repas\/wp-content\/uploads\/sites\/7\/2024\/02\/sneezing.png 512w, https:\/\/ehpadcentrecreusecombraille.fr\/portage-repas\/wp-content\/uploads\/sites\/7\/2024\/02\/sneezing-300x300.png 300w, https:\/\/ehpadcentrecreusecombraille.fr\/portage-repas\/wp-content\/uploads\/sites\/7\/2024\/02\/sneezing-150x150.png 150w\" sizes=\"auto, (max-width: 512px) 100vw, 512px\" \/><\/figure>\n\n\n\n<hr class=\"wp-block-separator has-text-color has-css-opacity has-background is-style-wide\" style=\"background-color:#000000;color:#000000\"\/>\n\n\n\n<p>Nous sommes l\u00e0 pour soutenir les personnes en phase de convalescence apr\u00e8s une hospitalisation. Nos repas sont soigneusement con\u00e7us pour favoriser la r\u00e9cup\u00e9ration tout en offrant un go\u00fbt d\u00e9licieux.<\/p>\n<\/div>\n\n\n\n<div class=\"wp-block-column has-ast-global-color-5-background-color has-text-color has-background has-link-color wp-elements-dfd255df73ab3f5786384b687d178fde is-layout-flow wp-block-column-is-layout-flow\" style=\"color:#000000;padding-top:2em;padding-right:2em;padding-bottom:2em;padding-left:2em\">\n<div class=\"wp-block-uagb-advanced-heading uagb-block-32397527\"><h3 class=\"uagb-heading-text\">Localisation sur le Canton de Boussac<\/h3><\/div>\n\n\n\n<hr class=\"wp-block-separator has-text-color has-css-opacity has-background is-style-wide\" style=\"background-color:#000000;color:#000000\"\/>\n\n\n\n<p>Le Service de Portage de Repas \u00e0 Domicile de l&rsquo;EHPAD Les Signolles couvre le canton de Boussac. Nous nous engageons \u00e0 fournir une assistance alimentaire aux personnes de ce territoire, assurant ainsi une port\u00e9e locale et un service de proximit\u00e9.<\/p>\n<\/div>\n<\/div>\n","protected":false},"excerpt":{"rendered":"<p>Modalit\u00e9s d&rsquo;inscription COMMENT S&rsquo;INSCRIRE ET COMMENCER \u00c0 PROFITER DE NOS REPAS ? Pr\u00eat \u00e0 b\u00e9n\u00e9ficier de notre service de portage de repas ? D\u00e9couvrez ici les \u00e9tapes simples pour vous inscrire et commencer \u00e0 profiter de repas \u00e9quilibr\u00e9s et d\u00e9licieux chaque jour. \u00c9tape 1 : prenez contact avec notre \u00e9quipe Appelez notre Service de Portage [&hellip;]<\/p>\n","protected":false},"author":1,"featured_media":0,"parent":0,"menu_order":0,"comment_status":"closed","ping_status":"closed","template":"","meta":{"_uag_custom_page_level_css":"","site-sidebar-layout":"no-sidebar","site-content-layout":"page-builder","ast-site-content-layout":"full-width-container","site-content-style":"unboxed","site-sidebar-style":"unboxed","ast-global-header-display":"","ast-banner-title-visibility":"","ast-main-header-display":"","ast-hfb-above-header-display":"","ast-hfb-below-header-display":"","ast-hfb-mobile-header-display":"","site-post-title":"disabled","ast-breadcrumbs-content":"","ast-featured-img":"disabled","footer-sml-layout":"","ast-disable-related-posts":"","theme-transparent-header-meta":"enabled","adv-header-id-meta":"","stick-header-meta":"","header-above-stick-meta":"","header-main-stick-meta":"","header-below-stick-meta":"","astra-migrate-meta-layouts":"set","ast-page-background-enabled":"default","ast-page-background-meta":{"desktop":{"background-color":"var(--ast-global-color-4)","background-image":"","background-repeat":"repeat","background-position":"center center","background-size":"auto","background-attachment":"scroll","background-type":"","background-media":"","overlay-type":"","overlay-color":"","overlay-opacity":"","overlay-gradient":""},"tablet":{"background-color":"","background-image":"","background-repeat":"repeat","background-position":"center center","background-size":"auto","background-attachment":"scroll","background-type":"","background-media":"","overlay-type":"","overlay-color":"","overlay-opacity":"","overlay-gradient":""},"mobile":{"background-color":"","background-image":"","background-repeat":"repeat","background-position":"center center","background-size":"auto","background-attachment":"scroll","background-type":"","background-media":"","overlay-type":"","overlay-color":"","overlay-opacity":"","overlay-gradient":""}},"ast-content-background-meta":{"desktop":{"background-color":"var(--ast-global-color-5)","background-image":"","background-repeat":"repeat","background-position":"center center","background-size":"auto","background-attachment":"scroll","background-type":"","background-media":"","overlay-type":"","overlay-color":"","overlay-opacity":"","overlay-gradient":""},"tablet":{"background-color":"var(--ast-global-color-5)","background-image":"","background-repeat":"repeat","background-position":"center center","background-size":"auto","background-attachment":"scroll","background-type":"","background-media":"","overlay-type":"","overlay-color":"","overlay-opacity":"","overlay-gradient":""},"mobile":{"background-color":"var(--ast-global-color-5)","background-image":"","background-repeat":"repeat","background-position":"center center","background-size":"auto","background-attachment":"scroll","background-type":"","background-media":"","overlay-type":"","overlay-color":"","overlay-opacity":"","overlay-gradient":""}},"footnotes":""},"class_list":["post-1326","page","type-page","status-publish","hentry"],"uagb_featured_image_src":{"full":false,"thumbnail":false,"medium":false,"medium_large":false,"large":false,"1536x1536":false,"2048x2048":false},"uagb_author_info":{"display_name":"Le Maillon","author_link":"https:\/\/ehpadcentrecreusecombraille.fr\/portage-repas\/author\/le-maillon\/"},"uagb_comment_info":0,"uagb_excerpt":"Modalit\u00e9s d&rsquo;inscription COMMENT S&rsquo;INSCRIRE ET COMMENCER \u00c0 PROFITER DE NOS REPAS ? Pr\u00eat \u00e0 b\u00e9n\u00e9ficier de notre service de portage de repas ? D\u00e9couvrez ici les \u00e9tapes simples pour vous inscrire et commencer \u00e0 profiter de repas \u00e9quilibr\u00e9s et d\u00e9licieux chaque jour. \u00c9tape 1 : prenez contact avec notre \u00e9quipe Appelez notre Service de Portage\u2026","_links":{"self":[{"href":"https:\/\/ehpadcentrecreusecombraille.fr\/portage-repas\/wp-json\/wp\/v2\/pages\/1326","targetHints":{"allow":["GET"]}}],"collection":[{"href":"https:\/\/ehpadcentrecreusecombraille.fr\/portage-repas\/wp-json\/wp\/v2\/pages"}],"about":[{"href":"https:\/\/ehpadcentrecreusecombraille.fr\/portage-repas\/wp-json\/wp\/v2\/types\/page"}],"author":[{"embeddable":true,"href":"https:\/\/ehpadcentrecreusecombraille.fr\/portage-repas\/wp-json\/wp\/v2\/users\/1"}],"replies":[{"embeddable":true,"href":"https:\/\/ehpadcentrecreusecombraille.fr\/portage-repas\/wp-json\/wp\/v2\/comments?post=1326"}],"version-history":[{"count":7,"href":"https:\/\/ehpadcentrecreusecombraille.fr\/portage-repas\/wp-json\/wp\/v2\/pages\/1326\/revisions"}],"predecessor-version":[{"id":2249,"href":"https:\/\/ehpadcentrecreusecombraille.fr\/portage-repas\/wp-json\/wp\/v2\/pages\/1326\/revisions\/2249"}],"wp:attachment":[{"href":"https:\/\/ehpadcentrecreusecombraille.fr\/portage-repas\/wp-json\/wp\/v2\/media?parent=1326"}],"curies":[{"name":"wp","href":"https:\/\/api.w.org\/{rel}","templated":true}]}}