{"id":1944,"date":"2024-02-29T14:18:38","date_gmt":"2024-02-29T13:18:38","guid":{"rendered":"https:\/\/ehpadcentrecreusecombraille.fr\/espace-pro\/?page_id=1944"},"modified":"2025-09-18T16:37:52","modified_gmt":"2025-09-18T14:37:52","slug":"depot-de-candidature","status":"publish","type":"page","link":"https:\/\/ehpadcentrecreusecombraille.fr\/espace-pro\/depot-de-candidature\/","title":{"rendered":"Nos offres"},"content":{"rendered":"\n<div class=\"wp-block-uagb-container uagb-block-3ad17e27 alignfull uagb-is-root-container\"><div class=\"uagb-container-inner-blocks-wrap\">\n<div class=\"wp-block-uagb-advanced-heading uagb-block-8a1eebc0\"><h1 class=\"uagb-heading-text\">Nos offres<\/h1><\/div>\n<\/div><\/div>\n\n\n\n<hr class=\"wp-block-separator has-text-color has-ast-global-color-0-color has-alpha-channel-opacity has-ast-global-color-0-background-color has-background\"\/>\n\n\n\n\t\t\t<div class=\"wp-block-uagb-post-carousel uagb-post-grid  uagb-post__image-position-top uagb-post__image-enabled uagb-block-d2c2552f     uagb-post__arrow-outside uagb-slick-carousel uagb-post__items uagb-post__columns-3 is-carousel uagb-post__columns-tablet-2 uagb-post__columns-mobile-1\" data-total=\"2\" style=\"\">\n\n\t\t\t\t\t\t\t\t\t\t\t\t<article class=\"uagb-post__inner-wrap\">\t\t\t\t\t\t\t\t<div class='uagb-post__image'>\n\t\t\t\t\t\t\t\t\t<a href=\"https:\/\/ehpadcentrecreusecombraille.fr\/espace-pro\/2026\/02\/13\/journee-portes-ouvertes-marche-de-producteurs-locaux\/\" target=\"_self\" rel=\"bookmark noopener noreferrer\"><img loading=\"lazy\" decoding=\"async\" width=\"1024\" height=\"1024\" src=\"https:\/\/ehpadcentrecreusecombraille.fr\/espace-pro\/wp-content\/uploads\/sites\/6\/2026\/02\/JPO-2026_EHPAD-B-1024x1024.png\" class=\"attachment-large size-large\" alt=\"\" srcset=\"https:\/\/ehpadcentrecreusecombraille.fr\/espace-pro\/wp-content\/uploads\/sites\/6\/2026\/02\/JPO-2026_EHPAD-B-1024x1024.png 1024w, https:\/\/ehpadcentrecreusecombraille.fr\/espace-pro\/wp-content\/uploads\/sites\/6\/2026\/02\/JPO-2026_EHPAD-B-300x300.png 300w, https:\/\/ehpadcentrecreusecombraille.fr\/espace-pro\/wp-content\/uploads\/sites\/6\/2026\/02\/JPO-2026_EHPAD-B-150x150.png 150w, https:\/\/ehpadcentrecreusecombraille.fr\/espace-pro\/wp-content\/uploads\/sites\/6\/2026\/02\/JPO-2026_EHPAD-B-768x768.png 768w, https:\/\/ehpadcentrecreusecombraille.fr\/espace-pro\/wp-content\/uploads\/sites\/6\/2026\/02\/JPO-2026_EHPAD-B.png 1080w\" sizes=\"auto, (max-width: 1024px) 100vw, 1024px\" \/>\t\t\t\t\t<\/a>\n\t\t\t\t\t\t\t\t\t<\/div>\n\t\t\t\t\t\t<h4 class=\"uagb-post__title uagb-post__text\">\n\t\t\t\t<a href=\"https:\/\/ehpadcentrecreusecombraille.fr\/espace-pro\/2026\/02\/13\/journee-portes-ouvertes-marche-de-producteurs-locaux\/\" target=\"_self\" rel=\"bookmark noopener noreferrer\">Journ\u00e9e portes ouvertes &amp; march\u00e9 de producteurs locaux<\/a>\n\t\t\t<\/h4>\n\t\t\t\t\t\t<div class='uagb-post__text uagb-post-grid-byline'>\n\t\t\t\t\t\t\t\t<time datetime=\"2026-02-13T14:14:47+01:00\" class=\"uagb-post__date\">\n\t\t\t\t<span class=\"dashicons-calendar dashicons\"><\/span>\t\t\t\t\t13 f\u00e9vrier 2026\t\t\t\t<\/time>\n\t\t\t\t\t\t\t<span class=\"uagb-post__comment\">\n\t\t\t\t<span class=\"dashicons-admin-comments dashicons\"><\/span>\t\t\t\t\tAucun commentaire\t\t\t\t<\/span>\n\t\t\t\t\t\t<\/div>\n\t\t\t\t\t\t\t<div class='uagb-post__text uagb-post__excerpt'>\n\t\t\t\t\tJourn\u00e9e portes ouvertes &amp; march\u00e9 de producteurs locaux\t\t\t\t<\/div>\n\t\t\t\t\t\t<div class=\"uagb-post__text uagb-post__cta wp-block-button\">\n\t\t\t\t<a class=\"wp-block-button__link uagb-text-link\" style=\"\" href=\"https:\/\/ehpadcentrecreusecombraille.fr\/espace-pro\/2026\/02\/13\/journee-portes-ouvertes-marche-de-producteurs-locaux\/\" target=\"_self\" rel=\"bookmark noopener noreferrer\">Lire la suite<\/a>\n\t\t\t<\/div>\n\t\t\t\n\t\t\t\t\t\t\t\t\t<\/article>\n\t\t\t\t\t\t\t\t\t\t\t\t\t\t\t\t<article class=\"uagb-post__inner-wrap\">\t\t\t\t\t\t\t\t<div class='uagb-post__image'>\n\t\t\t\t\t\t\t\t\t<a href=\"https:\/\/ehpadcentrecreusecombraille.fr\/espace-pro\/2026\/02\/13\/recrutement-infirmierere-de-nuit-h-f-en-ehpad-h-f-23-ajain\/\" target=\"_self\" rel=\"bookmark noopener noreferrer\"><img loading=\"lazy\" decoding=\"async\" width=\"1024\" height=\"732\" src=\"https:\/\/ehpadcentrecreusecombraille.fr\/espace-pro\/wp-content\/uploads\/sites\/6\/2026\/02\/Couverture-sites-web-1-1024x732.png\" class=\"attachment-large size-large\" alt=\"\" srcset=\"https:\/\/ehpadcentrecreusecombraille.fr\/espace-pro\/wp-content\/uploads\/sites\/6\/2026\/02\/Couverture-sites-web-1-1024x732.png 1024w, https:\/\/ehpadcentrecreusecombraille.fr\/espace-pro\/wp-content\/uploads\/sites\/6\/2026\/02\/Couverture-sites-web-1-300x214.png 300w, https:\/\/ehpadcentrecreusecombraille.fr\/espace-pro\/wp-content\/uploads\/sites\/6\/2026\/02\/Couverture-sites-web-1-768x549.png 768w, https:\/\/ehpadcentrecreusecombraille.fr\/espace-pro\/wp-content\/uploads\/sites\/6\/2026\/02\/Couverture-sites-web-1-1536x1097.png 1536w, https:\/\/ehpadcentrecreusecombraille.fr\/espace-pro\/wp-content\/uploads\/sites\/6\/2026\/02\/Couverture-sites-web-1.png 2000w\" sizes=\"auto, (max-width: 1024px) 100vw, 1024px\" \/>\t\t\t\t\t<\/a>\n\t\t\t\t\t\t\t\t\t<\/div>\n\t\t\t\t\t\t<h4 class=\"uagb-post__title uagb-post__text\">\n\t\t\t\t<a href=\"https:\/\/ehpadcentrecreusecombraille.fr\/espace-pro\/2026\/02\/13\/recrutement-infirmierere-de-nuit-h-f-en-ehpad-h-f-23-ajain\/\" target=\"_self\" rel=\"bookmark noopener noreferrer\">Recrutement Infirmier(\u00e8re) de nuit (H\/F) en EHPAD (H\/F) 23 \u2013 Ajain<\/a>\n\t\t\t<\/h4>\n\t\t\t\t\t\t<div class='uagb-post__text uagb-post-grid-byline'>\n\t\t\t\t\t\t\t\t<time datetime=\"2026-02-13T10:04:36+01:00\" class=\"uagb-post__date\">\n\t\t\t\t<span class=\"dashicons-calendar dashicons\"><\/span>\t\t\t\t\t13 f\u00e9vrier 2026\t\t\t\t<\/time>\n\t\t\t\t\t\t\t<span class=\"uagb-post__comment\">\n\t\t\t\t<span class=\"dashicons-admin-comments dashicons\"><\/span>\t\t\t\t\tAucun commentaire\t\t\t\t<\/span>\n\t\t\t\t\t\t<\/div>\n\t\t\t\t\t\t\t<div class='uagb-post__text uagb-post__excerpt'>\n\t\t\t\t\tRecrutement Infirmier(\u00e8re) de nuit (H\/F) en EHPAD (H\/F) 23 \u2013 Ajain\t\t\t\t<\/div>\n\t\t\t\t\t\t<div class=\"uagb-post__text uagb-post__cta wp-block-button\">\n\t\t\t\t<a class=\"wp-block-button__link uagb-text-link\" style=\"\" href=\"https:\/\/ehpadcentrecreusecombraille.fr\/espace-pro\/2026\/02\/13\/recrutement-infirmierere-de-nuit-h-f-en-ehpad-h-f-23-ajain\/\" target=\"_self\" rel=\"bookmark noopener noreferrer\">Lire la suite<\/a>\n\t\t\t<\/div>\n\t\t\t\n\t\t\t\t\t\t\t\t\t<\/article>\n\t\t\t\t\t\t\t\t\t\t\t\t\t\t\t\t<article class=\"uagb-post__inner-wrap\">\t\t\t\t\t\t\t\t<div class='uagb-post__image'>\n\t\t\t\t\t\t\t\t\t<a href=\"https:\/\/ehpadcentrecreusecombraille.fr\/espace-pro\/2026\/02\/12\/recrutement-infirmier-infirmiere-en-ehpad-h-f-23-boussac\/\" target=\"_self\" rel=\"bookmark noopener noreferrer\"><img loading=\"lazy\" decoding=\"async\" width=\"1024\" height=\"732\" src=\"https:\/\/ehpadcentrecreusecombraille.fr\/espace-pro\/wp-content\/uploads\/sites\/6\/2026\/02\/Couverture-sites-web-2-1024x732.png\" class=\"attachment-large size-large\" alt=\"\" srcset=\"https:\/\/ehpadcentrecreusecombraille.fr\/espace-pro\/wp-content\/uploads\/sites\/6\/2026\/02\/Couverture-sites-web-2-1024x732.png 1024w, https:\/\/ehpadcentrecreusecombraille.fr\/espace-pro\/wp-content\/uploads\/sites\/6\/2026\/02\/Couverture-sites-web-2-300x214.png 300w, https:\/\/ehpadcentrecreusecombraille.fr\/espace-pro\/wp-content\/uploads\/sites\/6\/2026\/02\/Couverture-sites-web-2-768x549.png 768w, https:\/\/ehpadcentrecreusecombraille.fr\/espace-pro\/wp-content\/uploads\/sites\/6\/2026\/02\/Couverture-sites-web-2-1536x1097.png 1536w, https:\/\/ehpadcentrecreusecombraille.fr\/espace-pro\/wp-content\/uploads\/sites\/6\/2026\/02\/Couverture-sites-web-2.png 2000w\" sizes=\"auto, (max-width: 1024px) 100vw, 1024px\" \/>\t\t\t\t\t<\/a>\n\t\t\t\t\t\t\t\t\t<\/div>\n\t\t\t\t\t\t<h4 class=\"uagb-post__title uagb-post__text\">\n\t\t\t\t<a href=\"https:\/\/ehpadcentrecreusecombraille.fr\/espace-pro\/2026\/02\/12\/recrutement-infirmier-infirmiere-en-ehpad-h-f-23-boussac\/\" target=\"_self\" rel=\"bookmark noopener noreferrer\">Recrutement Infirmier \/ Infirmi\u00e8re en EHPAD (H\/F) 23 \u2013 BOUSSAC<\/a>\n\t\t\t<\/h4>\n\t\t\t\t\t\t<div class='uagb-post__text uagb-post-grid-byline'>\n\t\t\t\t\t\t\t\t<time datetime=\"2026-02-12T13:05:00+01:00\" class=\"uagb-post__date\">\n\t\t\t\t<span class=\"dashicons-calendar dashicons\"><\/span>\t\t\t\t\t12 f\u00e9vrier 2026\t\t\t\t<\/time>\n\t\t\t\t\t\t\t<span class=\"uagb-post__comment\">\n\t\t\t\t<span class=\"dashicons-admin-comments dashicons\"><\/span>\t\t\t\t\tAucun commentaire\t\t\t\t<\/span>\n\t\t\t\t\t\t<\/div>\n\t\t\t\t\t\t\t<div class='uagb-post__text uagb-post__excerpt'>\n\t\t\t\t\tRecrutement Infirmier \/ Infirmi\u00e8re en EHPAD (H\/F) 23 \u2013 BOUSSAC\t\t\t\t<\/div>\n\t\t\t\t\t\t<div class=\"uagb-post__text uagb-post__cta wp-block-button\">\n\t\t\t\t<a class=\"wp-block-button__link uagb-text-link\" style=\"\" href=\"https:\/\/ehpadcentrecreusecombraille.fr\/espace-pro\/2026\/02\/12\/recrutement-infirmier-infirmiere-en-ehpad-h-f-23-boussac\/\" target=\"_self\" rel=\"bookmark noopener noreferrer\">Lire la suite<\/a>\n\t\t\t<\/div>\n\t\t\t\n\t\t\t\t\t\t\t\t\t<\/article>\n\t\t\t\t\t\t\t\t\t\t\t\t\t\t\t\t<article class=\"uagb-post__inner-wrap\">\t\t\t\t\t\t\t\t<div class='uagb-post__image'>\n\t\t\t\t\t\t\t\t\t<a href=\"https:\/\/ehpadcentrecreusecombraille.fr\/espace-pro\/2026\/01\/29\/mise-en-place-de-loutil-hublo-a-lehpad-eugene-romaine\/\" target=\"_self\" rel=\"bookmark noopener noreferrer\"><img loading=\"lazy\" decoding=\"async\" width=\"1024\" height=\"732\" src=\"https:\/\/ehpadcentrecreusecombraille.fr\/espace-pro\/wp-content\/uploads\/sites\/6\/2026\/01\/Couverture-sites-web-1024x732.png\" class=\"attachment-large size-large\" alt=\"\" srcset=\"https:\/\/ehpadcentrecreusecombraille.fr\/espace-pro\/wp-content\/uploads\/sites\/6\/2026\/01\/Couverture-sites-web-1024x732.png 1024w, https:\/\/ehpadcentrecreusecombraille.fr\/espace-pro\/wp-content\/uploads\/sites\/6\/2026\/01\/Couverture-sites-web-300x214.png 300w, https:\/\/ehpadcentrecreusecombraille.fr\/espace-pro\/wp-content\/uploads\/sites\/6\/2026\/01\/Couverture-sites-web-768x549.png 768w, https:\/\/ehpadcentrecreusecombraille.fr\/espace-pro\/wp-content\/uploads\/sites\/6\/2026\/01\/Couverture-sites-web-1536x1097.png 1536w, https:\/\/ehpadcentrecreusecombraille.fr\/espace-pro\/wp-content\/uploads\/sites\/6\/2026\/01\/Couverture-sites-web.png 2000w\" sizes=\"auto, (max-width: 1024px) 100vw, 1024px\" \/>\t\t\t\t\t<\/a>\n\t\t\t\t\t\t\t\t\t<\/div>\n\t\t\t\t\t\t<h4 class=\"uagb-post__title uagb-post__text\">\n\t\t\t\t<a href=\"https:\/\/ehpadcentrecreusecombraille.fr\/espace-pro\/2026\/01\/29\/mise-en-place-de-loutil-hublo-a-lehpad-eugene-romaine\/\" target=\"_self\" rel=\"bookmark noopener noreferrer\">Mise en place de l\u2019outil Hublo \u00e0 l\u2019EHPAD Eug\u00e8ne Romaine<\/a>\n\t\t\t<\/h4>\n\t\t\t\t\t\t<div class='uagb-post__text uagb-post-grid-byline'>\n\t\t\t\t\t\t\t\t<time datetime=\"2026-01-29T15:33:45+01:00\" class=\"uagb-post__date\">\n\t\t\t\t<span class=\"dashicons-calendar dashicons\"><\/span>\t\t\t\t\t29 janvier 2026\t\t\t\t<\/time>\n\t\t\t\t\t\t\t<span class=\"uagb-post__comment\">\n\t\t\t\t<span class=\"dashicons-admin-comments dashicons\"><\/span>\t\t\t\t\tAucun commentaire\t\t\t\t<\/span>\n\t\t\t\t\t\t<\/div>\n\t\t\t\t\t\t\t<div class='uagb-post__text uagb-post__excerpt'>\n\t\t\t\t\t<p>Pour faciliter les \u00e9changes avec les cadres de l\u2019\u00e9tablissement lors de besoins en remplacements, nous&#8230;\t\t\t\t<\/div>\n\t\t\t\t\t\t<div class=\"uagb-post__text uagb-post__cta wp-block-button\">\n\t\t\t\t<a class=\"wp-block-button__link uagb-text-link\" style=\"\" href=\"https:\/\/ehpadcentrecreusecombraille.fr\/espace-pro\/2026\/01\/29\/mise-en-place-de-loutil-hublo-a-lehpad-eugene-romaine\/\" target=\"_self\" rel=\"bookmark noopener noreferrer\">Lire la suite<\/a>\n\t\t\t<\/div>\n\t\t\t\n\t\t\t\t\t\t\t\t\t<\/article>\n\t\t\t\t\t\t\t\t\t\t\t\t\t\t\t\t<article class=\"uagb-post__inner-wrap\">\t\t\t\t\t\t\t\t<div class='uagb-post__image'>\n\t\t\t\t\t\t\t\t\t<a href=\"https:\/\/ehpadcentrecreusecombraille.fr\/espace-pro\/2025\/12\/31\/bonne-et-heureuse-annee-2026\/\" target=\"_self\" rel=\"bookmark noopener noreferrer\"><img loading=\"lazy\" decoding=\"async\" width=\"1024\" height=\"732\" src=\"https:\/\/ehpadcentrecreusecombraille.fr\/espace-pro\/wp-content\/uploads\/sites\/6\/2025\/12\/Couverture-sites-web-1024x732.png\" class=\"attachment-large size-large\" alt=\"\" srcset=\"https:\/\/ehpadcentrecreusecombraille.fr\/espace-pro\/wp-content\/uploads\/sites\/6\/2025\/12\/Couverture-sites-web-1024x732.png 1024w, https:\/\/ehpadcentrecreusecombraille.fr\/espace-pro\/wp-content\/uploads\/sites\/6\/2025\/12\/Couverture-sites-web-300x214.png 300w, https:\/\/ehpadcentrecreusecombraille.fr\/espace-pro\/wp-content\/uploads\/sites\/6\/2025\/12\/Couverture-sites-web-768x549.png 768w, https:\/\/ehpadcentrecreusecombraille.fr\/espace-pro\/wp-content\/uploads\/sites\/6\/2025\/12\/Couverture-sites-web-1536x1097.png 1536w, https:\/\/ehpadcentrecreusecombraille.fr\/espace-pro\/wp-content\/uploads\/sites\/6\/2025\/12\/Couverture-sites-web.png 2000w\" sizes=\"auto, (max-width: 1024px) 100vw, 1024px\" \/>\t\t\t\t\t<\/a>\n\t\t\t\t\t\t\t\t\t<\/div>\n\t\t\t\t\t\t<h4 class=\"uagb-post__title uagb-post__text\">\n\t\t\t\t<a href=\"https:\/\/ehpadcentrecreusecombraille.fr\/espace-pro\/2025\/12\/31\/bonne-et-heureuse-annee-2026\/\" target=\"_self\" rel=\"bookmark noopener noreferrer\">Bonne et heureuse ann\u00e9e 2026<\/a>\n\t\t\t<\/h4>\n\t\t\t\t\t\t<div class='uagb-post__text uagb-post-grid-byline'>\n\t\t\t\t\t\t\t\t<time datetime=\"2025-12-31T17:00:35+01:00\" class=\"uagb-post__date\">\n\t\t\t\t<span class=\"dashicons-calendar dashicons\"><\/span>\t\t\t\t\t31 d\u00e9cembre 2025\t\t\t\t<\/time>\n\t\t\t\t\t\t\t<span class=\"uagb-post__comment\">\n\t\t\t\t<span class=\"dashicons-admin-comments dashicons\"><\/span>\t\t\t\t\tAucun commentaire\t\t\t\t<\/span>\n\t\t\t\t\t\t<\/div>\n\t\t\t\t\t\t\t<div class='uagb-post__text uagb-post__excerpt'>\n\t\t\t\t\t<p>La direction et toute l&rsquo;\u00e9quipe de la direction commune des EHPAD d&rsquo;Ajain, de Boussac et&#8230;\t\t\t\t<\/div>\n\t\t\t\t\t\t<div class=\"uagb-post__text uagb-post__cta wp-block-button\">\n\t\t\t\t<a class=\"wp-block-button__link uagb-text-link\" style=\"\" href=\"https:\/\/ehpadcentrecreusecombraille.fr\/espace-pro\/2025\/12\/31\/bonne-et-heureuse-annee-2026\/\" target=\"_self\" rel=\"bookmark noopener noreferrer\">Lire la suite<\/a>\n\t\t\t<\/div>\n\t\t\t\n\t\t\t\t\t\t\t\t\t<\/article>\n\t\t\t\t\t\t\t\t\t\t\t\t\t\t\t\t<article class=\"uagb-post__inner-wrap\">\t\t\t\t\t\t\t\t<div class='uagb-post__image'>\n\t\t\t\t\t\t\t\t\t<a href=\"https:\/\/ehpadcentrecreusecombraille.fr\/espace-pro\/2025\/10\/02\/calcul-de-lindex-de-legalite-professionnelle-annee-2024\/\" target=\"_self\" rel=\"bookmark noopener noreferrer\"><img loading=\"lazy\" decoding=\"async\" width=\"1024\" height=\"731\" src=\"https:\/\/ehpadcentrecreusecombraille.fr\/espace-pro\/wp-content\/uploads\/sites\/6\/2025\/10\/Couverture-sites-web1-1024x731.png\" class=\"attachment-large size-large\" alt=\"\" srcset=\"https:\/\/ehpadcentrecreusecombraille.fr\/espace-pro\/wp-content\/uploads\/sites\/6\/2025\/10\/Couverture-sites-web1-1024x731.png 1024w, https:\/\/ehpadcentrecreusecombraille.fr\/espace-pro\/wp-content\/uploads\/sites\/6\/2025\/10\/Couverture-sites-web1-300x214.png 300w, https:\/\/ehpadcentrecreusecombraille.fr\/espace-pro\/wp-content\/uploads\/sites\/6\/2025\/10\/Couverture-sites-web1-768x548.png 768w, https:\/\/ehpadcentrecreusecombraille.fr\/espace-pro\/wp-content\/uploads\/sites\/6\/2025\/10\/Couverture-sites-web1-1536x1097.png 1536w, https:\/\/ehpadcentrecreusecombraille.fr\/espace-pro\/wp-content\/uploads\/sites\/6\/2025\/10\/Couverture-sites-web1.png 2000w\" sizes=\"auto, (max-width: 1024px) 100vw, 1024px\" \/>\t\t\t\t\t<\/a>\n\t\t\t\t\t\t\t\t\t<\/div>\n\t\t\t\t\t\t<h4 class=\"uagb-post__title uagb-post__text\">\n\t\t\t\t<a href=\"https:\/\/ehpadcentrecreusecombraille.fr\/espace-pro\/2025\/10\/02\/calcul-de-lindex-de-legalite-professionnelle-annee-2024\/\" target=\"_self\" rel=\"bookmark noopener noreferrer\">Calcul de l\u2019index de l\u2019\u00e9galit\u00e9 professionnelle \u2013 Ann\u00e9e 2024<\/a>\n\t\t\t<\/h4>\n\t\t\t\t\t\t<div class='uagb-post__text uagb-post-grid-byline'>\n\t\t\t\t\t\t\t\t<time datetime=\"2025-10-02T13:56:31+02:00\" class=\"uagb-post__date\">\n\t\t\t\t<span class=\"dashicons-calendar dashicons\"><\/span>\t\t\t\t\t2 octobre 2025\t\t\t\t<\/time>\n\t\t\t\t\t\t\t<span class=\"uagb-post__comment\">\n\t\t\t\t<span class=\"dashicons-admin-comments dashicons\"><\/span>\t\t\t\t\tAucun commentaire\t\t\t\t<\/span>\n\t\t\t\t\t\t<\/div>\n\t\t\t\t\t\t\t<div class='uagb-post__text uagb-post__excerpt'>\n\t\t\t\t\t<p>Dans le cadre de l\u2019enqu\u00eate men\u00e9e par l\u2019ARS sur l\u2019index de l\u2019\u00e9galit\u00e9 professionnelle dans la&#8230;\t\t\t\t<\/div>\n\t\t\t\t\t\t<div class=\"uagb-post__text uagb-post__cta wp-block-button\">\n\t\t\t\t<a class=\"wp-block-button__link uagb-text-link\" style=\"\" href=\"https:\/\/ehpadcentrecreusecombraille.fr\/espace-pro\/2025\/10\/02\/calcul-de-lindex-de-legalite-professionnelle-annee-2024\/\" target=\"_self\" rel=\"bookmark noopener noreferrer\">Lire la suite<\/a>\n\t\t\t<\/div>\n\t\t\t\n\t\t\t\t\t\t\t\t\t<\/article>\n\t\t\t\t\t\t\t\t\t\t\t<\/div>\n\t\t\t\n\n\n<hr class=\"wp-block-separator has-text-color has-ast-global-color-0-color has-alpha-channel-opacity has-ast-global-color-0-background-color has-background\"\/>\n\n\n\n<div class=\"wp-block-columns has-ast-global-color-1-background-color has-background is-layout-flex wp-container-core-columns-is-layout-28f84493 wp-block-columns-is-layout-flex\">\n<div class=\"wp-block-column is-layout-flow wp-block-column-is-layout-flow\">\n<div class=\"wp-block-uagb-advanced-heading uagb-block-583af6a4\"><h2 class=\"uagb-heading-text\">CANDIDATURES SPONTAN\u00c9ES<\/h2><\/div>\n\n\n\n<p class=\"has-text-align-center has-ast-global-color-2-color has-text-color has-link-color wp-elements-49150ebe2d00626d1e9da436136f067f\">Vous \u00eates passionn\u00e9(e) par notre secteur d&rsquo;activit\u00e9 et souhaitez rejoindre notre \u00e9quipe ? Nous sommes toujours \u00e0 la recherche de talents. Comment soumettre votre candidature de mani\u00e8re spontan\u00e9e ? C&rsquo;est simple !<\/p>\n<\/div>\n<\/div>\n\n\n\n<div class=\"wp-block-cover alignfull is-light\"><span aria-hidden=\"true\" class=\"wp-block-cover__background has-background-dim-100 has-background-dim\" style=\"background-color:#ffffff\"><\/span><div class=\"wp-block-cover__inner-container is-layout-flow wp-block-cover-is-layout-flow\">\n<div class=\"wp-block-media-text alignwide is-stacked-on-mobile is-vertically-aligned-center is-image-fill-element\" style=\"grid-template-columns:42% auto\"><figure class=\"wp-block-media-text__media\"><img loading=\"lazy\" decoding=\"async\" width=\"1024\" height=\"683\" src=\"https:\/\/ehpadcentrecreusecombraille.fr\/espace-pro\/wp-content\/uploads\/sites\/6\/2024\/03\/DSC_5284-1024x683.jpg\" alt=\"\" class=\"wp-image-2322 size-full\" style=\"object-position:5% 31%\" srcset=\"https:\/\/ehpadcentrecreusecombraille.fr\/espace-pro\/wp-content\/uploads\/sites\/6\/2024\/03\/DSC_5284-1024x683.jpg 1024w, https:\/\/ehpadcentrecreusecombraille.fr\/espace-pro\/wp-content\/uploads\/sites\/6\/2024\/03\/DSC_5284-300x200.jpg 300w, https:\/\/ehpadcentrecreusecombraille.fr\/espace-pro\/wp-content\/uploads\/sites\/6\/2024\/03\/DSC_5284-768x512.jpg 768w, https:\/\/ehpadcentrecreusecombraille.fr\/espace-pro\/wp-content\/uploads\/sites\/6\/2024\/03\/DSC_5284-1536x1024.jpg 1536w, https:\/\/ehpadcentrecreusecombraille.fr\/espace-pro\/wp-content\/uploads\/sites\/6\/2024\/03\/DSC_5284-2048x1365.jpg 2048w\" sizes=\"auto, (max-width: 1024px) 100vw, 1024px\" \/><\/figure><div class=\"wp-block-media-text__content\">\n<p class=\"has-ast-global-color-2-color has-text-color has-link-color wp-elements-3590322d936304bd626cb6e0ab202b6b\"><strong>1. Pr\u00e9parer votre candidature :<\/strong> avant de d\u00e9poser votre candidature, assurez-vous d&rsquo;avoir tous les \u00e9l\u00e9ments n\u00e9cessaires. Pr\u00e9parez votre CV, mettez en avant vos exp\u00e9riences, vos comp\u00e9tences, et vos qualifications. R\u00e9digez \u00e9galement une lettre de motivation expliquant votre int\u00e9r\u00eat pour le secteur de la sant\u00e9 et votre motivation \u00e0 rejoindre notre \u00e9quipe. <\/p>\n\n\n\n<p class=\"has-ast-global-color-2-color has-text-color has-link-color wp-elements-29d9b563b3166c2d93fcce768821e17a\"><strong>2. D\u00e9posez votre candidature : <\/strong>transmettez nous votre candidature (CV et votre lettre de motivation, sans oublier de pr\u00e9ciser la poste pour lequel vous postulez), par mail ou par voie postale. <\/p>\n\n\n\n<p class=\"has-ast-global-color-2-color has-text-color has-link-color wp-elements-8f1c07c7d64a8b9f531c656915f3c773\"><strong>3. Restez connect\u00e9(e) :<\/strong> apr\u00e8s avoir soumis votre candidature, gardez un \u0153il sur votre bo\u00eete e-mail. Nous vous tiendrons inform\u00e9(e) du statut de votre candidature et vous contacterons si votre profil correspond \u00e0 nos besoins actuels.<\/p>\n<\/div><\/div>\n<\/div><\/div>\n\n\n\n<hr class=\"wp-block-separator has-text-color has-ast-global-color-0-color has-alpha-channel-opacity has-ast-global-color-0-background-color has-background\"\/>\n\n\n\n<div class=\"wp-block-columns has-ast-global-color-5-background-color has-background is-layout-flex wp-container-core-columns-is-layout-28f84493 wp-block-columns-is-layout-flex\">\n<div class=\"wp-block-column is-layout-flow wp-block-column-is-layout-flow\">\n<figure class=\"wp-block-gallery has-nested-images columns-default is-cropped wp-block-gallery-1 is-layout-flex wp-block-gallery-is-layout-flex\">\n<figure class=\"wp-block-image size-large\"><img loading=\"lazy\" decoding=\"async\" width=\"2448\" height=\"2448\" data-id=\"2693\" src=\"https:\/\/ehpadcentrecreusecombraille.fr\/espace-pro\/wp-content\/uploads\/sites\/6\/2025\/09\/IMG_20241219_090724905_HDR-edited-1.jpg\" alt=\"\" class=\"wp-image-2693\" srcset=\"https:\/\/ehpadcentrecreusecombraille.fr\/espace-pro\/wp-content\/uploads\/sites\/6\/2025\/09\/IMG_20241219_090724905_HDR-edited-1.jpg 2448w, https:\/\/ehpadcentrecreusecombraille.fr\/espace-pro\/wp-content\/uploads\/sites\/6\/2025\/09\/IMG_20241219_090724905_HDR-edited-1-300x300.jpg 300w, https:\/\/ehpadcentrecreusecombraille.fr\/espace-pro\/wp-content\/uploads\/sites\/6\/2025\/09\/IMG_20241219_090724905_HDR-edited-1-1024x1024.jpg 1024w, https:\/\/ehpadcentrecreusecombraille.fr\/espace-pro\/wp-content\/uploads\/sites\/6\/2025\/09\/IMG_20241219_090724905_HDR-edited-1-150x150.jpg 150w, https:\/\/ehpadcentrecreusecombraille.fr\/espace-pro\/wp-content\/uploads\/sites\/6\/2025\/09\/IMG_20241219_090724905_HDR-edited-1-768x768.jpg 768w, https:\/\/ehpadcentrecreusecombraille.fr\/espace-pro\/wp-content\/uploads\/sites\/6\/2025\/09\/IMG_20241219_090724905_HDR-edited-1-1536x1536.jpg 1536w, https:\/\/ehpadcentrecreusecombraille.fr\/espace-pro\/wp-content\/uploads\/sites\/6\/2025\/09\/IMG_20241219_090724905_HDR-edited-1-2048x2048.jpg 2048w\" sizes=\"auto, (max-width: 2448px) 100vw, 2448px\" \/><\/figure>\n\n\n\n<figure class=\"wp-block-image size-large\"><img loading=\"lazy\" decoding=\"async\" width=\"1024\" height=\"683\" data-id=\"2534\" src=\"https:\/\/ehpadcentrecreusecombraille.fr\/espace-pro\/wp-content\/uploads\/sites\/6\/2024\/05\/DSC_6147-1024x683.jpg\" alt=\"\" class=\"wp-image-2534\" srcset=\"https:\/\/ehpadcentrecreusecombraille.fr\/espace-pro\/wp-content\/uploads\/sites\/6\/2024\/05\/DSC_6147-1024x683.jpg 1024w, https:\/\/ehpadcentrecreusecombraille.fr\/espace-pro\/wp-content\/uploads\/sites\/6\/2024\/05\/DSC_6147-300x200.jpg 300w, https:\/\/ehpadcentrecreusecombraille.fr\/espace-pro\/wp-content\/uploads\/sites\/6\/2024\/05\/DSC_6147-768x512.jpg 768w, https:\/\/ehpadcentrecreusecombraille.fr\/espace-pro\/wp-content\/uploads\/sites\/6\/2024\/05\/DSC_6147-1536x1024.jpg 1536w, https:\/\/ehpadcentrecreusecombraille.fr\/espace-pro\/wp-content\/uploads\/sites\/6\/2024\/05\/DSC_6147-2048x1365.jpg 2048w\" sizes=\"auto, (max-width: 1024px) 100vw, 1024px\" \/><\/figure>\n\n\n\n<figure class=\"wp-block-image size-large\"><img loading=\"lazy\" decoding=\"async\" width=\"1024\" height=\"683\" data-id=\"2481\" src=\"https:\/\/ehpadcentrecreusecombraille.fr\/espace-pro\/wp-content\/uploads\/sites\/6\/2024\/03\/DSC_5451-2-1024x683.jpg\" alt=\"\" class=\"wp-image-2481\" srcset=\"https:\/\/ehpadcentrecreusecombraille.fr\/espace-pro\/wp-content\/uploads\/sites\/6\/2024\/03\/DSC_5451-2-1024x683.jpg 1024w, https:\/\/ehpadcentrecreusecombraille.fr\/espace-pro\/wp-content\/uploads\/sites\/6\/2024\/03\/DSC_5451-2-300x200.jpg 300w, https:\/\/ehpadcentrecreusecombraille.fr\/espace-pro\/wp-content\/uploads\/sites\/6\/2024\/03\/DSC_5451-2-768x512.jpg 768w, https:\/\/ehpadcentrecreusecombraille.fr\/espace-pro\/wp-content\/uploads\/sites\/6\/2024\/03\/DSC_5451-2-1536x1024.jpg 1536w, https:\/\/ehpadcentrecreusecombraille.fr\/espace-pro\/wp-content\/uploads\/sites\/6\/2024\/03\/DSC_5451-2-2048x1365.jpg 2048w\" sizes=\"auto, (max-width: 1024px) 100vw, 1024px\" \/><\/figure>\n\n\n\n<figure class=\"wp-block-image size-large\"><img loading=\"lazy\" decoding=\"async\" width=\"1024\" height=\"683\" data-id=\"2532\" src=\"https:\/\/ehpadcentrecreusecombraille.fr\/espace-pro\/wp-content\/uploads\/sites\/6\/2024\/05\/DSC_6164-1-1024x683.jpg\" alt=\"\" class=\"wp-image-2532\" srcset=\"https:\/\/ehpadcentrecreusecombraille.fr\/espace-pro\/wp-content\/uploads\/sites\/6\/2024\/05\/DSC_6164-1-1024x683.jpg 1024w, https:\/\/ehpadcentrecreusecombraille.fr\/espace-pro\/wp-content\/uploads\/sites\/6\/2024\/05\/DSC_6164-1-300x200.jpg 300w, https:\/\/ehpadcentrecreusecombraille.fr\/espace-pro\/wp-content\/uploads\/sites\/6\/2024\/05\/DSC_6164-1-768x512.jpg 768w, https:\/\/ehpadcentrecreusecombraille.fr\/espace-pro\/wp-content\/uploads\/sites\/6\/2024\/05\/DSC_6164-1-1536x1024.jpg 1536w, https:\/\/ehpadcentrecreusecombraille.fr\/espace-pro\/wp-content\/uploads\/sites\/6\/2024\/05\/DSC_6164-1-2048x1365.jpg 2048w\" sizes=\"auto, (max-width: 1024px) 100vw, 1024px\" \/><\/figure>\n\n\n\n<figure class=\"wp-block-image size-large\"><img loading=\"lazy\" decoding=\"async\" width=\"1024\" height=\"683\" data-id=\"2533\" src=\"https:\/\/ehpadcentrecreusecombraille.fr\/espace-pro\/wp-content\/uploads\/sites\/6\/2024\/05\/DSC_6145-1024x683.jpg\" alt=\"\" class=\"wp-image-2533\" srcset=\"https:\/\/ehpadcentrecreusecombraille.fr\/espace-pro\/wp-content\/uploads\/sites\/6\/2024\/05\/DSC_6145-1024x683.jpg 1024w, https:\/\/ehpadcentrecreusecombraille.fr\/espace-pro\/wp-content\/uploads\/sites\/6\/2024\/05\/DSC_6145-300x200.jpg 300w, https:\/\/ehpadcentrecreusecombraille.fr\/espace-pro\/wp-content\/uploads\/sites\/6\/2024\/05\/DSC_6145-768x512.jpg 768w, https:\/\/ehpadcentrecreusecombraille.fr\/espace-pro\/wp-content\/uploads\/sites\/6\/2024\/05\/DSC_6145-1536x1024.jpg 1536w, https:\/\/ehpadcentrecreusecombraille.fr\/espace-pro\/wp-content\/uploads\/sites\/6\/2024\/05\/DSC_6145-2048x1365.jpg 2048w\" sizes=\"auto, (max-width: 1024px) 100vw, 1024px\" \/><\/figure>\n\n\n\n<figure class=\"wp-block-image size-large\"><img loading=\"lazy\" decoding=\"async\" width=\"1024\" height=\"683\" data-id=\"2471\" src=\"https:\/\/ehpadcentrecreusecombraille.fr\/espace-pro\/wp-content\/uploads\/sites\/6\/2024\/03\/DSC_5411-1024x683.jpg\" alt=\"\" class=\"wp-image-2471\" srcset=\"https:\/\/ehpadcentrecreusecombraille.fr\/espace-pro\/wp-content\/uploads\/sites\/6\/2024\/03\/DSC_5411-1024x683.jpg 1024w, https:\/\/ehpadcentrecreusecombraille.fr\/espace-pro\/wp-content\/uploads\/sites\/6\/2024\/03\/DSC_5411-300x200.jpg 300w, https:\/\/ehpadcentrecreusecombraille.fr\/espace-pro\/wp-content\/uploads\/sites\/6\/2024\/03\/DSC_5411-768x512.jpg 768w, https:\/\/ehpadcentrecreusecombraille.fr\/espace-pro\/wp-content\/uploads\/sites\/6\/2024\/03\/DSC_5411-1536x1024.jpg 1536w, https:\/\/ehpadcentrecreusecombraille.fr\/espace-pro\/wp-content\/uploads\/sites\/6\/2024\/03\/DSC_5411-2048x1365.jpg 2048w\" sizes=\"auto, (max-width: 1024px) 100vw, 1024px\" \/><\/figure>\n<\/figure>\n<\/div>\n<\/div>\n","protected":false},"excerpt":{"rendered":"<p>Nos offres CANDIDATURES SPONTAN\u00c9ES Vous \u00eates passionn\u00e9(e) par notre secteur d&rsquo;activit\u00e9 et souhaitez rejoindre notre \u00e9quipe ? Nous sommes toujours [&hellip;]<\/p>\n","protected":false},"author":2,"featured_media":0,"parent":0,"menu_order":0,"comment_status":"closed","ping_status":"closed","template":"","meta":{"_uag_custom_page_level_css":"","site-sidebar-layout":"no-sidebar","site-content-layout":"page-builder","ast-site-content-layout":"full-width-container","site-content-style":"unboxed","site-sidebar-style":"unboxed","ast-global-header-display":"","ast-banner-title-visibility":"","ast-main-header-display":"","ast-hfb-above-header-display":"","ast-hfb-below-header-display":"","ast-hfb-mobile-header-display":"","site-post-title":"disabled","ast-breadcrumbs-content":"","ast-featured-img":"disabled","footer-sml-layout":"","ast-disable-related-posts":"","theme-transparent-header-meta":"enabled","adv-header-id-meta":"","stick-header-meta":"","header-above-stick-meta":"","header-main-stick-meta":"","header-below-stick-meta":"","astra-migrate-meta-layouts":"set","ast-page-background-enabled":"default","ast-page-background-meta":{"desktop":{"background-color":"var(--ast-global-color-4)","background-image":"","background-repeat":"repeat","background-position":"center center","background-size":"auto","background-attachment":"scroll","background-type":"","background-media":"","overlay-type":"","overlay-color":"","overlay-opacity":"","overlay-gradient":""},"tablet":{"background-color":"","background-image":"","background-repeat":"repeat","background-position":"center center","background-size":"auto","background-attachment":"scroll","background-type":"","background-media":"","overlay-type":"","overlay-color":"","overlay-opacity":"","overlay-gradient":""},"mobile":{"background-color":"","background-image":"","background-repeat":"repeat","background-position":"center center","background-size":"auto","background-attachment":"scroll","background-type":"","background-media":"","overlay-type":"","overlay-color":"","overlay-opacity":"","overlay-gradient":""}},"ast-content-background-meta":{"desktop":{"background-color":"var(--ast-global-color-5)","background-image":"","background-repeat":"repeat","background-position":"center center","background-size":"auto","background-attachment":"scroll","background-type":"","background-media":"","overlay-type":"","overlay-color":"","overlay-opacity":"","overlay-gradient":""},"tablet":{"background-color":"var(--ast-global-color-5)","background-image":"","background-repeat":"repeat","background-position":"center center","background-size":"auto","background-attachment":"scroll","background-type":"","background-media":"","overlay-type":"","overlay-color":"","overlay-opacity":"","overlay-gradient":""},"mobile":{"background-color":"var(--ast-global-color-5)","background-image":"","background-repeat":"repeat","background-position":"center center","background-size":"auto","background-attachment":"scroll","background-type":"","background-media":"","overlay-type":"","overlay-color":"","overlay-opacity":"","overlay-gradient":""}},"footnotes":""},"class_list":["post-1944","page","type-page","status-publish","hentry"],"uagb_featured_image_src":{"full":false,"thumbnail":false,"medium":false,"medium_large":false,"large":false,"1536x1536":false,"2048x2048":false},"uagb_author_info":{"display_name":"azoure","author_link":"https:\/\/ehpadcentrecreusecombraille.fr\/espace-pro\/author\/azoure\/"},"uagb_comment_info":0,"uagb_excerpt":"Nos offres CANDIDATURES SPONTAN\u00c9ES Vous \u00eates passionn\u00e9(e) par notre secteur d&rsquo;activit\u00e9 et souhaitez rejoindre notre \u00e9quipe ? Nous sommes toujours [&hellip;]","_links":{"self":[{"href":"https:\/\/ehpadcentrecreusecombraille.fr\/espace-pro\/wp-json\/wp\/v2\/pages\/1944","targetHints":{"allow":["GET"]}}],"collection":[{"href":"https:\/\/ehpadcentrecreusecombraille.fr\/espace-pro\/wp-json\/wp\/v2\/pages"}],"about":[{"href":"https:\/\/ehpadcentrecreusecombraille.fr\/espace-pro\/wp-json\/wp\/v2\/types\/page"}],"author":[{"embeddable":true,"href":"https:\/\/ehpadcentrecreusecombraille.fr\/espace-pro\/wp-json\/wp\/v2\/users\/2"}],"replies":[{"embeddable":true,"href":"https:\/\/ehpadcentrecreusecombraille.fr\/espace-pro\/wp-json\/wp\/v2\/comments?post=1944"}],"version-history":[{"count":6,"href":"https:\/\/ehpadcentrecreusecombraille.fr\/espace-pro\/wp-json\/wp\/v2\/pages\/1944\/revisions"}],"predecessor-version":[{"id":2696,"href":"https:\/\/ehpadcentrecreusecombraille.fr\/espace-pro\/wp-json\/wp\/v2\/pages\/1944\/revisions\/2696"}],"wp:attachment":[{"href":"https:\/\/ehpadcentrecreusecombraille.fr\/espace-pro\/wp-json\/wp\/v2\/media?parent=1944"}],"curies":[{"name":"wp","href":"https:\/\/api.w.org\/{rel}","templated":true}]}}