{"id":3637,"date":"2024-06-07T15:02:14","date_gmt":"2024-06-07T13:02:14","guid":{"rendered":"https:\/\/ehpadcentrecreusecombraille.fr\/ehpad-les-signolles\/?page_id=3637"},"modified":"2025-09-23T12:04:58","modified_gmt":"2025-09-23T10:04:58","slug":"presentation-du-comite-dethique","status":"publish","type":"page","link":"https:\/\/ehpadcentrecreusecombraille.fr\/ehpad-les-signolles\/presentation-du-comite-dethique\/","title":{"rendered":"Pr\u00e9sentation du Comit\u00e9 d&rsquo;\u00e9thique"},"content":{"rendered":"\n<div class=\"wp-block-uagb-container uagb-block-3ad17e27 alignfull uagb-is-root-container\"><div class=\"uagb-container-inner-blocks-wrap\">\n<div style=\"height:50px\" aria-hidden=\"true\" class=\"wp-block-spacer\"><\/div>\n\n\n\n<div class=\"wp-block-uagb-advanced-heading uagb-block-8a1eebc0\"><h1 class=\"uagb-heading-text\">\u00ab\u00a0L&rsquo;\u00e9thique en EHPAD&#8230;mais pas que !\u00a0\u00bb<\/h1><\/div>\n<\/div><\/div>\n\n\n\n<div class=\"wp-block-group has-ast-global-color-1-background-color has-background is-layout-constrained wp-block-group-is-layout-constrained\">\n<div class=\"wp-block-columns has-ast-global-color-4-color has-ast-global-color-1-background-color has-text-color has-background has-link-color wp-elements-4e219ded69d78e1d00b35929f4bfe62d is-layout-flex wp-container-core-columns-is-layout-28f84493 wp-block-columns-is-layout-flex\">\n<div class=\"wp-block-column is-layout-flow wp-block-column-is-layout-flow\">\n<div class=\"wp-block-uagb-advanced-heading uagb-block-2807deaf\"><h2 class=\"uagb-heading-text\">POURQUOI UN COMIT\u00c9 D&rsquo;\u00c9THIQUE ?<\/h2><\/div>\n\n\n\n<p class=\"has-text-align-center has-ast-global-color-4-color has-text-color has-link-color wp-elements-2e1464c64faab2d92de2bccd46ff2625\">Le Comit\u00e9 d&rsquo;\u00e9thique a \u00e9t\u00e9 cr\u00e9\u00e9 en 2023, pour favoriser un regard pluriprofessionnel sur des situations et apporter une r\u00e9flexion \u00e9thique. Il v\u00e9hicule une culture de r\u00e9flexivit\u00e9 au sein des \u00e9tablissements membres. <\/p>\n<\/div>\n<\/div>\n<\/div>\n\n\n\n<div class=\"wp-block-columns alignwide is-layout-flex wp-container-core-columns-is-layout-d2da2050 wp-block-columns-is-layout-flex\" style=\"margin-bottom:0\">\n<div class=\"wp-block-column has-ast-global-color-0-background-color has-text-color has-background has-link-color wp-elements-453063c46a9c041be27298ba9190609c is-layout-flow wp-block-column-is-layout-flow\" style=\"color:#000000;padding-top:2em;padding-right:2em;padding-bottom:2em;padding-left:2em\">\n<div class=\"wp-block-uagb-advanced-heading uagb-block-36fbd062\"><h3 class=\"uagb-heading-text\">Mission<\/h3><\/div>\n\n\n\n<hr class=\"wp-block-separator has-css-opacity is-style-wide\"\/>\n\n\n\n<p>Le Comit\u00e9 d&rsquo;\u00e9thique a pour mission :<\/p>\n\n\n\n<ul class=\"wp-block-list\">\n<li>de promouvoir la r\u00e9flexion \u00e9thique au sein des \u00e9tablissements membres<\/li>\n\n\n\n<li>d&rsquo;examiner des situations complexes, d\u00e9licates en mati\u00e8re \u00e9thique et formuler des avis dans le respect des droits fondamentaux des personnes<\/li>\n<\/ul>\n<\/div>\n\n\n\n<div class=\"wp-block-column has-ast-global-color-5-background-color has-text-color has-background has-link-color wp-elements-32aaf7b8e8d4a2d35a23a52d4f37c8db is-layout-flow wp-block-column-is-layout-flow\" style=\"color:#000000;padding-top:2em;padding-right:2em;padding-bottom:2em;padding-left:2em\">\n<div class=\"wp-block-uagb-advanced-heading uagb-block-4138c13a\"><h3 class=\"uagb-heading-text\">Les membres<\/h3><\/div>\n\n\n\n<hr class=\"wp-block-separator has-css-opacity is-style-wide\"\/>\n\n\n\n<p>Les membres du Comit\u00e9 d&rsquo;\u00e9thique agissent en toute ind\u00e9pendance et impartialit\u00e9. Ils ne laissent pas leur appartenance \u00e0 d&rsquo;autres instances ou leur statut professionnel influencer leurs \u00e9changes.<\/p>\n<\/div>\n\n\n\n<div class=\"wp-block-column has-ast-global-color-3-background-color has-text-color has-background has-link-color wp-elements-b10d24fa3d38907417948d37c076b5bc is-layout-flow wp-block-column-is-layout-flow\" style=\"color:#000000;padding-top:2em;padding-right:2em;padding-bottom:2em;padding-left:2em\">\n<figure class=\"wp-block-image aligncenter size-full is-resized\"><img loading=\"lazy\" decoding=\"async\" width=\"2000\" height=\"1428\" src=\"https:\/\/ehpadcentrecreusecombraille.fr\/ehpad-les-signolles\/wp-content\/uploads\/sites\/2\/2024\/06\/Couverture-sites-web3.png\" alt=\"\" class=\"wp-image-3652\" style=\"width:427px;height:auto\" srcset=\"https:\/\/ehpadcentrecreusecombraille.fr\/ehpad-les-signolles\/wp-content\/uploads\/sites\/2\/2024\/06\/Couverture-sites-web3.png 2000w, https:\/\/ehpadcentrecreusecombraille.fr\/ehpad-les-signolles\/wp-content\/uploads\/sites\/2\/2024\/06\/Couverture-sites-web3-768x548.png 768w, https:\/\/ehpadcentrecreusecombraille.fr\/ehpad-les-signolles\/wp-content\/uploads\/sites\/2\/2024\/06\/Couverture-sites-web3-1536x1097.png 1536w\" sizes=\"auto, (max-width: 2000px) 100vw, 2000px\" \/><\/figure>\n\n\n\n<hr class=\"wp-block-separator has-css-opacity is-style-wide\"\/>\n<\/div>\n<\/div>\n\n\n\n<div class=\"wp-block-group has-ast-global-color-1-background-color has-background is-layout-constrained wp-block-group-is-layout-constrained\">\n<div class=\"wp-block-columns has-ast-global-color-4-color has-ast-global-color-1-background-color has-text-color has-background has-link-color wp-elements-6fe60100b680e6aa7ddd598baff5b0e5 is-layout-flex wp-container-core-columns-is-layout-28f84493 wp-block-columns-is-layout-flex\">\n<div class=\"wp-block-column is-layout-flow wp-block-column-is-layout-flow\">\n<div class=\"wp-block-uagb-advanced-heading uagb-block-ea1f1de9\"><h2 class=\"uagb-heading-text\">DOCUMENTS DE R\u00c9F\u00c9RENCE<\/h2><\/div>\n\n\n\n<p class=\"has-text-align-center\">Vous souhaitez en savoir plus ? T\u00e9l\u00e9chargez nos documents de r\u00e9f\u00e9rence ci-dessous. <\/p>\n<\/div>\n<\/div>\n<\/div>\n\n\n\n<div class=\"wp-block-columns alignwide is-layout-flex wp-container-core-columns-is-layout-d2da2050 wp-block-columns-is-layout-flex\" style=\"margin-bottom:0\">\n<div class=\"wp-block-column has-ast-global-color-6-background-color has-text-color has-background has-link-color wp-elements-01d05727dc37513de0ddab0ac5b19af5 is-layout-flow wp-block-column-is-layout-flow\" style=\"color:#000000;padding-top:2em;padding-right:2em;padding-bottom:2em;padding-left:2em\">\n<div class=\"wp-block-uagb-advanced-heading uagb-block-23e384fd\"><h3 class=\"uagb-heading-text\">R\u00e8glement int\u00e9rieur<\/h3><\/div>\n\n\n\n<div class=\"wp-block-file\"><a href=\"https:\/\/ehpadcentrecreusecombraille.fr\/ehpad-les-signolles\/wp-content\/uploads\/sites\/2\/2025\/09\/QUA_ETHIQUE.pdf\" class=\"wp-block-file__button wp-element-button\" download>T\u00e9l\u00e9charger le r\u00e8glement<\/a><\/div>\n\n\n\n<hr class=\"wp-block-separator has-css-opacity is-style-wide\"\/>\n<\/div>\n\n\n\n<div class=\"wp-block-column has-ast-global-color-0-background-color has-text-color has-background has-link-color wp-elements-e06c3d906439be74d3654d2bff00e909 is-layout-flow wp-block-column-is-layout-flow\" style=\"color:#000000;padding-top:2em;padding-right:2em;padding-bottom:2em;padding-left:2em\">\n<div class=\"wp-block-uagb-advanced-heading uagb-block-a3884e79\"><h3 class=\"uagb-heading-text\">Charte du comit\u00e9 d&rsquo;\u00e9thique<\/h3><\/div>\n\n\n\n<div class=\"wp-block-file\"><a href=\"https:\/\/ehpadcentrecreusecombraille.fr\/ehpad-les-signolles\/wp-content\/uploads\/sites\/2\/2024\/06\/Charte-du-comite-ethique-EHPAD.pdf\" class=\"wp-block-file__button wp-element-button\" download>T\u00e9l\u00e9charger la charte<\/a><\/div>\n\n\n\n<hr class=\"wp-block-separator has-css-opacity is-style-wide\"\/>\n<\/div>\n\n\n\n<div class=\"wp-block-column has-ast-global-color-6-background-color has-text-color has-background has-link-color wp-elements-1d5fb6b7053d7eea0cc079f175ce33ff is-layout-flow wp-block-column-is-layout-flow\" style=\"color:#000000;padding-top:2em;padding-right:2em;padding-bottom:2em;padding-left:2em\">\n<div class=\"wp-block-uagb-advanced-heading uagb-block-2f17c1b5\"><h3 class=\"uagb-heading-text\">Feuille d&rsquo;engagement<\/h3><\/div>\n\n\n\n<div class=\"wp-block-file\"><a href=\"https:\/\/ehpadcentrecreusecombraille.fr\/ehpad-les-signolles\/wp-content\/uploads\/sites\/2\/2024\/06\/Comite-ethique-feuille-dengagement.pdf\" class=\"wp-block-file__button wp-element-button\" download>T\u00e9l\u00e9charger la feuille<\/a><\/div>\n\n\n\n<hr class=\"wp-block-separator has-css-opacity is-style-wide\"\/>\n<\/div>\n<\/div>\n\n\n\n<figure class=\"wp-block-gallery has-nested-images columns-default is-cropped has-ast-global-color-5-background-color has-background wp-block-gallery-1 is-layout-flex wp-block-gallery-is-layout-flex\">\n<figure class=\"wp-block-image size-full\"><img loading=\"lazy\" decoding=\"async\" width=\"2000\" height=\"1429\" data-id=\"3664\" src=\"https:\/\/ehpadcentrecreusecombraille.fr\/ehpad-les-signolles\/wp-content\/uploads\/sites\/2\/2024\/06\/Couverture-sites-web6.png\" alt=\"\" class=\"wp-image-3664\" srcset=\"https:\/\/ehpadcentrecreusecombraille.fr\/ehpad-les-signolles\/wp-content\/uploads\/sites\/2\/2024\/06\/Couverture-sites-web6.png 2000w, https:\/\/ehpadcentrecreusecombraille.fr\/ehpad-les-signolles\/wp-content\/uploads\/sites\/2\/2024\/06\/Couverture-sites-web6-768x549.png 768w, https:\/\/ehpadcentrecreusecombraille.fr\/ehpad-les-signolles\/wp-content\/uploads\/sites\/2\/2024\/06\/Couverture-sites-web6-1536x1097.png 1536w\" sizes=\"auto, (max-width: 2000px) 100vw, 2000px\" \/><\/figure>\n\n\n\n<figure class=\"wp-block-image size-full\"><img loading=\"lazy\" decoding=\"async\" width=\"2000\" height=\"1429\" data-id=\"3665\" src=\"https:\/\/ehpadcentrecreusecombraille.fr\/ehpad-les-signolles\/wp-content\/uploads\/sites\/2\/2024\/06\/Couverture-sites-web5.png\" alt=\"\" class=\"wp-image-3665\" srcset=\"https:\/\/ehpadcentrecreusecombraille.fr\/ehpad-les-signolles\/wp-content\/uploads\/sites\/2\/2024\/06\/Couverture-sites-web5.png 2000w, https:\/\/ehpadcentrecreusecombraille.fr\/ehpad-les-signolles\/wp-content\/uploads\/sites\/2\/2024\/06\/Couverture-sites-web5-768x549.png 768w, https:\/\/ehpadcentrecreusecombraille.fr\/ehpad-les-signolles\/wp-content\/uploads\/sites\/2\/2024\/06\/Couverture-sites-web5-1536x1097.png 1536w\" sizes=\"auto, (max-width: 2000px) 100vw, 2000px\" \/><\/figure>\n\n\n\n<figure class=\"wp-block-image size-full\"><img loading=\"lazy\" decoding=\"async\" width=\"2000\" height=\"1429\" data-id=\"3667\" src=\"https:\/\/ehpadcentrecreusecombraille.fr\/ehpad-les-signolles\/wp-content\/uploads\/sites\/2\/2024\/06\/Couverture-sites-web7.png\" alt=\"\" class=\"wp-image-3667\" srcset=\"https:\/\/ehpadcentrecreusecombraille.fr\/ehpad-les-signolles\/wp-content\/uploads\/sites\/2\/2024\/06\/Couverture-sites-web7.png 2000w, https:\/\/ehpadcentrecreusecombraille.fr\/ehpad-les-signolles\/wp-content\/uploads\/sites\/2\/2024\/06\/Couverture-sites-web7-768x549.png 768w, https:\/\/ehpadcentrecreusecombraille.fr\/ehpad-les-signolles\/wp-content\/uploads\/sites\/2\/2024\/06\/Couverture-sites-web7-1536x1097.png 1536w\" sizes=\"auto, (max-width: 2000px) 100vw, 2000px\" \/><\/figure>\n\n\n\n<figure class=\"wp-block-image size-large\"><img loading=\"lazy\" decoding=\"async\" width=\"2000\" height=\"1429\" data-id=\"3672\" src=\"https:\/\/ehpadcentrecreusecombraille.fr\/ehpad-les-signolles\/wp-content\/uploads\/sites\/2\/2024\/06\/Couverture-sites-web10.png\" alt=\"\" class=\"wp-image-3672\" srcset=\"https:\/\/ehpadcentrecreusecombraille.fr\/ehpad-les-signolles\/wp-content\/uploads\/sites\/2\/2024\/06\/Couverture-sites-web10.png 2000w, https:\/\/ehpadcentrecreusecombraille.fr\/ehpad-les-signolles\/wp-content\/uploads\/sites\/2\/2024\/06\/Couverture-sites-web10-768x549.png 768w, https:\/\/ehpadcentrecreusecombraille.fr\/ehpad-les-signolles\/wp-content\/uploads\/sites\/2\/2024\/06\/Couverture-sites-web10-1536x1097.png 1536w\" sizes=\"auto, (max-width: 2000px) 100vw, 2000px\" \/><\/figure>\n\n\n\n<figure class=\"wp-block-image size-large\"><img loading=\"lazy\" decoding=\"async\" width=\"2000\" height=\"1429\" data-id=\"3668\" src=\"https:\/\/ehpadcentrecreusecombraille.fr\/ehpad-les-signolles\/wp-content\/uploads\/sites\/2\/2024\/06\/Couverture-sites-web12.png\" alt=\"\" class=\"wp-image-3668\" srcset=\"https:\/\/ehpadcentrecreusecombraille.fr\/ehpad-les-signolles\/wp-content\/uploads\/sites\/2\/2024\/06\/Couverture-sites-web12.png 2000w, https:\/\/ehpadcentrecreusecombraille.fr\/ehpad-les-signolles\/wp-content\/uploads\/sites\/2\/2024\/06\/Couverture-sites-web12-768x549.png 768w, https:\/\/ehpadcentrecreusecombraille.fr\/ehpad-les-signolles\/wp-content\/uploads\/sites\/2\/2024\/06\/Couverture-sites-web12-1536x1097.png 1536w\" sizes=\"auto, (max-width: 2000px) 100vw, 2000px\" \/><\/figure>\n\n\n\n<figure class=\"wp-block-image size-large\"><img loading=\"lazy\" decoding=\"async\" width=\"2000\" height=\"1429\" data-id=\"3670\" src=\"https:\/\/ehpadcentrecreusecombraille.fr\/ehpad-les-signolles\/wp-content\/uploads\/sites\/2\/2024\/06\/Couverture-sites-web11.png\" alt=\"\" class=\"wp-image-3670\" srcset=\"https:\/\/ehpadcentrecreusecombraille.fr\/ehpad-les-signolles\/wp-content\/uploads\/sites\/2\/2024\/06\/Couverture-sites-web11.png 2000w, https:\/\/ehpadcentrecreusecombraille.fr\/ehpad-les-signolles\/wp-content\/uploads\/sites\/2\/2024\/06\/Couverture-sites-web11-768x549.png 768w, https:\/\/ehpadcentrecreusecombraille.fr\/ehpad-les-signolles\/wp-content\/uploads\/sites\/2\/2024\/06\/Couverture-sites-web11-1536x1097.png 1536w\" sizes=\"auto, (max-width: 2000px) 100vw, 2000px\" \/><\/figure>\n\n\n\n<figure class=\"wp-block-image size-large\"><img loading=\"lazy\" decoding=\"async\" width=\"2000\" height=\"1429\" data-id=\"3671\" src=\"https:\/\/ehpadcentrecreusecombraille.fr\/ehpad-les-signolles\/wp-content\/uploads\/sites\/2\/2024\/06\/Couverture-sites-web9.png\" alt=\"\" class=\"wp-image-3671\" srcset=\"https:\/\/ehpadcentrecreusecombraille.fr\/ehpad-les-signolles\/wp-content\/uploads\/sites\/2\/2024\/06\/Couverture-sites-web9.png 2000w, https:\/\/ehpadcentrecreusecombraille.fr\/ehpad-les-signolles\/wp-content\/uploads\/sites\/2\/2024\/06\/Couverture-sites-web9-768x549.png 768w, https:\/\/ehpadcentrecreusecombraille.fr\/ehpad-les-signolles\/wp-content\/uploads\/sites\/2\/2024\/06\/Couverture-sites-web9-1536x1097.png 1536w\" sizes=\"auto, (max-width: 2000px) 100vw, 2000px\" \/><\/figure>\n\n\n\n<figure class=\"wp-block-image size-large\"><img loading=\"lazy\" decoding=\"async\" width=\"2000\" height=\"1429\" data-id=\"3669\" src=\"https:\/\/ehpadcentrecreusecombraille.fr\/ehpad-les-signolles\/wp-content\/uploads\/sites\/2\/2024\/06\/Couverture-sites-web8.png\" alt=\"\" class=\"wp-image-3669\" srcset=\"https:\/\/ehpadcentrecreusecombraille.fr\/ehpad-les-signolles\/wp-content\/uploads\/sites\/2\/2024\/06\/Couverture-sites-web8.png 2000w, https:\/\/ehpadcentrecreusecombraille.fr\/ehpad-les-signolles\/wp-content\/uploads\/sites\/2\/2024\/06\/Couverture-sites-web8-768x549.png 768w, https:\/\/ehpadcentrecreusecombraille.fr\/ehpad-les-signolles\/wp-content\/uploads\/sites\/2\/2024\/06\/Couverture-sites-web8-1536x1097.png 1536w\" sizes=\"auto, (max-width: 2000px) 100vw, 2000px\" \/><\/figure>\n<\/figure>\n","protected":false},"excerpt":{"rendered":"<p>\u00ab\u00a0L&rsquo;\u00e9thique en EHPAD&#8230;mais pas que !\u00a0\u00bb POURQUOI UN COMIT\u00c9 D&rsquo;\u00c9THIQUE ? Le Comit\u00e9 d&rsquo;\u00e9thique a \u00e9t\u00e9 cr\u00e9\u00e9 en 2023, pour [&hellip;]<\/p>\n","protected":false},"author":5,"featured_media":0,"parent":0,"menu_order":0,"comment_status":"closed","ping_status":"closed","template":"","meta":{"_uag_custom_page_level_css":"","site-sidebar-layout":"no-sidebar","site-content-layout":"page-builder","ast-site-content-layout":"full-width-container","site-content-style":"unboxed","site-sidebar-style":"unboxed","ast-global-header-display":"","ast-banner-title-visibility":"","ast-main-header-display":"","ast-hfb-above-header-display":"","ast-hfb-below-header-display":"","ast-hfb-mobile-header-display":"","site-post-title":"disabled","ast-breadcrumbs-content":"","ast-featured-img":"disabled","footer-sml-layout":"","ast-disable-related-posts":"","theme-transparent-header-meta":"enabled","adv-header-id-meta":"","stick-header-meta":"","header-above-stick-meta":"","header-main-stick-meta":"","header-below-stick-meta":"","astra-migrate-meta-layouts":"set","ast-page-background-enabled":"default","ast-page-background-meta":{"desktop":{"background-color":"var(--ast-global-color-4)","background-image":"","background-repeat":"repeat","background-position":"center center","background-size":"auto","background-attachment":"scroll","background-type":"","background-media":"","overlay-type":"","overlay-color":"","overlay-opacity":"","overlay-gradient":""},"tablet":{"background-color":"","background-image":"","background-repeat":"repeat","background-position":"center center","background-size":"auto","background-attachment":"scroll","background-type":"","background-media":"","overlay-type":"","overlay-color":"","overlay-opacity":"","overlay-gradient":""},"mobile":{"background-color":"","background-image":"","background-repeat":"repeat","background-position":"center center","background-size":"auto","background-attachment":"scroll","background-type":"","background-media":"","overlay-type":"","overlay-color":"","overlay-opacity":"","overlay-gradient":""}},"ast-content-background-meta":{"desktop":{"background-color":"var(--ast-global-color-5)","background-image":"","background-repeat":"repeat","background-position":"center center","background-size":"auto","background-attachment":"scroll","background-type":"","background-media":"","overlay-type":"","overlay-color":"","overlay-opacity":"","overlay-gradient":""},"tablet":{"background-color":"var(--ast-global-color-5)","background-image":"","background-repeat":"repeat","background-position":"center center","background-size":"auto","background-attachment":"scroll","background-type":"","background-media":"","overlay-type":"","overlay-color":"","overlay-opacity":"","overlay-gradient":""},"mobile":{"background-color":"var(--ast-global-color-5)","background-image":"","background-repeat":"repeat","background-position":"center center","background-size":"auto","background-attachment":"scroll","background-type":"","background-media":"","overlay-type":"","overlay-color":"","overlay-opacity":"","overlay-gradient":""}},"footnotes":""},"class_list":["post-3637","page","type-page","status-publish","hentry"],"uagb_featured_image_src":{"full":false,"thumbnail":false,"medium":false,"medium_large":false,"large":false,"1536x1536":false,"2048x2048":false},"uagb_author_info":{"display_name":"signollesadmin23","author_link":"https:\/\/ehpadcentrecreusecombraille.fr\/ehpad-les-signolles\/author\/signollesadmin23\/"},"uagb_comment_info":0,"uagb_excerpt":"\u00ab\u00a0L&rsquo;\u00e9thique en EHPAD&#8230;mais pas que !\u00a0\u00bb POURQUOI UN COMIT\u00c9 D&rsquo;\u00c9THIQUE ? Le Comit\u00e9 d&rsquo;\u00e9thique a \u00e9t\u00e9 cr\u00e9\u00e9 en 2023, pour [&hellip;]","_links":{"self":[{"href":"https:\/\/ehpadcentrecreusecombraille.fr\/ehpad-les-signolles\/wp-json\/wp\/v2\/pages\/3637","targetHints":{"allow":["GET"]}}],"collection":[{"href":"https:\/\/ehpadcentrecreusecombraille.fr\/ehpad-les-signolles\/wp-json\/wp\/v2\/pages"}],"about":[{"href":"https:\/\/ehpadcentrecreusecombraille.fr\/ehpad-les-signolles\/wp-json\/wp\/v2\/types\/page"}],"author":[{"embeddable":true,"href":"https:\/\/ehpadcentrecreusecombraille.fr\/ehpad-les-signolles\/wp-json\/wp\/v2\/users\/5"}],"replies":[{"embeddable":true,"href":"https:\/\/ehpadcentrecreusecombraille.fr\/ehpad-les-signolles\/wp-json\/wp\/v2\/comments?post=3637"}],"version-history":[{"count":5,"href":"https:\/\/ehpadcentrecreusecombraille.fr\/ehpad-les-signolles\/wp-json\/wp\/v2\/pages\/3637\/revisions"}],"predecessor-version":[{"id":4461,"href":"https:\/\/ehpadcentrecreusecombraille.fr\/ehpad-les-signolles\/wp-json\/wp\/v2\/pages\/3637\/revisions\/4461"}],"wp:attachment":[{"href":"https:\/\/ehpadcentrecreusecombraille.fr\/ehpad-les-signolles\/wp-json\/wp\/v2\/media?parent=3637"}],"curies":[{"name":"wp","href":"https:\/\/api.w.org\/{rel}","templated":true}]}}