{"id":1971,"date":"2023-11-05T21:44:59","date_gmt":"2023-11-05T20:44:59","guid":{"rendered":"https:\/\/ehpadcentrecreusecombraille.fr\/ehpad-les-signolles\/?page_id=1971"},"modified":"2026-03-31T15:42:40","modified_gmt":"2026-03-31T13:42:40","slug":"les-modalites-daccueil-tarifs","status":"publish","type":"page","link":"https:\/\/ehpadcentrecreusecombraille.fr\/ehpad-les-signolles\/les-modalites-daccueil-tarifs\/","title":{"rendered":"Les tarifs et les aides possibles"},"content":{"rendered":"\n<div class=\"wp-block-uagb-container uagb-block-3ad17e27 alignfull uagb-is-root-container\"><div class=\"uagb-container-inner-blocks-wrap\">\n<div style=\"height:50px\" aria-hidden=\"true\" class=\"wp-block-spacer\"><\/div>\n\n\n\n<div class=\"wp-block-uagb-advanced-heading uagb-block-8a1eebc0\"><h1 class=\"uagb-heading-text\">Les tarifs et les aides possibles<\/h1><\/div>\n<\/div><\/div>\n\n\n\n<div class=\"wp-block-group has-ast-global-color-1-background-color has-background is-layout-constrained wp-block-group-is-layout-constrained\">\n<div class=\"wp-block-columns has-ast-global-color-1-background-color has-background is-layout-flex wp-container-core-columns-is-layout-28f84493 wp-block-columns-is-layout-flex\">\n<div class=\"wp-block-column is-layout-flow wp-block-column-is-layout-flow\">\n<div class=\"wp-block-uagb-advanced-heading uagb-block-7f2a8e58\"><h2 class=\"uagb-heading-text\">LES DIFF\u00c9RENTS TARIFS D&rsquo;H\u00c9BERGEMENT <\/h2><\/div>\n\n\n\n<p class=\"has-text-align-center has-ast-global-color-4-color has-text-color has-link-color wp-elements-0182e26ac8995dc4948b77c3e340cc84\">D\u00e9couvrez notre structure tarifaire d\u00e9taill\u00e9e pour l&rsquo;h\u00e9bergement.<\/p>\n<\/div>\n<\/div>\n<\/div>\n\n\n\n<div class=\"wp-block-group is-layout-constrained wp-block-group-is-layout-constrained\" style=\"padding-top:var(--wp--preset--spacing--80);padding-bottom:var(--wp--preset--spacing--80)\">\n<div class=\"wp-block-columns is-layout-flex wp-container-core-columns-is-layout-28f84493 wp-block-columns-is-layout-flex\">\n<div class=\"wp-block-column is-layout-flow wp-block-column-is-layout-flow\">\n<div class=\"wp-block-columns is-layout-flex wp-container-core-columns-is-layout-28f84493 wp-block-columns-is-layout-flex\">\n<div class=\"wp-block-column is-layout-flow wp-block-column-is-layout-flow\">\n<div class=\"wp-block-uagb-advanced-heading uagb-block-ff11e783\"><h3 class=\"uagb-heading-text\">Comment les prix sont-ils fix\u00e9s ?<\/h3><\/div>\n\n\n\n<p>Au sein de l&rsquo;EHPAD Les Signolles, il peut y avoir diff\u00e9rents prix d&rsquo;h\u00e9bergement en fonction des caract\u00e9ristiques des chambres propos\u00e9es par l\u2019\u00e9tablissement&nbsp;: chambre individuelle ou chambre double.&nbsp;<\/p>\n\n\n\n<p>Les prix h\u00e9bergement correspondent aux prestations minimales inscrites dans le&nbsp;<a href=\"https:\/\/www.legifrance.gouv.fr\/jorf\/id\/JORFTEXT000031740683\">d\u00e9cret n\u00b0 2015-1868 du 30 d\u00e9cembre 2015<\/a>&nbsp;:<\/p>\n\n\n\n<ul class=\"wp-block-list\">\n<li>Les prestations d\u2019accueil h\u00f4telier : mise \u00e0 disposition d\u2019une chambre, d\u2019une salle de bain, entretien et nettoyage,&nbsp;\u2026<\/li>\n\n\n\n<li>Restauration,<\/li>\n\n\n\n<li>Entretien du linge plat et du linge de toilette,<\/li>\n\n\n\n<li>Animation,<\/li>\n\n\n\n<li>Administration g\u00e9n\u00e9rale.<\/li>\n<\/ul>\n\n\n\n<p>Sans oublier que ce prix peut inclure d\u2019autres prestations en plus comme l\u2019entretien du linge personnel du r\u00e9sident.<\/p>\n<\/div>\n\n\n\n<div class=\"wp-block-column is-layout-flow wp-block-column-is-layout-flow\">\n<figure class=\"wp-block-image size-full\"><img loading=\"lazy\" decoding=\"async\" width=\"512\" height=\"512\" src=\"https:\/\/ehpadcentrecreusecombraille.fr\/ehpad-les-signolles\/wp-content\/uploads\/sites\/2\/2023\/11\/question-mark.png\" alt=\"\" class=\"wp-image-2611\" srcset=\"https:\/\/ehpadcentrecreusecombraille.fr\/ehpad-les-signolles\/wp-content\/uploads\/sites\/2\/2023\/11\/question-mark.png 512w, https:\/\/ehpadcentrecreusecombraille.fr\/ehpad-les-signolles\/wp-content\/uploads\/sites\/2\/2023\/11\/question-mark-300x300.png 300w, https:\/\/ehpadcentrecreusecombraille.fr\/ehpad-les-signolles\/wp-content\/uploads\/sites\/2\/2023\/11\/question-mark-150x150.png 150w\" sizes=\"auto, (max-width: 512px) 100vw, 512px\" \/><\/figure>\n<\/div>\n<\/div>\n<\/div>\n<\/div>\n<\/div>\n\n\n\n<div class=\"wp-block-columns alignwide has-ast-global-color-5-background-color has-background is-layout-flex wp-container-core-columns-is-layout-d2da2050 wp-block-columns-is-layout-flex\" style=\"margin-bottom:0\">\n<div class=\"wp-block-column has-ast-global-color-4-background-color has-text-color has-background has-link-color wp-elements-b8980de0bd0ac676492036cb2f8ef3bb is-layout-flow wp-block-column-is-layout-flow\" style=\"color:#000000;padding-top:2em;padding-right:2em;padding-bottom:2em;padding-left:2em\">\n<div class=\"wp-block-uagb-advanced-heading uagb-block-315ed870\"><h3 class=\"uagb-heading-text\">La tarification en fonction du degr\u00e9 de d\u00e9pendance<\/h3><\/div>\n\n\n\n<hr class=\"wp-block-separator has-text-color has-css-opacity has-background is-style-wide\" style=\"background-color:#000000;color:#000000\"\/>\n\n\n\n<p>Le tarif de d\u00e9pendance, qui \u00e9tait d\u00e9termin\u00e9 annuellement par le conseil d\u00e9partemental, est bas\u00e9 sur le niveau moyen de d\u00e9pendance des r\u00e9sidents mesur\u00e9 par le GIR (Groupe Iso-Ressources). Trois tarifs de d\u00e9pendance \u00e9taient \u00e9tablis en fonction des \u00e9valuations du GIR :<\/p>\n\n\n\n<ul class=\"wp-block-list\">\n<li><strong>GIR 1-2 (Tarif le plus \u00e9lev\u00e9) :<\/strong> Ce tarif s&rsquo;applique aux r\u00e9sidents \u00e9valu\u00e9s en GIR 1-2, n\u00e9cessitant une assistance significative d&rsquo;un tiers dans les activit\u00e9s quotidiennes.<\/li>\n\n\n\n<li><strong>GIR 3-4 (Tarif interm\u00e9diaire) :<\/strong> Les r\u00e9sidents \u00e9valu\u00e9s en GIR 3-4, ayant besoin d&rsquo;une assistance d&rsquo;un tiers dans certains aspects de la vie quotidienne, sont soumis \u00e0 ce tarif interm\u00e9diaire.<\/li>\n\n\n\n<li><strong>GIR 5-6 (Tarif le moins \u00e9lev\u00e9) :<\/strong> Le tarif le moins \u00e9lev\u00e9 concerne les r\u00e9sidents \u00e9valu\u00e9s en GIR 5-6, consid\u00e9r\u00e9s comme autonomes dans leurs activit\u00e9s quotidiennes.<\/li>\n<\/ul>\n\n\n\n<p>Ces tarifs d\u00e9pendance \u00e9taient con\u00e7us pour refl\u00e9ter les besoins sp\u00e9cifiques de chaque r\u00e9sident, assurant ainsi une tarification juste et adapt\u00e9e \u00e0 leur niveau de d\u00e9pendance \u00e9valu\u00e9.<\/p>\n<\/div>\n\n\n\n<div class=\"wp-block-column has-ast-global-color-6-background-color has-text-color has-background has-link-color wp-elements-69f4bfc3960193f7bbaa17084e73a13a is-layout-flow wp-block-column-is-layout-flow\" style=\"color:#000000;padding-top:2em;padding-right:2em;padding-bottom:2em;padding-left:2em\">\n<div class=\"wp-block-uagb-advanced-heading uagb-block-088eb36c\"><h3 class=\"uagb-heading-text\">Exp\u00e9rimentation&nbsp;Forfait Global Unique (FGU)<\/h3><\/div>\n\n\n\n<hr class=\"wp-block-separator has-text-color has-css-opacity has-background is-style-wide\" style=\"background-color:#000000;color:#000000\"\/>\n\n\n\n<p>Depuis le 1er&nbsp;juillet 2025, notre \u00e9tablissement participe \u00e0 une&nbsp;exp\u00e9rimentation&nbsp;nationale concernant le financement des EHPAD, port\u00e9e par l\u2019\u00c9tat, l\u2019Agence R\u00e9gionale de Sant\u00e9 et le Conseil d\u00e9partemental de la Creuse.<\/p>\n\n\n\n<p><strong>Ce qui change concr\u00e8tement dans le cadre de cette r\u00e9forme, baptis\u00e9e Forfait Global Unique (FGU) :<\/strong><\/p>\n\n\n\n<p>L\u2019APA \u00e9tablissement (Allocation Personnalis\u00e9e d\u2019Autonomie) est supprim\u00e9e.<\/p>\n\n\n\n<p>=&gt; Cela signifie qu\u2019il n\u2019y aura plus de dossier APA \u00e0 d\u00e9poser, ni de notification de prise en charge par le D\u00e9partement.<\/p>\n\n\n\n<p>Un tarif journalier unique et global est d\u00e9sormais appliqu\u00e9 \u00e0 chaque r\u00e9sident, quelle que soit sa situation ou son niveau de d\u00e9pendance (GIR).&nbsp;<\/p>\n\n\n\n<figure class=\"wp-block-image size-full\"><img loading=\"lazy\" decoding=\"async\" width=\"512\" height=\"512\" src=\"https:\/\/ehpadcentrecreusecombraille.fr\/ehpad-les-signolles\/wp-content\/uploads\/sites\/2\/2023\/11\/home.png\" alt=\"\" class=\"wp-image-2637\" srcset=\"https:\/\/ehpadcentrecreusecombraille.fr\/ehpad-les-signolles\/wp-content\/uploads\/sites\/2\/2023\/11\/home.png 512w, https:\/\/ehpadcentrecreusecombraille.fr\/ehpad-les-signolles\/wp-content\/uploads\/sites\/2\/2023\/11\/home-300x300.png 300w, https:\/\/ehpadcentrecreusecombraille.fr\/ehpad-les-signolles\/wp-content\/uploads\/sites\/2\/2023\/11\/home-150x150.png 150w\" sizes=\"auto, (max-width: 512px) 100vw, 512px\" \/><\/figure>\n<\/div>\n\n\n\n<div class=\"wp-block-column has-ast-global-color-4-background-color has-text-color has-background has-link-color wp-elements-84b27c58e33b104ad7fb28c30ece1e3c is-layout-flow wp-block-column-is-layout-flow\" style=\"color:#000000;padding-top:2em;padding-right:2em;padding-bottom:2em;padding-left:2em\">\n<div class=\"wp-block-uagb-advanced-heading uagb-block-fe7bea59\"><h3 class=\"uagb-heading-text\">Nouveaux tarifs \u00e0 compter du 1er&nbsp;avril 2026<\/h3><\/div>\n\n\n\n<hr class=\"wp-block-separator has-text-color has-css-opacity has-background is-style-wide\" style=\"background-color:#000000;color:#000000\"\/>\n\n\n\n<div data-wp-interactive=\"core\/file\" class=\"wp-block-file aligncenter\"><object data-wp-bind--hidden=\"!state.hasPdfPreview\" hidden class=\"wp-block-file__embed\" data=\"https:\/\/ehpadcentrecreusecombraille.fr\/ehpad-les-signolles\/wp-content\/uploads\/sites\/2\/2026\/03\/Tarifs-2026-EHPAD-Les-Signolles.pdf\" type=\"application\/pdf\" style=\"width:100%;height:600px\" aria-label=\"PDF embarqu\u00e9\"><\/object><a href=\"https:\/\/ehpadcentrecreusecombraille.fr\/ehpad-les-signolles\/wp-content\/uploads\/sites\/2\/2026\/03\/Tarifs-2026-EHPAD-Les-Signolles.pdf\" class=\"wp-block-file__button wp-element-button\" download>T\u00e9l\u00e9charger la fiche tarifaire<\/a><\/div>\n<\/div>\n<\/div>\n\n\n\n<div class=\"wp-block-group has-ast-global-color-1-background-color has-background is-layout-constrained wp-block-group-is-layout-constrained\">\n<div class=\"wp-block-columns has-ast-global-color-1-background-color has-background is-layout-flex wp-container-core-columns-is-layout-28f84493 wp-block-columns-is-layout-flex\">\n<div class=\"wp-block-column is-layout-flow wp-block-column-is-layout-flow\">\n<div class=\"wp-block-uagb-advanced-heading uagb-block-32621c1a\"><h2 class=\"uagb-heading-text\">LES AIDES POSSIBLES<\/h2><\/div>\n\n\n\n<p class=\"has-text-align-center has-ast-global-color-4-color has-text-color has-link-color wp-elements-3720388ce5f8da72068337c58a5a6c50\">Vous souhaitez \u00eatre accueilli(e) au sein de notre \u00e9tablissement, mais vos ressources ne sont pas suffisantes pour r\u00e9gler les frais d\u2019h\u00e9bergement. Nous comprenons l&rsquo;importance d&rsquo;assurer un acc\u00e8s \u00e9quitable \u00e0 nos services, et c&rsquo;est pourquoi nous prenons l&rsquo;initiative de vous expliquer les possibilit\u00e9s d&rsquo;aide financi\u00e8re pour accompagner votre admission.<\/p>\n<\/div>\n<\/div>\n<\/div>\n\n\n\n<div class=\"wp-block-uagb-container uagb-block-7f9174ae alignfull uagb-is-root-container\"><div class=\"uagb-container-inner-blocks-wrap\">\n<div class=\"wp-block-uagb-container uagb-block-17a772e3\">\n<div class=\"wp-block-columns is-layout-flex wp-container-core-columns-is-layout-28f84493 wp-block-columns-is-layout-flex\">\n<div class=\"wp-block-column is-layout-flow wp-block-column-is-layout-flow\">\n<div class=\"wp-block-uagb-advanced-heading uagb-block-da98f0e5\"><h3 class=\"uagb-heading-text\">1) L\u2019obligation alimentaire <\/h3><\/div>\n\n\n\n<div class=\"wp-block-columns is-layout-flex wp-container-core-columns-is-layout-28f84493 wp-block-columns-is-layout-flex\">\n<div class=\"wp-block-column is-layout-flow wp-block-column-is-layout-flow\">\n<p class=\"has-black-color has-text-color has-medium-font-size\"><strong>Qu&rsquo;est ce que c&rsquo;est ?<\/strong><\/p>\n\n\n\n<p class=\"has-black-color has-text-color\">La notion d\u2019obligation alimentaire, en vertu de l&rsquo;article 205 du Code Civil, repr\u00e9sente une aide mat\u00e9rielle due au titre de la solidarit\u00e9 familiale, \u00e0 un membre de sa famille dans le besoin et qui n\u2019est pas en mesure d\u2019assurer sa subsistance. Son montant varie en fonction de la situation financi\u00e8re de celui qui la verse et des besoins du demandeur.<\/p>\n<\/div>\n\n\n\n<div class=\"wp-block-column is-layout-flow wp-block-column-is-layout-flow\">\n<p class=\"has-black-color has-text-color has-medium-font-size\"><strong>A qui s&rsquo;adresse-t-elle ?<\/strong><\/p>\n\n\n\n<p class=\"has-black-color has-text-color\">L&rsquo;obligation alimentaire s&rsquo;adresse aux membres de la famille suivants : les parents, les enfants, les petits-enfants, les gendres et les belles-filles.<\/p>\n\n\n\n<p class=\"has-black-color has-text-color\">En cas de difficult\u00e9 \u00e0 \u00e9tablir le montant de l&rsquo;obligation alimentaire, le Juge aux Affaires Familiales, seule autorit\u00e9 comp\u00e9tente dans ce domaine, peut \u00eatre saisi pour une r\u00e9solution.<\/p>\n<\/div>\n<\/div>\n\n\n\n<div class=\"wp-block-columns is-layout-flex wp-container-core-columns-is-layout-28f84493 wp-block-columns-is-layout-flex\">\n<div class=\"wp-block-column is-layout-flow wp-block-column-is-layout-flow\" style=\"flex-basis:25%\"><\/div>\n\n\n\n<div class=\"wp-block-column is-layout-flow wp-block-column-is-layout-flow\" style=\"flex-basis:50%\">\n<figure class=\"wp-block-image aligncenter size-full is-resized\"><img loading=\"lazy\" decoding=\"async\" width=\"512\" height=\"512\" src=\"https:\/\/ehpadcentrecreusecombraille.fr\/ehpad-les-signolles\/wp-content\/uploads\/sites\/2\/2023\/11\/family-2.png\" alt=\"\" class=\"wp-image-2686\" style=\"width:248px;height:auto\" srcset=\"https:\/\/ehpadcentrecreusecombraille.fr\/ehpad-les-signolles\/wp-content\/uploads\/sites\/2\/2023\/11\/family-2.png 512w, https:\/\/ehpadcentrecreusecombraille.fr\/ehpad-les-signolles\/wp-content\/uploads\/sites\/2\/2023\/11\/family-2-300x300.png 300w, https:\/\/ehpadcentrecreusecombraille.fr\/ehpad-les-signolles\/wp-content\/uploads\/sites\/2\/2023\/11\/family-2-150x150.png 150w\" sizes=\"auto, (max-width: 512px) 100vw, 512px\" \/><\/figure>\n<\/div>\n\n\n\n<div class=\"wp-block-column is-layout-flow wp-block-column-is-layout-flow\" style=\"flex-basis:25%\"><\/div>\n<\/div>\n<\/div>\n<\/div>\n<\/div>\n<\/div><\/div>\n\n\n\n<div class=\"wp-block-uagb-container uagb-block-27383dc7 alignfull uagb-is-root-container\"><div class=\"uagb-container-inner-blocks-wrap\">\n<div class=\"wp-block-columns is-layout-flex wp-container-core-columns-is-layout-28f84493 wp-block-columns-is-layout-flex\">\n<div class=\"wp-block-column is-layout-flow wp-block-column-is-layout-flow\">\n<div class=\"wp-block-uagb-advanced-heading uagb-block-ed5d4435\"><h3 class=\"uagb-heading-text\">2) L\u2019aide sociale h\u00e9bergement<\/h3><\/div>\n\n\n\n<div class=\"wp-block-columns is-layout-flex wp-container-core-columns-is-layout-28f84493 wp-block-columns-is-layout-flex\">\n<div class=\"wp-block-column is-layout-flow wp-block-column-is-layout-flow\">\n<h4 class=\"wp-block-heading has-black-color has-text-color has-medium-font-size\"><strong>Quel est le principe de cette aide ?<\/strong><\/h4>\n\n\n\n<p class=\"has-black-color has-text-color\">L&rsquo;aide sociale est une aide subsidiaire accord\u00e9e en dernier recours. Elle intervient lorsque les ressources du demandeur et de ses oblig\u00e9s alimentaires ne permettent pas de couvrir l&rsquo;int\u00e9gralit\u00e9 des frais de s\u00e9jour. En cas d&rsquo;attribution, 90% des ressources de la personne, allocations logement comprises, sont revers\u00e9s \u00e0 l&rsquo;\u00e9tablissement, laissant 10% \u00e0 sa disposition (minimum de 96 euros).<\/p>\n<\/div>\n\n\n\n<div class=\"wp-block-column has-black-color has-text-color is-layout-flow wp-block-column-is-layout-flow\">\n<h4 class=\"wp-block-heading has-black-color has-text-color has-medium-font-size\"><strong>Quelles sont les conditions d&rsquo;attribution ?<\/strong><\/h4>\n\n\n\n<ul class=\"wp-block-list\">\n<li>\u00c2ge minimum : 65 ans, ou 60 ans pour les personnes d\u00e9clar\u00e9es inaptes au travail.<\/li>\n\n\n\n<li>R\u00e9sidence : R\u00e9sider en France ou d\u00e9tenir un titre de s\u00e9jour en cours de validit\u00e9.<\/li>\n\n\n\n<li>Ressources : Toutes les ressources sont prises en compte, sauf la retraite du combattant, les pensions attach\u00e9es aux distinctions honorifiques, et les prestations familiales.<\/li>\n<\/ul>\n<\/div>\n\n\n\n<div class=\"wp-block-column is-layout-flow wp-block-column-is-layout-flow\">\n<h4 class=\"wp-block-heading has-black-color has-text-color has-medium-font-size\"><strong>Peut-elle faire l&rsquo;objet de r\u00e9cup\u00e9rations ? <\/strong><\/h4>\n\n\n\n<p>L\u2019intervention de l\u2019aide sociale repose sur le principe que l\u2019aide accord\u00e9e peut toujours faire l\u2019objet d\u2019une r\u00e9cup\u00e9ration par le d\u00e9partement :<\/p>\n\n\n\n<ul class=\"wp-block-list\">\n<li>Sur la succession du b\u00e9n\u00e9ficiaire au 1er centime d\u2019euro, dans la limite de l\u2019actif net.<\/li>\n\n\n\n<li>En cas de donation dans les dix ans pr\u00e9c\u00e9dant la demande.<\/li>\n\n\n\n<li>En cas de retour \u00e0 meilleure fortune (augmentation significative du patrimoine du b\u00e9n\u00e9ficiaire de l\u2019aide sociale suite \u00e0 un \u00e9v\u00e9nement nouveau tel qu\u2019un h\u00e9ritage)..<\/li>\n\n\n\n<li>En cas de legs dans la limite du montant du legs.<\/li>\n<\/ul>\n<\/div>\n<\/div>\n\n\n\n<div style=\"height:50px\" aria-hidden=\"true\" class=\"wp-block-spacer\"><\/div>\n\n\n\n<div class=\"wp-block-columns is-layout-flex wp-container-core-columns-is-layout-28f84493 wp-block-columns-is-layout-flex\">\n<div class=\"wp-block-column is-layout-flow wp-block-column-is-layout-flow\">\n<h4 class=\"wp-block-heading has-black-color has-text-color has-medium-font-size\"><strong>A qui faire la demande? <\/strong><\/h4>\n\n\n\n<p class=\"has-black-color has-text-color\">La demande d\u2019aide sociale s\u2019effectue aupr\u00e8s du Centre Communal d&rsquo;Action Sociale (CCAS) ou \u00e0 d\u00e9faut de la mairie de son domicile.<\/p>\n\n\n\n<figure class=\"wp-block-image aligncenter size-full is-resized\"><img loading=\"lazy\" decoding=\"async\" width=\"939\" height=\"705\" src=\"https:\/\/ehpadcentrecreusecombraille.fr\/ehpad-les-signolles\/wp-content\/uploads\/sites\/2\/2024\/01\/LogoCCAS-edited.png\" alt=\"\" class=\"wp-image-3001\" style=\"width:250px\" srcset=\"https:\/\/ehpadcentrecreusecombraille.fr\/ehpad-les-signolles\/wp-content\/uploads\/sites\/2\/2024\/01\/LogoCCAS-edited.png 939w, https:\/\/ehpadcentrecreusecombraille.fr\/ehpad-les-signolles\/wp-content\/uploads\/sites\/2\/2024\/01\/LogoCCAS-edited-300x225.png 300w, https:\/\/ehpadcentrecreusecombraille.fr\/ehpad-les-signolles\/wp-content\/uploads\/sites\/2\/2024\/01\/LogoCCAS-edited-768x577.png 768w\" sizes=\"auto, (max-width: 939px) 100vw, 939px\" \/><\/figure>\n<\/div>\n\n\n\n<div class=\"wp-block-column is-layout-flow wp-block-column-is-layout-flow\">\n<h4 class=\"wp-block-heading has-black-color has-text-color has-medium-font-size\"><strong>Comment la demande est-elle trait\u00e9e ? <\/strong><\/h4>\n\n\n\n<p class=\"has-black-color has-text-color\">Apr\u00e8s r\u00e9ception et \u00e9valuation de la demande, le CCAS ou la mairie de son domicile transmet la demande au Pr\u00e9sident du Conseil D\u00e9partemental. Ce dernier peut d\u00e9cider de l\u2019admission totale de l\u2019aide, de son rejet ou de son admission partielle avec participation de l\u2019int\u00e9ress\u00e9 et\/ou de ses oblig\u00e9s alimentaires. Cette d\u00e9cision est notifi\u00e9 \u00e0 tous les int\u00e9ress\u00e9s (demandeur, oblig\u00e9s alimentaires, \u00e9tablissement).<\/p>\n<\/div>\n\n\n\n<div class=\"wp-block-column is-layout-flow wp-block-column-is-layout-flow\">\n<h4 class=\"wp-block-heading has-black-color has-text-color has-medium-font-size\"><strong>En cas de rejet de votre demande d&rsquo;aide sociale, vous disposez de deux voies de recours. <\/strong><\/h4>\n\n\n\n<p class=\"has-black-color has-text-color\">Tout d&rsquo;abord, vous pouvez faire appel devant la Commission D\u00e9partementale d&rsquo;Aide Sociale dans un d\u00e9lai de deux mois. <\/p>\n\n\n\n<p class=\"has-black-color has-text-color\">Si la d\u00e9cision de cette commission ne vous convient pas, vous avez ensuite la possibilit\u00e9 de faire un recours devant la Commission Centrale d&rsquo;Aide Sociale dans les deux mois suivant la notification. <\/p>\n\n\n\n<p class=\"has-black-color has-text-color\">Il est essentiel de respecter les d\u00e9lais pour exercer ces recours afin d&rsquo;assurer un traitement efficace de votre demande. Nous vous encourageons \u00e0 contacter nos services si vous avez des questions ou si vous avez besoin d&rsquo;assistance dans ce processus.<\/p>\n<\/div>\n<\/div>\n<\/div>\n<\/div>\n<\/div><\/div>\n\n\n\n<div class=\"wp-block-uagb-container uagb-block-7d107b30 alignfull uagb-is-root-container\"><div class=\"uagb-container-inner-blocks-wrap\">\n<div class=\"wp-block-columns is-layout-flex wp-container-core-columns-is-layout-28f84493 wp-block-columns-is-layout-flex\">\n<div class=\"wp-block-column is-layout-flow wp-block-column-is-layout-flow\">\n<div class=\"wp-block-uagb-advanced-heading uagb-block-8cc92798\"><h3 class=\"uagb-heading-text\">3) Financer votre s\u00e9jour temporaire chez nous peut \u00eatre possible gr\u00e2ce \u00e0 l&rsquo;aide sociale facilit\u00e9e <\/h3><\/div>\n\n\n\n<div class=\"wp-block-columns is-layout-flex wp-container-core-columns-is-layout-28f84493 wp-block-columns-is-layout-flex\">\n<div class=\"wp-block-column is-layout-flow wp-block-column-is-layout-flow\">\n<figure class=\"wp-block-image size-full is-resized\"><img loading=\"lazy\" decoding=\"async\" width=\"512\" height=\"512\" src=\"https:\/\/ehpadcentrecreusecombraille.fr\/ehpad-les-signolles\/wp-content\/uploads\/sites\/2\/2023\/11\/salary.png\" alt=\"\" class=\"wp-image-2685\" style=\"width:362px;height:auto\" srcset=\"https:\/\/ehpadcentrecreusecombraille.fr\/ehpad-les-signolles\/wp-content\/uploads\/sites\/2\/2023\/11\/salary.png 512w, https:\/\/ehpadcentrecreusecombraille.fr\/ehpad-les-signolles\/wp-content\/uploads\/sites\/2\/2023\/11\/salary-300x300.png 300w, https:\/\/ehpadcentrecreusecombraille.fr\/ehpad-les-signolles\/wp-content\/uploads\/sites\/2\/2023\/11\/salary-150x150.png 150w\" sizes=\"auto, (max-width: 512px) 100vw, 512px\" \/><\/figure>\n<\/div>\n\n\n\n<div class=\"wp-block-column is-layout-flow wp-block-column-is-layout-flow\">\n<p class=\"has-black-color has-text-color\">Si vos ressources se situent en dessous du seuil du minimum vieillesse, vous pourriez \u00eatre \u00e9ligible \u00e0 l\u2019aide sociale pour votre s\u00e9jour temporaire. Il vous suffit de remplir un dossier, \u00e0 d\u00e9poser dans le mois suivant votre admission. En respectant les crit\u00e8res requis, nous vous assurons l&rsquo;absence d&rsquo;obligations alimentaires ou de r\u00e9cup\u00e9ration mensuelle de vos ressources.<\/p>\n<\/div>\n<\/div>\n\n\n\n<div style=\"height:50px\" aria-hidden=\"true\" class=\"wp-block-spacer\"><\/div>\n<\/div>\n<\/div>\n<\/div><\/div>\n\n\n\n<hr class=\"wp-block-separator has-text-color has-alpha-channel-opacity has-background\" style=\"background-color:#c4d457;color:#c4d457\"\/>\n\n\n\n<div class=\"wp-block-group has-ast-global-color-6-background-color has-background is-layout-constrained wp-block-group-is-layout-constrained\">\n<div class=\"wp-block-columns has-ast-global-color-6-background-color has-background is-layout-flex wp-container-core-columns-is-layout-28f84493 wp-block-columns-is-layout-flex\">\n<div class=\"wp-block-column is-layout-flow wp-block-column-is-layout-flow\">\n<div class=\"wp-block-uagb-advanced-heading uagb-block-50f40790\"><h2 class=\"uagb-heading-text\">Renseignements utiles<\/h2><\/div>\n\n\n\n<div class=\"wp-block-columns is-layout-flex wp-container-core-columns-is-layout-28f84493 wp-block-columns-is-layout-flex\">\n<div class=\"wp-block-column has-border-color has-black-border-color is-layout-flow wp-block-column-is-layout-flow\" style=\"border-width:1px;padding-top:var(--wp--preset--spacing--30);padding-right:var(--wp--preset--spacing--30);padding-bottom:var(--wp--preset--spacing--30);padding-left:var(--wp--preset--spacing--30)\">\n<div class=\"wp-block-uagb-advanced-heading uagb-block-97a368c6\"><h3 class=\"uagb-heading-text\">Conseil D\u00e9partemental de la Creuse <\/h3><\/div>\n\n\n\n<p class=\"has-text-align-center has-black-color has-text-color\">4 place Louis Lacrocq<br>23000 GUERET<br>Tel: 05 44 30 23 23<\/p>\n\n\n\n<figure class=\"wp-block-image aligncenter size-full is-resized\"><img loading=\"lazy\" decoding=\"async\" width=\"153\" height=\"235\" src=\"https:\/\/ehpadcentrecreusecombraille.fr\/ehpad-les-signolles\/wp-content\/uploads\/sites\/2\/2023\/11\/Conseil-departemental-Creuse.jpeg\" alt=\"\" class=\"wp-image-2284\" style=\"width:auto;height:150px\"\/><\/figure>\n<\/div>\n\n\n\n<div class=\"wp-block-column has-border-color has-black-border-color is-layout-flow wp-block-column-is-layout-flow\" style=\"border-width:1px;padding-top:var(--wp--preset--spacing--30);padding-right:var(--wp--preset--spacing--30);padding-bottom:var(--wp--preset--spacing--30);padding-left:var(--wp--preset--spacing--30)\">\n<div class=\"wp-block-uagb-advanced-heading uagb-block-a7a4a9a4\"><h3 class=\"uagb-heading-text\">Tribunal de Grande Instance <\/h3><\/div>\n\n\n\n<p class=\"has-text-align-center has-black-color has-text-color\">23 place Bonnyaud<br>23000 GUERET<br>Tel: 05 55 51 93 59<\/p>\n\n\n\n<figure class=\"wp-block-image aligncenter size-full is-resized\"><img loading=\"lazy\" decoding=\"async\" width=\"512\" height=\"512\" src=\"https:\/\/ehpadcentrecreusecombraille.fr\/ehpad-les-signolles\/wp-content\/uploads\/sites\/2\/2023\/11\/compliant.png\" alt=\"\" class=\"wp-image-2286\" style=\"width:auto;height:150px\" srcset=\"https:\/\/ehpadcentrecreusecombraille.fr\/ehpad-les-signolles\/wp-content\/uploads\/sites\/2\/2023\/11\/compliant.png 512w, https:\/\/ehpadcentrecreusecombraille.fr\/ehpad-les-signolles\/wp-content\/uploads\/sites\/2\/2023\/11\/compliant-300x300.png 300w, https:\/\/ehpadcentrecreusecombraille.fr\/ehpad-les-signolles\/wp-content\/uploads\/sites\/2\/2023\/11\/compliant-150x150.png 150w\" sizes=\"auto, (max-width: 512px) 100vw, 512px\" \/><\/figure>\n<\/div>\n\n\n\n<div class=\"wp-block-column has-border-color has-black-border-color is-layout-flow wp-block-column-is-layout-flow\" style=\"border-width:1px;padding-top:var(--wp--preset--spacing--30);padding-right:var(--wp--preset--spacing--30);padding-bottom:var(--wp--preset--spacing--30);padding-left:var(--wp--preset--spacing--30)\">\n<div class=\"wp-block-uagb-advanced-heading uagb-block-9229d551\"><h3 class=\"uagb-heading-text\">Tr\u00e9sorerie G\u00e9n\u00e9rale <\/h3><\/div>\n\n\n\n<p class=\"has-text-align-center has-black-color has-text-color\">3 av laure<br>23000 GUERET<br>Tel: 05 55 51 63 00<\/p>\n\n\n\n<figure class=\"wp-block-image aligncenter size-full is-resized\"><img loading=\"lazy\" decoding=\"async\" width=\"512\" height=\"512\" src=\"https:\/\/ehpadcentrecreusecombraille.fr\/ehpad-les-signolles\/wp-content\/uploads\/sites\/2\/2023\/11\/bank.png\" alt=\"\" class=\"wp-image-2292\" style=\"width:auto;height:150px\" srcset=\"https:\/\/ehpadcentrecreusecombraille.fr\/ehpad-les-signolles\/wp-content\/uploads\/sites\/2\/2023\/11\/bank.png 512w, https:\/\/ehpadcentrecreusecombraille.fr\/ehpad-les-signolles\/wp-content\/uploads\/sites\/2\/2023\/11\/bank-300x300.png 300w, https:\/\/ehpadcentrecreusecombraille.fr\/ehpad-les-signolles\/wp-content\/uploads\/sites\/2\/2023\/11\/bank-150x150.png 150w\" sizes=\"auto, (max-width: 512px) 100vw, 512px\" \/><\/figure>\n<\/div>\n\n\n\n<div class=\"wp-block-column has-border-color has-black-border-color is-layout-flow wp-block-column-is-layout-flow\" style=\"border-width:1px;padding-top:var(--wp--preset--spacing--30);padding-right:var(--wp--preset--spacing--30);padding-bottom:var(--wp--preset--spacing--30);padding-left:var(--wp--preset--spacing--30)\">\n<div class=\"wp-block-uagb-advanced-heading uagb-block-3656bb0f\"><h3 class=\"uagb-heading-text\">Vous pouvez aussi contacter notre Assistante sociale<\/h3><\/div>\n\n\n\n<p class=\"has-text-align-center has-black-color has-text-color\">1 rue du S\u00e9minaire<br>23380 AJAIN<br>Tel: 05 55 80 32 70<\/p>\n\n\n\n<figure class=\"wp-block-image aligncenter size-full is-resized\"><img loading=\"lazy\" decoding=\"async\" width=\"512\" height=\"512\" src=\"https:\/\/ehpadcentrecreusecombraille.fr\/ehpad-les-signolles\/wp-content\/uploads\/sites\/2\/2023\/11\/give-love.png\" alt=\"\" class=\"wp-image-2355\" style=\"width:auto;height:150px\" srcset=\"https:\/\/ehpadcentrecreusecombraille.fr\/ehpad-les-signolles\/wp-content\/uploads\/sites\/2\/2023\/11\/give-love.png 512w, https:\/\/ehpadcentrecreusecombraille.fr\/ehpad-les-signolles\/wp-content\/uploads\/sites\/2\/2023\/11\/give-love-300x300.png 300w, https:\/\/ehpadcentrecreusecombraille.fr\/ehpad-les-signolles\/wp-content\/uploads\/sites\/2\/2023\/11\/give-love-150x150.png 150w\" sizes=\"auto, (max-width: 512px) 100vw, 512px\" \/><\/figure>\n<\/div>\n<\/div>\n<\/div>\n<\/div>\n<\/div>\n","protected":false},"excerpt":{"rendered":"<p>Les tarifs et les aides possibles LES DIFF\u00c9RENTS TARIFS D&rsquo;H\u00c9BERGEMENT D\u00e9couvrez notre structure tarifaire d\u00e9taill\u00e9e pour l&rsquo;h\u00e9bergement. Comment les prix [&hellip;]<\/p>\n","protected":false},"author":2,"featured_media":0,"parent":0,"menu_order":0,"comment_status":"closed","ping_status":"closed","template":"","meta":{"_uag_custom_page_level_css":"","site-sidebar-layout":"no-sidebar","site-content-layout":"page-builder","ast-site-content-layout":"full-width-container","site-content-style":"unboxed","site-sidebar-style":"unboxed","ast-global-header-display":"","ast-banner-title-visibility":"","ast-main-header-display":"","ast-hfb-above-header-display":"","ast-hfb-below-header-display":"","ast-hfb-mobile-header-display":"","site-post-title":"disabled","ast-breadcrumbs-content":"","ast-featured-img":"disabled","footer-sml-layout":"","ast-disable-related-posts":"","theme-transparent-header-meta":"enabled","adv-header-id-meta":"","stick-header-meta":"","header-above-stick-meta":"","header-main-stick-meta":"","header-below-stick-meta":"","astra-migrate-meta-layouts":"set","ast-page-background-enabled":"default","ast-page-background-meta":{"desktop":{"background-color":"var(--ast-global-color-4)","background-image":"","background-repeat":"repeat","background-position":"center center","background-size":"auto","background-attachment":"scroll","background-type":"","background-media":"","overlay-type":"","overlay-color":"","overlay-opacity":"","overlay-gradient":""},"tablet":{"background-color":"","background-image":"","background-repeat":"repeat","background-position":"center center","background-size":"auto","background-attachment":"scroll","background-type":"","background-media":"","overlay-type":"","overlay-color":"","overlay-opacity":"","overlay-gradient":""},"mobile":{"background-color":"","background-image":"","background-repeat":"repeat","background-position":"center center","background-size":"auto","background-attachment":"scroll","background-type":"","background-media":"","overlay-type":"","overlay-color":"","overlay-opacity":"","overlay-gradient":""}},"ast-content-background-meta":{"desktop":{"background-color":"var(--ast-global-color-5)","background-image":"","background-repeat":"repeat","background-position":"center center","background-size":"auto","background-attachment":"scroll","background-type":"","background-media":"","overlay-type":"","overlay-color":"","overlay-opacity":"","overlay-gradient":""},"tablet":{"background-color":"var(--ast-global-color-5)","background-image":"","background-repeat":"repeat","background-position":"center center","background-size":"auto","background-attachment":"scroll","background-type":"","background-media":"","overlay-type":"","overlay-color":"","overlay-opacity":"","overlay-gradient":""},"mobile":{"background-color":"var(--ast-global-color-5)","background-image":"","background-repeat":"repeat","background-position":"center center","background-size":"auto","background-attachment":"scroll","background-type":"","background-media":"","overlay-type":"","overlay-color":"","overlay-opacity":"","overlay-gradient":""}},"footnotes":""},"class_list":["post-1971","page","type-page","status-publish","hentry"],"uagb_featured_image_src":{"full":false,"thumbnail":false,"medium":false,"medium_large":false,"large":false,"1536x1536":false,"2048x2048":false},"uagb_author_info":{"display_name":"azoure","author_link":"https:\/\/ehpadcentrecreusecombraille.fr\/ehpad-les-signolles\/author\/azoure\/"},"uagb_comment_info":0,"uagb_excerpt":"Les tarifs et les aides possibles LES DIFF\u00c9RENTS TARIFS D&rsquo;H\u00c9BERGEMENT D\u00e9couvrez notre structure tarifaire d\u00e9taill\u00e9e pour l&rsquo;h\u00e9bergement. Comment les prix [&hellip;]","_links":{"self":[{"href":"https:\/\/ehpadcentrecreusecombraille.fr\/ehpad-les-signolles\/wp-json\/wp\/v2\/pages\/1971","targetHints":{"allow":["GET"]}}],"collection":[{"href":"https:\/\/ehpadcentrecreusecombraille.fr\/ehpad-les-signolles\/wp-json\/wp\/v2\/pages"}],"about":[{"href":"https:\/\/ehpadcentrecreusecombraille.fr\/ehpad-les-signolles\/wp-json\/wp\/v2\/types\/page"}],"author":[{"embeddable":true,"href":"https:\/\/ehpadcentrecreusecombraille.fr\/ehpad-les-signolles\/wp-json\/wp\/v2\/users\/2"}],"replies":[{"embeddable":true,"href":"https:\/\/ehpadcentrecreusecombraille.fr\/ehpad-les-signolles\/wp-json\/wp\/v2\/comments?post=1971"}],"version-history":[{"count":5,"href":"https:\/\/ehpadcentrecreusecombraille.fr\/ehpad-les-signolles\/wp-json\/wp\/v2\/pages\/1971\/revisions"}],"predecessor-version":[{"id":4631,"href":"https:\/\/ehpadcentrecreusecombraille.fr\/ehpad-les-signolles\/wp-json\/wp\/v2\/pages\/1971\/revisions\/4631"}],"wp:attachment":[{"href":"https:\/\/ehpadcentrecreusecombraille.fr\/ehpad-les-signolles\/wp-json\/wp\/v2\/media?parent=1971"}],"curies":[{"name":"wp","href":"https:\/\/api.w.org\/{rel}","templated":true}]}}