{"id":1322,"date":"2022-02-24T05:02:56","date_gmt":"2022-02-24T05:02:56","guid":{"rendered":"https:\/\/ehpadcentrecreusecombraille.fr\/ehpad-les-signolles\/home\/"},"modified":"2026-03-13T14:40:32","modified_gmt":"2026-03-13T13:40:32","slug":"home","status":"publish","type":"page","link":"https:\/\/ehpadcentrecreusecombraille.fr\/ehpad-les-signolles\/","title":{"rendered":"Home"},"content":{"rendered":"\n<div class=\"wp-block-uagb-container uagb-block-3322f0f6 alignfull uagb-is-root-container\"><div class=\"uagb-container-inner-blocks-wrap\">\n<div style=\"height:50px\" aria-hidden=\"true\" class=\"wp-block-spacer\"><\/div>\n\n\n\n<div class=\"wp-block-uagb-advanced-heading uagb-block-fb22e500\"><h2 class=\"uagb-heading-text\">EHPAD<\/h2><\/div>\n\n\n\n<div class=\"wp-block-uagb-info-box uagb-block-d8406877 uagb-infobox__content-wrap  uagb-infobox-icon-above-title uagb-infobox-image-valign-top\"><div class=\"uagb-ifb-content\"><div class=\"uagb-ifb-title-wrap\"><h1 class=\"uagb-ifb-title\">Les Signolles<\/h1><\/div><p class=\"uagb-ifb-desc\">Bienvenue<\/p><div class=\"uagb-ifb-button-wrapper wp-block-button\"><a href=\"https:\/\/ehpadcentrecreusecombraille.fr\/ehpad-les-signolles\/presentation-ehpad-ajian-les-signolles\/\" class=\"uagb-infobox-cta-link wp-block-button__link\" target=\"_self\" rel=\"noopener noreferrer\" onclick=\"return true;\"><span class=\"uagb-inline-editing\">Pr\u00e9sentation<\/span><\/a><\/div><\/div><\/div>\n<\/div><\/div>\n\n\n\n<div class=\"wp-block-uagb-container uagb-block-78ab8db8 alignfull uagb-is-root-container\"><div class=\"uagb-container-inner-blocks-wrap\">\n<div class=\"wp-block-uagb-advanced-heading uagb-block-e05e8f5c\"><h2 class=\"uagb-heading-text\">Notre actualit\u00e9<\/h2><div class=\"uagb-separator\"><\/div><\/div>\n\n\n\n<div class=\"wp-block-columns alignwide is-layout-flex wp-container-core-columns-is-layout-d2da2050 wp-block-columns-is-layout-flex\" style=\"margin-bottom:0\">\n<div class=\"wp-block-column has-ast-global-color-0-background-color has-text-color has-background has-link-color wp-elements-8c1d739f7914a2d2efda4420f69e0598 is-layout-flow wp-block-column-is-layout-flow\" style=\"color:#000000;padding-top:2em;padding-right:2em;padding-bottom:2em;padding-left:2em\">\n<figure class=\"wp-block-image size-full\"><img loading=\"lazy\" decoding=\"async\" width=\"800\" height=\"800\" src=\"https:\/\/ehpadcentrecreusecombraille.fr\/ehpad-les-signolles\/wp-content\/uploads\/sites\/2\/2024\/06\/EHPA_DANSE_resultats-regionaux.png\" alt=\"\" class=\"wp-image-3684\" srcset=\"https:\/\/ehpadcentrecreusecombraille.fr\/ehpad-les-signolles\/wp-content\/uploads\/sites\/2\/2024\/06\/EHPA_DANSE_resultats-regionaux.png 800w, https:\/\/ehpadcentrecreusecombraille.fr\/ehpad-les-signolles\/wp-content\/uploads\/sites\/2\/2024\/06\/EHPA_DANSE_resultats-regionaux-768x768.png 768w\" sizes=\"auto, (max-width: 800px) 100vw, 800px\" \/><\/figure>\n<\/div>\n\n\n\n<div class=\"wp-block-column has-cyan-bluish-gray-background-color has-text-color has-background has-link-color wp-elements-4152e198f42112f556196abee4aaf733 is-layout-flow wp-block-column-is-layout-flow\" style=\"color:#000000;padding-top:2em;padding-right:2em;padding-bottom:2em;padding-left:2em\">\n<div class=\"wp-block-uagb-advanced-heading uagb-block-6e3593f0\"><h3 class=\"uagb-heading-text\"><strong>EHPA&rsquo;DANSE 2024<\/strong><\/h3><\/div>\n\n\n\n<p>L&rsquo;EHPAD \u00a0\u00bb Les Signolles\u00a0\u00bb est heureux de vous annoncer sa s\u00e9lection r\u00e9gionale au concours EHPA&rsquo;DANSE 2024 organis\u00e9 par la F\u00e9d\u00e9ration Fran\u00e7aise de Danse.<\/p>\n\n\n\n<p>R\u00e9sidents\u00b7es et personnel r\u00e9unis dans cette aventure cr\u00e9ative, joyeuse et enthousiaste sont fiers de vous pr\u00e9senter leur vid\u00e9o.<\/p>\n\n\n\n<figure class=\"wp-block-video\"><video height=\"1080\" style=\"aspect-ratio: 1920 \/ 1080;\" width=\"1920\" controls src=\"https:\/\/ehpadcentrecreusecombraille.fr\/ehpad-les-signolles\/wp-content\/uploads\/sites\/2\/2024\/06\/EHPADANSE-2024.mp4\"><\/video><\/figure>\n<\/div>\n<\/div>\n\n\n\n\t\t\t<div class=\"wp-block-uagb-post-carousel uagb-post-grid  uagb-post__image-position- uagb-post__image-enabled uagb-block-c27df424     uagb-post__arrow-outside uagb-slick-carousel uagb-post__items uagb-post__columns-3 is-carousel uagb-post__columns-tablet-2 uagb-post__columns-mobile-1 uagb-post__carousel_equal-height\" data-total=\"11\" style=\"\">\n\n\t\t\t\t\t\t\t\t\t\t\t\t<article class=\"uagb-post__inner-wrap\">\t\t\t\t\t\t\t\t<div class='uagb-post__image'>\n\t\t\t\t\t\t\t\t\t<a href=\"https:\/\/ehpadcentrecreusecombraille.fr\/ehpad-les-signolles\/bon-mois-davril\/\" target=\"_self\" rel=\"bookmark noopener noreferrer\"><img loading=\"lazy\" decoding=\"async\" width=\"2000\" height=\"1429\" src=\"https:\/\/ehpadcentrecreusecombraille.fr\/ehpad-les-signolles\/wp-content\/uploads\/sites\/2\/2026\/04\/3.png\" class=\"attachment-large size-large\" alt=\"\" srcset=\"https:\/\/ehpadcentrecreusecombraille.fr\/ehpad-les-signolles\/wp-content\/uploads\/sites\/2\/2026\/04\/3.png 2000w, https:\/\/ehpadcentrecreusecombraille.fr\/ehpad-les-signolles\/wp-content\/uploads\/sites\/2\/2026\/04\/3-768x549.png 768w, https:\/\/ehpadcentrecreusecombraille.fr\/ehpad-les-signolles\/wp-content\/uploads\/sites\/2\/2026\/04\/3-1536x1097.png 1536w\" sizes=\"auto, (max-width: 2000px) 100vw, 2000px\" \/>\t\t\t\t\t<\/a>\n\t\t\t\t\t\t\t\t\t<\/div>\n\t\t\t\t\t\t<h4 class=\"uagb-post__title uagb-post__text\">\n\t\t\t\t<a href=\"https:\/\/ehpadcentrecreusecombraille.fr\/ehpad-les-signolles\/bon-mois-davril\/\" target=\"_self\" rel=\"bookmark noopener noreferrer\">Bon mois d\u2019avril !<\/a>\n\t\t\t<\/h4>\n\t\t\t\t\t\t<div class='uagb-post__text uagb-post-grid-byline'>\n\t\t\t\t\t\t\t\t<time datetime=\"2026-04-03T16:28:50+02:00\" class=\"uagb-post__date\">\n\t\t\t\t<span class=\"dashicons-calendar dashicons\"><\/span>\t\t\t\t\t3 avril 2026\t\t\t\t<\/time>\n\t\t\t\t\t\t<\/div>\n\t\t\t\t\t\t\t<div class='uagb-post__text uagb-post__excerpt'>\n\t\t\t\t\tBon mois d\u2019avril !\t\t\t\t<\/div>\n\t\t\t\t\t\t<div class=\"uagb-post__text uagb-post__cta wp-block-button\">\n\t\t\t\t<a class=\"wp-block-button__link uagb-text-link\" style=\"\" href=\"https:\/\/ehpadcentrecreusecombraille.fr\/ehpad-les-signolles\/bon-mois-davril\/\" target=\"_self\" rel=\"bookmark noopener noreferrer\">Lire la suite<\/a>\n\t\t\t<\/div>\n\t\t\t\n\t\t\t\t\t\t\t\t\t<\/article>\n\t\t\t\t\t\t\t\t\t\t\t\t\t\t\t\t<article class=\"uagb-post__inner-wrap\">\t\t\t\t\t\t\t\t<div class='uagb-post__image'>\n\t\t\t\t\t\t\t\t\t<a href=\"https:\/\/ehpadcentrecreusecombraille.fr\/ehpad-les-signolles\/adieu-fevrier-bonjour-mars\/\" target=\"_self\" rel=\"bookmark noopener noreferrer\"><img loading=\"lazy\" decoding=\"async\" width=\"2000\" height=\"1429\" src=\"https:\/\/ehpadcentrecreusecombraille.fr\/ehpad-les-signolles\/wp-content\/uploads\/sites\/2\/2026\/03\/Couverture-sites-web.png\" class=\"attachment-large size-large\" alt=\"\" srcset=\"https:\/\/ehpadcentrecreusecombraille.fr\/ehpad-les-signolles\/wp-content\/uploads\/sites\/2\/2026\/03\/Couverture-sites-web.png 2000w, https:\/\/ehpadcentrecreusecombraille.fr\/ehpad-les-signolles\/wp-content\/uploads\/sites\/2\/2026\/03\/Couverture-sites-web-768x549.png 768w, https:\/\/ehpadcentrecreusecombraille.fr\/ehpad-les-signolles\/wp-content\/uploads\/sites\/2\/2026\/03\/Couverture-sites-web-1536x1097.png 1536w\" sizes=\"auto, (max-width: 2000px) 100vw, 2000px\" \/>\t\t\t\t\t<\/a>\n\t\t\t\t\t\t\t\t\t<\/div>\n\t\t\t\t\t\t<h4 class=\"uagb-post__title uagb-post__text\">\n\t\t\t\t<a href=\"https:\/\/ehpadcentrecreusecombraille.fr\/ehpad-les-signolles\/adieu-fevrier-bonjour-mars\/\" target=\"_self\" rel=\"bookmark noopener noreferrer\">Adieu f\u00e9vrier, bonjour mars !<\/a>\n\t\t\t<\/h4>\n\t\t\t\t\t\t<div class='uagb-post__text uagb-post-grid-byline'>\n\t\t\t\t\t\t\t\t<time datetime=\"2026-03-06T16:03:08+01:00\" class=\"uagb-post__date\">\n\t\t\t\t<span class=\"dashicons-calendar dashicons\"><\/span>\t\t\t\t\t6 mars 2026\t\t\t\t<\/time>\n\t\t\t\t\t\t<\/div>\n\t\t\t\t\t\t\t<div class='uagb-post__text uagb-post__excerpt'>\n\t\t\t\t\tAdieu f\u00e9vrier, bonjour mars !\t\t\t\t<\/div>\n\t\t\t\t\t\t<div class=\"uagb-post__text uagb-post__cta wp-block-button\">\n\t\t\t\t<a class=\"wp-block-button__link uagb-text-link\" style=\"\" href=\"https:\/\/ehpadcentrecreusecombraille.fr\/ehpad-les-signolles\/adieu-fevrier-bonjour-mars\/\" target=\"_self\" rel=\"bookmark noopener noreferrer\">Lire la suite<\/a>\n\t\t\t<\/div>\n\t\t\t\n\t\t\t\t\t\t\t\t\t<\/article>\n\t\t\t\t\t\t\t\t\t\t\t\t\t\t\t\t<article class=\"uagb-post__inner-wrap\">\t\t\t\t\t\t\t\t<div class='uagb-post__image'>\n\t\t\t\t\t\t\t\t\t<a href=\"https:\/\/ehpadcentrecreusecombraille.fr\/ehpad-les-signolles\/recrutement-infirmierere-de-nuit-h-f-en-ehpad-h-f-23-ajain\/\" target=\"_self\" rel=\"bookmark noopener noreferrer\"><img loading=\"lazy\" decoding=\"async\" width=\"2000\" height=\"1429\" src=\"https:\/\/ehpadcentrecreusecombraille.fr\/ehpad-les-signolles\/wp-content\/uploads\/sites\/2\/2026\/02\/Couverture-sites-web-1-1.png\" class=\"attachment-large size-large\" alt=\"\" srcset=\"https:\/\/ehpadcentrecreusecombraille.fr\/ehpad-les-signolles\/wp-content\/uploads\/sites\/2\/2026\/02\/Couverture-sites-web-1-1.png 2000w, https:\/\/ehpadcentrecreusecombraille.fr\/ehpad-les-signolles\/wp-content\/uploads\/sites\/2\/2026\/02\/Couverture-sites-web-1-1-768x549.png 768w, https:\/\/ehpadcentrecreusecombraille.fr\/ehpad-les-signolles\/wp-content\/uploads\/sites\/2\/2026\/02\/Couverture-sites-web-1-1-1536x1097.png 1536w\" sizes=\"auto, (max-width: 2000px) 100vw, 2000px\" \/>\t\t\t\t\t<\/a>\n\t\t\t\t\t\t\t\t\t<\/div>\n\t\t\t\t\t\t<h4 class=\"uagb-post__title uagb-post__text\">\n\t\t\t\t<a href=\"https:\/\/ehpadcentrecreusecombraille.fr\/ehpad-les-signolles\/recrutement-infirmierere-de-nuit-h-f-en-ehpad-h-f-23-ajain\/\" target=\"_self\" rel=\"bookmark noopener noreferrer\">Recrutement Infirmier(\u00e8re) de nuit (H\/F) en EHPAD (H\/F) 23 &#8211; Ajain<\/a>\n\t\t\t<\/h4>\n\t\t\t\t\t\t<div class='uagb-post__text uagb-post-grid-byline'>\n\t\t\t\t\t\t\t\t<time datetime=\"2026-02-13T09:54:41+01:00\" class=\"uagb-post__date\">\n\t\t\t\t<span class=\"dashicons-calendar dashicons\"><\/span>\t\t\t\t\t13 f\u00e9vrier 2026\t\t\t\t<\/time>\n\t\t\t\t\t\t<\/div>\n\t\t\t\t\t\t\t<div class='uagb-post__text uagb-post__excerpt'>\n\t\t\t\t\tRecrutement IDE de nuit \u00e0 l&rsquo;EHPAD\t\t\t\t<\/div>\n\t\t\t\t\t\t<div class=\"uagb-post__text uagb-post__cta wp-block-button\">\n\t\t\t\t<a class=\"wp-block-button__link uagb-text-link\" style=\"\" href=\"https:\/\/ehpadcentrecreusecombraille.fr\/ehpad-les-signolles\/recrutement-infirmierere-de-nuit-h-f-en-ehpad-h-f-23-ajain\/\" target=\"_self\" rel=\"bookmark noopener noreferrer\">Lire la suite<\/a>\n\t\t\t<\/div>\n\t\t\t\n\t\t\t\t\t\t\t\t\t<\/article>\n\t\t\t\t\t\t\t\t\t\t\t\t\t\t\t\t<article class=\"uagb-post__inner-wrap\">\t\t\t\t\t\t\t\t<div class='uagb-post__image'>\n\t\t\t\t\t\t\t\t\t<a href=\"https:\/\/ehpadcentrecreusecombraille.fr\/ehpad-les-signolles\/recrutement-infirmier-infirmiere-en-ehpad-h-f-23-boussac\/\" target=\"_self\" rel=\"bookmark noopener noreferrer\"><img loading=\"lazy\" decoding=\"async\" width=\"2000\" height=\"1429\" src=\"https:\/\/ehpadcentrecreusecombraille.fr\/ehpad-les-signolles\/wp-content\/uploads\/sites\/2\/2026\/02\/Couverture-sites-web-2.png\" class=\"attachment-large size-large\" alt=\"\" srcset=\"https:\/\/ehpadcentrecreusecombraille.fr\/ehpad-les-signolles\/wp-content\/uploads\/sites\/2\/2026\/02\/Couverture-sites-web-2.png 2000w, https:\/\/ehpadcentrecreusecombraille.fr\/ehpad-les-signolles\/wp-content\/uploads\/sites\/2\/2026\/02\/Couverture-sites-web-2-768x549.png 768w, https:\/\/ehpadcentrecreusecombraille.fr\/ehpad-les-signolles\/wp-content\/uploads\/sites\/2\/2026\/02\/Couverture-sites-web-2-1536x1097.png 1536w\" sizes=\"auto, (max-width: 2000px) 100vw, 2000px\" \/>\t\t\t\t\t<\/a>\n\t\t\t\t\t\t\t\t\t<\/div>\n\t\t\t\t\t\t<h4 class=\"uagb-post__title uagb-post__text\">\n\t\t\t\t<a href=\"https:\/\/ehpadcentrecreusecombraille.fr\/ehpad-les-signolles\/recrutement-infirmier-infirmiere-en-ehpad-h-f-23-boussac\/\" target=\"_self\" rel=\"bookmark noopener noreferrer\">Recrutement Infirmier \/ Infirmi\u00e8re en EHPAD (H\/F) 23 &#8211; BOUSSAC<\/a>\n\t\t\t<\/h4>\n\t\t\t\t\t\t<div class='uagb-post__text uagb-post-grid-byline'>\n\t\t\t\t\t\t\t\t<time datetime=\"2026-02-11T12:07:17+01:00\" class=\"uagb-post__date\">\n\t\t\t\t<span class=\"dashicons-calendar dashicons\"><\/span>\t\t\t\t\t11 f\u00e9vrier 2026\t\t\t\t<\/time>\n\t\t\t\t\t\t<\/div>\n\t\t\t\t\t\t\t<div class='uagb-post__text uagb-post__excerpt'>\n\t\t\t\t\tRecrutement IDE \u00e0 l&rsquo;EHPAD\t\t\t\t<\/div>\n\t\t\t\t\t\t<div class=\"uagb-post__text uagb-post__cta wp-block-button\">\n\t\t\t\t<a class=\"wp-block-button__link uagb-text-link\" style=\"\" href=\"https:\/\/ehpadcentrecreusecombraille.fr\/ehpad-les-signolles\/recrutement-infirmier-infirmiere-en-ehpad-h-f-23-boussac\/\" target=\"_self\" rel=\"bookmark noopener noreferrer\">Lire la suite<\/a>\n\t\t\t<\/div>\n\t\t\t\n\t\t\t\t\t\t\t\t\t<\/article>\n\t\t\t\t\t\t\t\t\t\t\t\t\t\t\t\t<article class=\"uagb-post__inner-wrap\">\t\t\t\t\t\t\t\t<div class='uagb-post__image'>\n\t\t\t\t\t\t\t\t\t<a href=\"https:\/\/ehpadcentrecreusecombraille.fr\/ehpad-les-signolles\/fevrier-a-lehpad-les-signolles\/\" target=\"_self\" rel=\"bookmark noopener noreferrer\"><img loading=\"lazy\" decoding=\"async\" width=\"2000\" height=\"1429\" src=\"https:\/\/ehpadcentrecreusecombraille.fr\/ehpad-les-signolles\/wp-content\/uploads\/sites\/2\/2026\/02\/Couverture-sites-web.png\" class=\"attachment-large size-large\" alt=\"\" srcset=\"https:\/\/ehpadcentrecreusecombraille.fr\/ehpad-les-signolles\/wp-content\/uploads\/sites\/2\/2026\/02\/Couverture-sites-web.png 2000w, https:\/\/ehpadcentrecreusecombraille.fr\/ehpad-les-signolles\/wp-content\/uploads\/sites\/2\/2026\/02\/Couverture-sites-web-768x549.png 768w, https:\/\/ehpadcentrecreusecombraille.fr\/ehpad-les-signolles\/wp-content\/uploads\/sites\/2\/2026\/02\/Couverture-sites-web-1536x1097.png 1536w\" sizes=\"auto, (max-width: 2000px) 100vw, 2000px\" \/>\t\t\t\t\t<\/a>\n\t\t\t\t\t\t\t\t\t<\/div>\n\t\t\t\t\t\t<h4 class=\"uagb-post__title uagb-post__text\">\n\t\t\t\t<a href=\"https:\/\/ehpadcentrecreusecombraille.fr\/ehpad-les-signolles\/fevrier-a-lehpad-les-signolles\/\" target=\"_self\" rel=\"bookmark noopener noreferrer\">F\u00e9vrier \u00e0 l\u2019EHPAD Les Signolles<\/a>\n\t\t\t<\/h4>\n\t\t\t\t\t\t<div class='uagb-post__text uagb-post-grid-byline'>\n\t\t\t\t\t\t\t\t<time datetime=\"2026-02-03T13:30:43+01:00\" class=\"uagb-post__date\">\n\t\t\t\t<span class=\"dashicons-calendar dashicons\"><\/span>\t\t\t\t\t3 f\u00e9vrier 2026\t\t\t\t<\/time>\n\t\t\t\t\t\t<\/div>\n\t\t\t\t\t\t\t<div class='uagb-post__text uagb-post__excerpt'>\n\t\t\t\t\tF\u00e9vrier \u00e0 l\u2019EHPAD Les Signolles\t\t\t\t<\/div>\n\t\t\t\t\t\t<div class=\"uagb-post__text uagb-post__cta wp-block-button\">\n\t\t\t\t<a class=\"wp-block-button__link uagb-text-link\" style=\"\" href=\"https:\/\/ehpadcentrecreusecombraille.fr\/ehpad-les-signolles\/fevrier-a-lehpad-les-signolles\/\" target=\"_self\" rel=\"bookmark noopener noreferrer\">Lire la suite<\/a>\n\t\t\t<\/div>\n\t\t\t\n\t\t\t\t\t\t\t\t\t<\/article>\n\t\t\t\t\t\t\t\t\t\t\t\t\t\t\t\t<article class=\"uagb-post__inner-wrap\">\t\t\t\t\t\t\t\t<div class='uagb-post__image'>\n\t\t\t\t\t\t\t\t\t<a href=\"https:\/\/ehpadcentrecreusecombraille.fr\/ehpad-les-signolles\/mise-en-place-de-loutil-hublo-a-lehpad-eugene-romaine\/\" target=\"_self\" rel=\"bookmark noopener noreferrer\"><img loading=\"lazy\" decoding=\"async\" width=\"2000\" height=\"1429\" src=\"https:\/\/ehpadcentrecreusecombraille.fr\/ehpad-les-signolles\/wp-content\/uploads\/sites\/2\/2026\/01\/Couverture-sites-web.png\" class=\"attachment-large size-large\" alt=\"\" srcset=\"https:\/\/ehpadcentrecreusecombraille.fr\/ehpad-les-signolles\/wp-content\/uploads\/sites\/2\/2026\/01\/Couverture-sites-web.png 2000w, https:\/\/ehpadcentrecreusecombraille.fr\/ehpad-les-signolles\/wp-content\/uploads\/sites\/2\/2026\/01\/Couverture-sites-web-768x549.png 768w, https:\/\/ehpadcentrecreusecombraille.fr\/ehpad-les-signolles\/wp-content\/uploads\/sites\/2\/2026\/01\/Couverture-sites-web-1536x1097.png 1536w\" sizes=\"auto, (max-width: 2000px) 100vw, 2000px\" \/>\t\t\t\t\t<\/a>\n\t\t\t\t\t\t\t\t\t<\/div>\n\t\t\t\t\t\t<h4 class=\"uagb-post__title uagb-post__text\">\n\t\t\t\t<a href=\"https:\/\/ehpadcentrecreusecombraille.fr\/ehpad-les-signolles\/mise-en-place-de-loutil-hublo-a-lehpad-eugene-romaine\/\" target=\"_self\" rel=\"bookmark noopener noreferrer\">Mise en place de l&rsquo;outil Hublo \u00e0 l&rsquo;EHPAD Eug\u00e8ne Romaine<\/a>\n\t\t\t<\/h4>\n\t\t\t\t\t\t<div class='uagb-post__text uagb-post-grid-byline'>\n\t\t\t\t\t\t\t\t<time datetime=\"2026-01-29T15:18:47+01:00\" class=\"uagb-post__date\">\n\t\t\t\t<span class=\"dashicons-calendar dashicons\"><\/span>\t\t\t\t\t29 janvier 2026\t\t\t\t<\/time>\n\t\t\t\t\t\t<\/div>\n\t\t\t\t\t\t\t<div class='uagb-post__text uagb-post__excerpt'>\n\t\t\t\t\tHublo\t\t\t\t<\/div>\n\t\t\t\t\t\t<div class=\"uagb-post__text uagb-post__cta wp-block-button\">\n\t\t\t\t<a class=\"wp-block-button__link uagb-text-link\" style=\"\" href=\"https:\/\/ehpadcentrecreusecombraille.fr\/ehpad-les-signolles\/mise-en-place-de-loutil-hublo-a-lehpad-eugene-romaine\/\" target=\"_self\" rel=\"bookmark noopener noreferrer\">Lire la suite<\/a>\n\t\t\t<\/div>\n\t\t\t\n\t\t\t\t\t\t\t\t\t<\/article>\n\t\t\t\t\t\t\t\t\t\t\t<\/div>\n\t\t\t<\/div><\/div>\n\n\n\n<div class=\"wp-block-columns has-ast-global-color-6-background-color has-background is-layout-flex wp-container-core-columns-is-layout-28f84493 wp-block-columns-is-layout-flex\">\n<div class=\"wp-block-column is-layout-flow wp-block-column-is-layout-flow\">\n<div class=\"wp-block-uagb-advanced-heading uagb-block-cc0db3fa\"><h4 class=\"uagb-heading-text\">Nous attachons une grande importance \u00e0 ce que vous vous sentiez chez vous lors de votre s\u00e9jour parmi nous.<\/h4><\/div>\n\n\n\n<div class=\"wp-block-group is-layout-constrained wp-block-group-is-layout-constrained\">\n<div class=\"wp-block-columns is-layout-flex wp-container-core-columns-is-layout-28f84493 wp-block-columns-is-layout-flex\">\n<div class=\"wp-block-column is-layout-flow wp-block-column-is-layout-flow\" style=\"flex-basis:450px\">      \n\t\t\t<div class=\"uagb-icon-wrapper uagb-block-7440a5eb      \"\n\t\t\tstyle=\"\" >\n\t\t\t\t\t\t\t\t\t<span class=\"uagb-svg-wrapper\" \n\t\t\t\t\t aria-label=\"angles-left\"\t\t\t\t\ttabindex=\"0\">\t\t\n\t\t\t\t\t\t\t\t\t\t<svg xmlns=\"https:\/\/www.w3.org\/2000\/svg\" viewBox= \"0 0 448 512\" role=\"graphics-symbol\" aria-hidden=\"false\" aria-label=\"\"><path d=\"M77.25 256l137.4-137.4c12.5-12.5 12.5-32.75 0-45.25s-32.75-12.5-45.25 0l-160 160c-12.5 12.5-12.5 32.75 0 45.25l160 160C175.6 444.9 183.8 448 192 448s16.38-3.125 22.62-9.375c12.5-12.5 12.5-32.75 0-45.25L77.25 256zM269.3 256l137.4-137.4c12.5-12.5 12.5-32.75 0-45.25s-32.75-12.5-45.25 0l-160 160c-12.5 12.5-12.5 32.75 0 45.25l160 160C367.6 444.9 375.8 448 384 448s16.38-3.125 22.62-9.375c12.5-12.5 12.5-32.75 0-45.25L269.3 256z\"><\/path><\/svg>\n\t\t\t\t\t\t\t\t\t<\/span>\n\t\t\t\t\t\t\t<\/div>\n\t\t\t<\/div>\n\n\n\n<div class=\"wp-block-column is-layout-flow wp-block-column-is-layout-flow\">\n<p class=\"has-black-color has-text-color\">Bienvenue \u00e0 l&rsquo;EHPAD Les Signolles !<\/p>\n\n\n\n<p class=\"has-black-color has-text-color\">Au nom de toute l&rsquo;\u00e9quipe, c&rsquo;est avec une immense joie que je vous accueille sur notre site web. Ici, nous vous invitons \u00e0 explorer notre univers de soins, de chaleur humaine et de bien-\u00eatre. Notre EHPAD est bien plus qu&rsquo;un \u00e9tablissement d&rsquo;h\u00e9bergement, c&rsquo;est un foyer o\u00f9 chaque r\u00e9sident est au c\u0153ur de nos pr\u00e9occupations.<\/p>\n\n\n\n<p class=\"has-black-color has-text-color\">Nous sommes l\u00e0 pour rendre votre s\u00e9jour, qu&rsquo;il soit permanent ou temporaire, aussi confortable et agr\u00e9able que possible. Explorez notre site pour en savoir plus sur nos services, les \u00e9quipes qui composent notre \u00e9tablissement, ainsi que les valeurs qui guident notre action au quotidien.<\/p>\n\n\n\n<p class=\"has-black-color has-text-color\">N&rsquo;h\u00e9sitez pas \u00e0 nous contacter pour toute question ou pour organiser une visite. Nous avons h\u00e2te de vous accueillir.<\/p>\n\n\n\n<p class=\"has-black-color has-text-color\">\u00c0 bient\u00f4t parmi nous !<\/p>\n\n\n\n<p class=\"has-black-color has-text-color\"><strong>L&rsquo;\u00e9quipe de l&rsquo;EHPAD Les Signolles<\/strong><\/p>\n<\/div>\n<\/div>\n<\/div>\n<\/div>\n<\/div>\n\n\n\n<div class=\"wp-block-columns is-layout-flex wp-container-core-columns-is-layout-701c2d95 wp-block-columns-is-layout-flex\" style=\"padding-top:var(--wp--preset--spacing--80);padding-bottom:var(--wp--preset--spacing--80)\">\n<div class=\"wp-block-column is-layout-flow wp-block-column-is-layout-flow\">\n<div class=\"wp-block-columns is-layout-flex wp-container-core-columns-is-layout-28f84493 wp-block-columns-is-layout-flex\">\n<div class=\"wp-block-column is-layout-flow wp-block-column-is-layout-flow\">\n<div class=\"wp-block-uagb-info-box uagb-block-ec611ffd uagb-infobox__content-wrap  uagb-infobox-icon-above-title uagb-infobox-image-valign-top\"><div class=\"uagb-ifb-content\"><div class=\"uagb-ifb-title-wrap\"><span class=\"uagb-ifb-title-prefix\">\u00c0 propos <\/span><h4 class=\"uagb-ifb-title\">Situ\u00e9 au c\u0153ur de la charmante commune d&rsquo; Ajain, en Creuse, <\/h4><\/div><p class=\"uagb-ifb-desc\">l&rsquo;EHPAD Les Signolles se distingue en tant que plus grand \u00e9tablissement m\u00e9dico-social autonome du d\u00e9partement.<br>Notre \u00e9tablissement offre une gamme compl\u00e8te de services pour r\u00e9pondre aux besoins de nos r\u00e9sidents, notamment un h\u00e9bergement permanent de 203 lits, un h\u00e9bergement temporaire de 8 lits, un accueil de jour de 9 places, un Service de Soins Infirmiers \u00e0 Domicile (SSIAD) de 28 places et un service de portage de repas \u00e0 domicile.<\/p><div class=\"uagb-ifb-button-wrapper wp-block-button\"><a href=\"https:\/\/ehpadcentrecreusecombraille.fr\/ehpad-les-signolles\/notre-ehpad-hier-et-demain\/\" class=\"uagb-infobox-cta-link wp-block-button__link\" target=\"_self\" rel=\"noopener noreferrer\" onclick=\"return true;\"><span class=\"uagb-inline-editing\">En savoir plus<\/span><svg xmlns=\"https:\/\/www.w3.org\/2000\/svg\" viewBox=\"0 0 512 512\"><path d=\"M504.3 273.6l-112.1 104c-6.992 6.484-17.18 8.218-25.94 4.406c-8.758-3.812-14.42-12.45-14.42-21.1L351.9 288H32C14.33 288 .0002 273.7 .0002 255.1S14.33 224 32 224h319.9l0-72c0-9.547 5.66-18.19 14.42-22c8.754-3.809 18.95-2.075 25.94 4.41l112.1 104C514.6 247.9 514.6 264.1 504.3 273.6z\"><\/path><\/svg><\/a><\/div><\/div><\/div>\n<\/div>\n\n\n\n<div class=\"wp-block-column is-layout-flow wp-block-column-is-layout-flow\">\n<figure class=\"wp-block-image aligncenter size-large is-resized\"><img loading=\"lazy\" decoding=\"async\" width=\"1024\" height=\"560\" src=\"https:\/\/ehpadcentrecreusecombraille.fr\/ehpad-les-signolles\/wp-content\/uploads\/sites\/2\/2023\/11\/Capt-24-1024x560.png\" alt=\"\" class=\"wp-image-2486\" style=\"width:583px;height:auto\" srcset=\"https:\/\/ehpadcentrecreusecombraille.fr\/ehpad-les-signolles\/wp-content\/uploads\/sites\/2\/2023\/11\/Capt-24-1024x560.png 1024w, https:\/\/ehpadcentrecreusecombraille.fr\/ehpad-les-signolles\/wp-content\/uploads\/sites\/2\/2023\/11\/Capt-24-300x164.png 300w, https:\/\/ehpadcentrecreusecombraille.fr\/ehpad-les-signolles\/wp-content\/uploads\/sites\/2\/2023\/11\/Capt-24-768x420.png 768w, https:\/\/ehpadcentrecreusecombraille.fr\/ehpad-les-signolles\/wp-content\/uploads\/sites\/2\/2023\/11\/Capt-24-1536x839.png 1536w, https:\/\/ehpadcentrecreusecombraille.fr\/ehpad-les-signolles\/wp-content\/uploads\/sites\/2\/2023\/11\/Capt-24.png 1720w\" sizes=\"auto, (max-width: 1024px) 100vw, 1024px\" \/><\/figure>\n<\/div>\n<\/div>\n<\/div>\n<\/div>\n\n\n\n<div class=\"wp-block-uagb-container uagb-block-0c84664a alignfull uagb-is-root-container\"><div class=\"uagb-container-inner-blocks-wrap\">\n<div class=\"wp-block-uagb-info-box uagb-block-d8b4c5a2 uagb-infobox__content-wrap  uagb-infobox-icon-above-title uagb-infobox-image-valign-top\"><div class=\"uagb-ifb-content\"><div class=\"uagb-ifb-title-wrap\"><h1 class=\"uagb-ifb-title\">Des questions ?<\/h1><\/div><p class=\"uagb-ifb-desc\">Contactez-nous, nous vous r\u00e9pondrons dans les meilleurs d\u00e9lais.<\/p><div class=\"uagb-ifb-button-wrapper wp-block-button\"><a href=\"contact\" class=\"uagb-infobox-cta-link wp-block-button__link\" target=\"_self\" rel=\"noopener noreferrer\" onclick=\"return true;\"><span class=\"uagb-inline-editing\">Nous contacter<\/span><\/a><\/div><\/div><\/div>\n<\/div><\/div>\n","protected":false},"excerpt":{"rendered":"<p>EHPAD Notre actualit\u00e9 EHPA&rsquo;DANSE 2024 L&rsquo;EHPAD \u00a0\u00bb Les Signolles\u00a0\u00bb est heureux de vous annoncer sa s\u00e9lection r\u00e9gionale au concours EHPA&rsquo;DANSE [&hellip;]<\/p>\n","protected":false},"author":1,"featured_media":0,"parent":0,"menu_order":0,"comment_status":"closed","ping_status":"closed","template":"","meta":{"_uag_custom_page_level_css":"","site-sidebar-layout":"no-sidebar","site-content-layout":"page-builder","ast-site-content-layout":"full-width-container","site-content-style":"unboxed","site-sidebar-style":"unboxed","ast-global-header-display":"","ast-banner-title-visibility":"","ast-main-header-display":"","ast-hfb-above-header-display":"","ast-hfb-below-header-display":"","ast-hfb-mobile-header-display":"","site-post-title":"disabled","ast-breadcrumbs-content":"","ast-featured-img":"disabled","footer-sml-layout":"","ast-disable-related-posts":"","theme-transparent-header-meta":"enabled","adv-header-id-meta":"","stick-header-meta":"","header-above-stick-meta":"","header-main-stick-meta":"","header-below-stick-meta":"","astra-migrate-meta-layouts":"set","ast-page-background-enabled":"default","ast-page-background-meta":{"desktop":{"background-color":"var(--ast-global-color-4)","background-image":"","background-repeat":"repeat","background-position":"center center","background-size":"auto","background-attachment":"scroll","background-type":"","background-media":"","overlay-type":"","overlay-color":"","overlay-opacity":"","overlay-gradient":""},"tablet":{"background-color":"","background-image":"","background-repeat":"repeat","background-position":"center center","background-size":"auto","background-attachment":"scroll","background-type":"","background-media":"","overlay-type":"","overlay-color":"","overlay-opacity":"","overlay-gradient":""},"mobile":{"background-color":"","background-image":"","background-repeat":"repeat","background-position":"center center","background-size":"auto","background-attachment":"scroll","background-type":"","background-media":"","overlay-type":"","overlay-color":"","overlay-opacity":"","overlay-gradient":""}},"ast-content-background-meta":{"desktop":{"background-color":"var(--ast-global-color-5)","background-image":"","background-repeat":"repeat","background-position":"center center","background-size":"auto","background-attachment":"scroll","background-type":"","background-media":"","overlay-type":"","overlay-color":"","overlay-opacity":"","overlay-gradient":""},"tablet":{"background-color":"var(--ast-global-color-5)","background-image":"","background-repeat":"repeat","background-position":"center center","background-size":"auto","background-attachment":"scroll","background-type":"","background-media":"","overlay-type":"","overlay-color":"","overlay-opacity":"","overlay-gradient":""},"mobile":{"background-color":"var(--ast-global-color-5)","background-image":"","background-repeat":"repeat","background-position":"center center","background-size":"auto","background-attachment":"scroll","background-type":"","background-media":"","overlay-type":"","overlay-color":"","overlay-opacity":"","overlay-gradient":""}},"footnotes":""},"class_list":["post-1322","page","type-page","status-publish","hentry"],"uagb_featured_image_src":{"full":false,"thumbnail":false,"medium":false,"medium_large":false,"large":false,"1536x1536":false,"2048x2048":false},"uagb_author_info":{"display_name":"Le Maillon","author_link":"https:\/\/ehpadcentrecreusecombraille.fr\/ehpad-les-signolles\/author\/le-maillon\/"},"uagb_comment_info":0,"uagb_excerpt":"EHPAD Notre actualit\u00e9 EHPA&rsquo;DANSE 2024 L&rsquo;EHPAD \u00a0\u00bb Les Signolles\u00a0\u00bb est heureux de vous annoncer sa s\u00e9lection r\u00e9gionale au concours EHPA&rsquo;DANSE [&hellip;]","_links":{"self":[{"href":"https:\/\/ehpadcentrecreusecombraille.fr\/ehpad-les-signolles\/wp-json\/wp\/v2\/pages\/1322","targetHints":{"allow":["GET"]}}],"collection":[{"href":"https:\/\/ehpadcentrecreusecombraille.fr\/ehpad-les-signolles\/wp-json\/wp\/v2\/pages"}],"about":[{"href":"https:\/\/ehpadcentrecreusecombraille.fr\/ehpad-les-signolles\/wp-json\/wp\/v2\/types\/page"}],"author":[{"embeddable":true,"href":"https:\/\/ehpadcentrecreusecombraille.fr\/ehpad-les-signolles\/wp-json\/wp\/v2\/users\/1"}],"replies":[{"embeddable":true,"href":"https:\/\/ehpadcentrecreusecombraille.fr\/ehpad-les-signolles\/wp-json\/wp\/v2\/comments?post=1322"}],"version-history":[{"count":5,"href":"https:\/\/ehpadcentrecreusecombraille.fr\/ehpad-les-signolles\/wp-json\/wp\/v2\/pages\/1322\/revisions"}],"predecessor-version":[{"id":4300,"href":"https:\/\/ehpadcentrecreusecombraille.fr\/ehpad-les-signolles\/wp-json\/wp\/v2\/pages\/1322\/revisions\/4300"}],"wp:attachment":[{"href":"https:\/\/ehpadcentrecreusecombraille.fr\/ehpad-les-signolles\/wp-json\/wp\/v2\/media?parent=1322"}],"curies":[{"name":"wp","href":"https:\/\/api.w.org\/{rel}","templated":true}]}}