{"id":1817,"date":"2023-12-11T15:44:14","date_gmt":"2023-12-11T14:44:14","guid":{"rendered":"https:\/\/ehpadcentrecreusecombraille.fr\/centre-de-ressources\/?page_id=1817"},"modified":"2025-09-25T14:47:59","modified_gmt":"2025-09-25T12:47:59","slug":"fonctionnement","status":"publish","type":"page","link":"https:\/\/ehpadcentrecreusecombraille.fr\/centre-de-ressources\/fonctionnement\/","title":{"rendered":"Notre \u00e9quipe"},"content":{"rendered":"\n<div class=\"wp-block-uagb-container uagb-block-3ad17e27 alignfull uagb-is-root-container\"><div class=\"uagb-container-inner-blocks-wrap\">\n<div class=\"wp-block-uagb-advanced-heading uagb-block-8a1eebc0\"><h1 class=\"uagb-heading-text\">Notre \u00e9quipe<\/h1><\/div>\n<\/div><\/div>\n\n\n\n<div class=\"wp-block-columns has-ast-global-color-0-background-color has-background is-layout-flex wp-container-core-columns-is-layout-28f84493 wp-block-columns-is-layout-flex\">\n<div class=\"wp-block-column is-layout-flow wp-block-column-is-layout-flow\">\n<div class=\"wp-block-uagb-advanced-heading uagb-block-cd88af7e\"><h2 class=\"uagb-heading-text\">UNE \u00c9QUIPE PLURIDISCIPLINAIRE<\/h2><\/div>\n\n\n\n<p class=\"has-text-align-center\">Au sein du CRT, une \u00e9quipe d\u00e9di\u00e9e travaille conjointement avec les partenaires pour assurer une approche compl\u00e8te et coordonn\u00e9e. L&rsquo;engagement et la compl\u00e9mentarit\u00e9 des membres de l&rsquo;\u00e9quipe contribuent \u00e0 la r\u00e9alisation des objectifs du projet.<\/p>\n<\/div>\n<\/div>\n\n\n\n<div class=\"wp-block-columns alignwide has-ast-global-color-3-background-color has-background is-layout-flex wp-container-core-columns-is-layout-d2da2050 wp-block-columns-is-layout-flex\" style=\"margin-bottom:0\">\n<div class=\"wp-block-column has-ast-global-color-1-background-color has-text-color has-background has-link-color wp-elements-ced64f301c620e3b07b93c7c831b285f is-layout-flow wp-block-column-is-layout-flow\" style=\"color:#000000;padding-top:2em;padding-right:2em;padding-bottom:2em;padding-left:2em\">\n<figure class=\"wp-block-image size-full is-resized\"><img loading=\"lazy\" decoding=\"async\" width=\"512\" height=\"512\" src=\"https:\/\/ehpadcentrecreusecombraille.fr\/centre-de-ressources\/wp-content\/uploads\/sites\/8\/2024\/02\/direction.png\" alt=\"\" class=\"wp-image-2130\" style=\"width:92px;height:auto\" srcset=\"https:\/\/ehpadcentrecreusecombraille.fr\/centre-de-ressources\/wp-content\/uploads\/sites\/8\/2024\/02\/direction.png 512w, https:\/\/ehpadcentrecreusecombraille.fr\/centre-de-ressources\/wp-content\/uploads\/sites\/8\/2024\/02\/direction-300x300.png 300w, https:\/\/ehpadcentrecreusecombraille.fr\/centre-de-ressources\/wp-content\/uploads\/sites\/8\/2024\/02\/direction-150x150.png 150w\" sizes=\"auto, (max-width: 512px) 100vw, 512px\" \/><\/figure>\n\n\n\n<hr class=\"wp-block-separator has-text-color has-ast-global-color-0-color has-alpha-channel-opacity has-ast-global-color-0-background-color has-background is-style-wide\"\/>\n\n\n\n<div class=\"wp-block-uagb-advanced-heading uagb-block-309dd690\"><h3 class=\"uagb-heading-text\"><strong>Porteurs du projet<\/strong><\/h3><\/div>\n\n\n\n<p class=\"has-ast-global-color-3-color has-text-color has-link-color wp-elements-ed6cc02e9ad6c628e03cdd1ae24e39c2\"><strong>Le CRT est port\u00e9 par l&rsquo;EHPAD Les Signolles d&rsquo;Ajain et le SSIAD de Genouillac, repr\u00e9sent\u00e9 par leurs directeurs. Leur mission principale est de veiller \u00e0 la mise en \u0153uvre du projet conform\u00e9ment aux cahier des charges publi\u00e9 par l&rsquo;ARS Nouvelle-Aquitaine.<\/strong><\/p>\n<\/div>\n\n\n\n<div class=\"wp-block-column has-ast-global-color-5-background-color has-text-color has-background has-link-color wp-elements-9ba2b4d0394c6916aad364da0a4bbbf2 is-layout-flow wp-block-column-is-layout-flow\" style=\"color:#000000;padding-top:2em;padding-right:2em;padding-bottom:2em;padding-left:2em\">\n<figure class=\"wp-block-image size-full is-resized\"><img loading=\"lazy\" decoding=\"async\" width=\"512\" height=\"512\" src=\"https:\/\/ehpadcentrecreusecombraille.fr\/centre-de-ressources\/wp-content\/uploads\/sites\/8\/2024\/02\/social-care.png\" alt=\"\" class=\"wp-image-2141\" style=\"width:93px;height:auto\" srcset=\"https:\/\/ehpadcentrecreusecombraille.fr\/centre-de-ressources\/wp-content\/uploads\/sites\/8\/2024\/02\/social-care.png 512w, https:\/\/ehpadcentrecreusecombraille.fr\/centre-de-ressources\/wp-content\/uploads\/sites\/8\/2024\/02\/social-care-300x300.png 300w, https:\/\/ehpadcentrecreusecombraille.fr\/centre-de-ressources\/wp-content\/uploads\/sites\/8\/2024\/02\/social-care-150x150.png 150w\" sizes=\"auto, (max-width: 512px) 100vw, 512px\" \/><\/figure>\n\n\n\n<hr class=\"wp-block-separator has-text-color has-ast-global-color-0-color has-alpha-channel-opacity has-ast-global-color-0-background-color has-background is-style-wide\"\/>\n\n\n\n<div class=\"wp-block-uagb-advanced-heading uagb-block-807d825c\"><h3 class=\"uagb-heading-text\"><strong>Responsable du CRT<\/strong><\/h3><\/div>\n\n\n\n<p>La responsable du CRT pilote sa mise en place sur les deux volets. Elle s&rsquo;assure que les \u00e9quipes disposent des moyens n\u00e9cessaires pour accomplir leurs missions et garantit le bon d\u00e9roulement de chaque action.<\/p>\n<\/div>\n\n\n\n<div class=\"wp-block-column has-ast-global-color-1-background-color has-text-color has-background has-link-color wp-elements-381a4742093a6b092dd5f35acc84c299 is-layout-flow wp-block-column-is-layout-flow\" style=\"color:#000000;padding-top:2em;padding-right:2em;padding-bottom:2em;padding-left:2em\">\n<figure class=\"wp-block-image size-full is-resized\"><img loading=\"lazy\" decoding=\"async\" width=\"512\" height=\"512\" src=\"https:\/\/ehpadcentrecreusecombraille.fr\/centre-de-ressources\/wp-content\/uploads\/sites\/8\/2024\/02\/social.png\" alt=\"\" class=\"wp-image-2122\" style=\"width:87px;height:auto\" srcset=\"https:\/\/ehpadcentrecreusecombraille.fr\/centre-de-ressources\/wp-content\/uploads\/sites\/8\/2024\/02\/social.png 512w, https:\/\/ehpadcentrecreusecombraille.fr\/centre-de-ressources\/wp-content\/uploads\/sites\/8\/2024\/02\/social-300x300.png 300w, https:\/\/ehpadcentrecreusecombraille.fr\/centre-de-ressources\/wp-content\/uploads\/sites\/8\/2024\/02\/social-150x150.png 150w\" sizes=\"auto, (max-width: 512px) 100vw, 512px\" \/><\/figure>\n\n\n\n<hr class=\"wp-block-separator has-text-color has-ast-global-color-0-color has-alpha-channel-opacity has-ast-global-color-0-background-color has-background is-style-wide\"\/>\n\n\n\n<div class=\"wp-block-uagb-advanced-heading uagb-block-fdd35349\"><h3 class=\"uagb-heading-text\"><strong>Assistante sociale<\/strong><\/h3><\/div>\n\n\n\n<p class=\"has-ast-global-color-3-color has-text-color has-link-color wp-elements-534330a010d471a19520127bf560705e\"><strong>Les missions de l&rsquo;assistante sociale prennent en compte la participation aux commissions d&rsquo;admission, le maintien des liens avec les acteurs sociaux, le suivi direct de certains dossiers, etc. Elle assure \u00e9galement certaines missions sur le premier volet d\u00e9di\u00e9 \u00e0 la pr\u00e9vention et l&rsquo;appui aux professionnels.<\/strong><\/p>\n<\/div>\n\n\n\n<div class=\"wp-block-column has-ast-global-color-5-background-color has-text-color has-background has-link-color wp-elements-34040f4a653fee092d44d6f92b6ba968 is-layout-flow wp-block-column-is-layout-flow\" style=\"color:#000000;padding-top:2em;padding-right:2em;padding-bottom:2em;padding-left:2em\">\n<figure class=\"wp-block-image size-full is-resized\"><img loading=\"lazy\" decoding=\"async\" width=\"512\" height=\"512\" src=\"https:\/\/ehpadcentrecreusecombraille.fr\/centre-de-ressources\/wp-content\/uploads\/sites\/8\/2024\/02\/healthcare.png\" alt=\"\" class=\"wp-image-2127\" style=\"width:81px;height:auto\" srcset=\"https:\/\/ehpadcentrecreusecombraille.fr\/centre-de-ressources\/wp-content\/uploads\/sites\/8\/2024\/02\/healthcare.png 512w, https:\/\/ehpadcentrecreusecombraille.fr\/centre-de-ressources\/wp-content\/uploads\/sites\/8\/2024\/02\/healthcare-300x300.png 300w, https:\/\/ehpadcentrecreusecombraille.fr\/centre-de-ressources\/wp-content\/uploads\/sites\/8\/2024\/02\/healthcare-150x150.png 150w\" sizes=\"auto, (max-width: 512px) 100vw, 512px\" \/><\/figure>\n\n\n\n<hr class=\"wp-block-separator has-text-color has-ast-global-color-0-color has-alpha-channel-opacity has-ast-global-color-0-background-color has-background is-style-wide\"\/>\n\n\n\n<div class=\"wp-block-uagb-advanced-heading uagb-block-8b74d08c\"><h3 class=\"uagb-heading-text\"><strong>Infirmi\u00e8res coordinatrices<\/strong><\/h3><\/div>\n\n\n\n<p>Les deux infirmi\u00e8res coordinatrices sont d\u00e9di\u00e9es au volet 2 du CRT. Leurs missions incluent notamment l&rsquo;\u00e9valuation des personnes orient\u00e9es vers le volet renforc\u00e9, les visites \u00e0 domicile et le suivi des situations renforc\u00e9es.<\/p>\n<\/div>\n<\/div>\n\n\n\n<div class=\"wp-block-columns alignwide has-ast-global-color-5-background-color has-background is-layout-flex wp-container-core-columns-is-layout-d2da2050 wp-block-columns-is-layout-flex\" style=\"margin-bottom:0\">\n<div class=\"wp-block-column has-ast-global-color-3-background-color has-text-color has-background has-link-color wp-elements-20adfdabc8906140ecea541a0edb0f51 is-layout-flow wp-block-column-is-layout-flow\" style=\"color:#000000;padding-top:2em;padding-right:2em;padding-bottom:2em;padding-left:2em\">\n<figure class=\"wp-block-image size-full is-resized\"><img loading=\"lazy\" decoding=\"async\" width=\"512\" height=\"512\" src=\"https:\/\/ehpadcentrecreusecombraille.fr\/centre-de-ressources\/wp-content\/uploads\/sites\/8\/2024\/02\/nurse.png\" alt=\"\" class=\"wp-image-2126\" style=\"width:97px;height:auto\" srcset=\"https:\/\/ehpadcentrecreusecombraille.fr\/centre-de-ressources\/wp-content\/uploads\/sites\/8\/2024\/02\/nurse.png 512w, https:\/\/ehpadcentrecreusecombraille.fr\/centre-de-ressources\/wp-content\/uploads\/sites\/8\/2024\/02\/nurse-300x300.png 300w, https:\/\/ehpadcentrecreusecombraille.fr\/centre-de-ressources\/wp-content\/uploads\/sites\/8\/2024\/02\/nurse-150x150.png 150w\" sizes=\"auto, (max-width: 512px) 100vw, 512px\" \/><\/figure>\n\n\n\n<hr class=\"wp-block-separator has-text-color has-ast-global-color-0-color has-alpha-channel-opacity has-ast-global-color-0-background-color has-background is-style-wide\"\/>\n\n\n\n<div class=\"wp-block-uagb-advanced-heading uagb-block-904ea60c\"><h3 class=\"uagb-heading-text\"><strong>Aides-soignants et Assistants de Soins en g\u00e9rontologie<\/strong><\/h3><\/div>\n\n\n\n<p>Cette \u00e9quipe d&rsquo;AS et d&rsquo;ASG organise, met en place et anime les ateliers de pr\u00e9vention itin\u00e9rants (API).<\/p>\n<\/div>\n\n\n\n<div class=\"wp-block-column has-ast-global-color-1-background-color has-text-color has-background has-link-color wp-elements-e189b6c8e37fc947b5bcaceacfd0444b is-layout-flow wp-block-column-is-layout-flow\" style=\"color:#000000;padding-top:2em;padding-right:2em;padding-bottom:2em;padding-left:2em\">\n<figure class=\"wp-block-image size-full is-resized\"><img loading=\"lazy\" decoding=\"async\" width=\"512\" height=\"512\" src=\"https:\/\/ehpadcentrecreusecombraille.fr\/centre-de-ressources\/wp-content\/uploads\/sites\/8\/2024\/02\/nurse-1.png\" alt=\"\" class=\"wp-image-2125\" style=\"width:103px;height:auto\" srcset=\"https:\/\/ehpadcentrecreusecombraille.fr\/centre-de-ressources\/wp-content\/uploads\/sites\/8\/2024\/02\/nurse-1.png 512w, https:\/\/ehpadcentrecreusecombraille.fr\/centre-de-ressources\/wp-content\/uploads\/sites\/8\/2024\/02\/nurse-1-300x300.png 300w, https:\/\/ehpadcentrecreusecombraille.fr\/centre-de-ressources\/wp-content\/uploads\/sites\/8\/2024\/02\/nurse-1-150x150.png 150w\" sizes=\"auto, (max-width: 512px) 100vw, 512px\" \/><\/figure>\n\n\n\n<hr class=\"wp-block-separator has-text-color has-ast-global-color-0-color has-alpha-channel-opacity has-ast-global-color-0-background-color has-background is-style-wide\"\/>\n\n\n\n<div class=\"wp-block-uagb-advanced-heading uagb-block-c821f398\"><h3 class=\"uagb-heading-text\"><strong>Un assistant administratif<\/strong><\/h3><\/div>\n\n\n\n<p class=\"has-ast-global-color-3-color has-text-color has-link-color wp-elements-72ab90fd919d005ed4e99627a3fdb126\"><strong>Mis \u00e0 disposition par l\u2019EHPAD d&rsquo;Ajain, ce professionnel assure le suivi budg\u00e9taire du CRT.<\/strong><\/p>\n<\/div>\n\n\n\n<div class=\"wp-block-column has-ast-global-color-3-background-color has-text-color has-background has-link-color wp-elements-5e05fb69abcf5c90f9cc2044d22a749e is-layout-flow wp-block-column-is-layout-flow\" style=\"color:#000000;padding-top:2em;padding-right:2em;padding-bottom:2em;padding-left:2em\">\n<figure class=\"wp-block-image size-full is-resized\"><img loading=\"lazy\" decoding=\"async\" width=\"512\" height=\"512\" src=\"https:\/\/ehpadcentrecreusecombraille.fr\/centre-de-ressources\/wp-content\/uploads\/sites\/8\/2024\/02\/stethoscope.png\" alt=\"\" class=\"wp-image-2123\" style=\"width:97px;height:auto\" srcset=\"https:\/\/ehpadcentrecreusecombraille.fr\/centre-de-ressources\/wp-content\/uploads\/sites\/8\/2024\/02\/stethoscope.png 512w, https:\/\/ehpadcentrecreusecombraille.fr\/centre-de-ressources\/wp-content\/uploads\/sites\/8\/2024\/02\/stethoscope-300x300.png 300w, https:\/\/ehpadcentrecreusecombraille.fr\/centre-de-ressources\/wp-content\/uploads\/sites\/8\/2024\/02\/stethoscope-150x150.png 150w\" sizes=\"auto, (max-width: 512px) 100vw, 512px\" \/><\/figure>\n\n\n\n<hr class=\"wp-block-separator has-text-color has-ast-global-color-0-color has-alpha-channel-opacity has-ast-global-color-0-background-color has-background is-style-wide\"\/>\n\n\n\n<div class=\"wp-block-uagb-advanced-heading uagb-block-738913e1\"><h3 class=\"uagb-heading-text\"><strong>Un m\u00e9decin coordinateur <\/strong><\/h3><\/div>\n\n\n\n<p>Mis \u00e0 disposition par l\u2019EHPAD Les Signolles, le m\u00e9decin coordonnateur participe \u00e0 l\u2019admission et \u00e0 l\u2019\u00e9valuation des besoins des b\u00e9n\u00e9ficiaires de l\u2019accompagnement renforc\u00e9.<\/p>\n<\/div>\n<\/div>\n\n\n\n<figure class=\"wp-block-image aligncenter size-full is-style-rounded\"><img loading=\"lazy\" decoding=\"async\" width=\"1600\" height=\"1200\" src=\"https:\/\/ehpadcentrecreusecombraille.fr\/centre-de-ressources\/wp-content\/uploads\/sites\/8\/2024\/02\/IMG_20240130_201003.jpg\" alt=\"\" class=\"wp-image-2019\" srcset=\"https:\/\/ehpadcentrecreusecombraille.fr\/centre-de-ressources\/wp-content\/uploads\/sites\/8\/2024\/02\/IMG_20240130_201003.jpg 1600w, https:\/\/ehpadcentrecreusecombraille.fr\/centre-de-ressources\/wp-content\/uploads\/sites\/8\/2024\/02\/IMG_20240130_201003-300x225.jpg 300w, https:\/\/ehpadcentrecreusecombraille.fr\/centre-de-ressources\/wp-content\/uploads\/sites\/8\/2024\/02\/IMG_20240130_201003-1024x768.jpg 1024w, https:\/\/ehpadcentrecreusecombraille.fr\/centre-de-ressources\/wp-content\/uploads\/sites\/8\/2024\/02\/IMG_20240130_201003-768x576.jpg 768w, https:\/\/ehpadcentrecreusecombraille.fr\/centre-de-ressources\/wp-content\/uploads\/sites\/8\/2024\/02\/IMG_20240130_201003-1536x1152.jpg 1536w\" sizes=\"auto, (max-width: 1600px) 100vw, 1600px\" \/><\/figure>\n","protected":false},"excerpt":{"rendered":"<p>Notre \u00e9quipe UNE \u00c9QUIPE PLURIDISCIPLINAIRE Au sein du CRT, une \u00e9quipe d\u00e9di\u00e9e travaille conjointement avec les partenaires pour assurer une approche compl\u00e8te et coordonn\u00e9e. L&rsquo;engagement et la compl\u00e9mentarit\u00e9 des membres de l&rsquo;\u00e9quipe contribuent \u00e0 la r\u00e9alisation des objectifs du projet. Porteurs du projet Le CRT est port\u00e9 par l&rsquo;EHPAD Les Signolles d&rsquo;Ajain et le SSIAD [&hellip;]<\/p>\n","protected":false},"author":2,"featured_media":0,"parent":0,"menu_order":0,"comment_status":"closed","ping_status":"closed","template":"","meta":{"_uag_custom_page_level_css":"","site-sidebar-layout":"no-sidebar","site-content-layout":"page-builder","ast-site-content-layout":"full-width-container","site-content-style":"unboxed","site-sidebar-style":"unboxed","ast-global-header-display":"","ast-banner-title-visibility":"","ast-main-header-display":"","ast-hfb-above-header-display":"","ast-hfb-below-header-display":"","ast-hfb-mobile-header-display":"","site-post-title":"disabled","ast-breadcrumbs-content":"","ast-featured-img":"disabled","footer-sml-layout":"","ast-disable-related-posts":"","theme-transparent-header-meta":"enabled","adv-header-id-meta":"","stick-header-meta":"","header-above-stick-meta":"","header-main-stick-meta":"","header-below-stick-meta":"","astra-migrate-meta-layouts":"set","ast-page-background-enabled":"default","ast-page-background-meta":{"desktop":{"background-color":"var(--ast-global-color-4)","background-image":"","background-repeat":"repeat","background-position":"center center","background-size":"auto","background-attachment":"scroll","background-type":"","background-media":"","overlay-type":"","overlay-color":"","overlay-opacity":"","overlay-gradient":""},"tablet":{"background-color":"","background-image":"","background-repeat":"repeat","background-position":"center center","background-size":"auto","background-attachment":"scroll","background-type":"","background-media":"","overlay-type":"","overlay-color":"","overlay-opacity":"","overlay-gradient":""},"mobile":{"background-color":"","background-image":"","background-repeat":"repeat","background-position":"center center","background-size":"auto","background-attachment":"scroll","background-type":"","background-media":"","overlay-type":"","overlay-color":"","overlay-opacity":"","overlay-gradient":""}},"ast-content-background-meta":{"desktop":{"background-color":"var(--ast-global-color-5)","background-image":"","background-repeat":"repeat","background-position":"center center","background-size":"auto","background-attachment":"scroll","background-type":"","background-media":"","overlay-type":"","overlay-color":"","overlay-opacity":"","overlay-gradient":""},"tablet":{"background-color":"var(--ast-global-color-5)","background-image":"","background-repeat":"repeat","background-position":"center center","background-size":"auto","background-attachment":"scroll","background-type":"","background-media":"","overlay-type":"","overlay-color":"","overlay-opacity":"","overlay-gradient":""},"mobile":{"background-color":"var(--ast-global-color-5)","background-image":"","background-repeat":"repeat","background-position":"center center","background-size":"auto","background-attachment":"scroll","background-type":"","background-media":"","overlay-type":"","overlay-color":"","overlay-opacity":"","overlay-gradient":""}},"footnotes":""},"class_list":["post-1817","page","type-page","status-publish","hentry"],"uagb_featured_image_src":{"full":false,"thumbnail":false,"medium":false,"medium_large":false,"large":false,"1536x1536":false,"2048x2048":false},"uagb_author_info":{"display_name":"azoure","author_link":"https:\/\/ehpadcentrecreusecombraille.fr\/centre-de-ressources\/author\/azoure\/"},"uagb_comment_info":0,"uagb_excerpt":"Notre \u00e9quipe UNE \u00c9QUIPE PLURIDISCIPLINAIRE Au sein du CRT, une \u00e9quipe d\u00e9di\u00e9e travaille conjointement avec les partenaires pour assurer une approche compl\u00e8te et coordonn\u00e9e. L&rsquo;engagement et la compl\u00e9mentarit\u00e9 des membres de l&rsquo;\u00e9quipe contribuent \u00e0 la r\u00e9alisation des objectifs du projet. Porteurs du projet Le CRT est port\u00e9 par l&rsquo;EHPAD Les Signolles d&rsquo;Ajain et le SSIAD\u2026","_links":{"self":[{"href":"https:\/\/ehpadcentrecreusecombraille.fr\/centre-de-ressources\/wp-json\/wp\/v2\/pages\/1817","targetHints":{"allow":["GET"]}}],"collection":[{"href":"https:\/\/ehpadcentrecreusecombraille.fr\/centre-de-ressources\/wp-json\/wp\/v2\/pages"}],"about":[{"href":"https:\/\/ehpadcentrecreusecombraille.fr\/centre-de-ressources\/wp-json\/wp\/v2\/types\/page"}],"author":[{"embeddable":true,"href":"https:\/\/ehpadcentrecreusecombraille.fr\/centre-de-ressources\/wp-json\/wp\/v2\/users\/2"}],"replies":[{"embeddable":true,"href":"https:\/\/ehpadcentrecreusecombraille.fr\/centre-de-ressources\/wp-json\/wp\/v2\/comments?post=1817"}],"version-history":[{"count":5,"href":"https:\/\/ehpadcentrecreusecombraille.fr\/centre-de-ressources\/wp-json\/wp\/v2\/pages\/1817\/revisions"}],"predecessor-version":[{"id":2343,"href":"https:\/\/ehpadcentrecreusecombraille.fr\/centre-de-ressources\/wp-json\/wp\/v2\/pages\/1817\/revisions\/2343"}],"wp:attachment":[{"href":"https:\/\/ehpadcentrecreusecombraille.fr\/centre-de-ressources\/wp-json\/wp\/v2\/media?parent=1817"}],"curies":[{"name":"wp","href":"https:\/\/api.w.org\/{rel}","templated":true}]}}