{"id":1328,"date":"2022-02-24T05:05:12","date_gmt":"2022-02-24T05:05:12","guid":{"rendered":"https:\/\/ehpadcentrecreusecombraille.fr\/centre-de-ressources\/contact\/"},"modified":"2025-12-03T09:13:52","modified_gmt":"2025-12-03T08:13:52","slug":"contact","status":"publish","type":"page","link":"https:\/\/ehpadcentrecreusecombraille.fr\/centre-de-ressources\/contact\/","title":{"rendered":"Contact"},"content":{"rendered":"\n<div class=\"wp-block-uagb-container uagb-block-93b94c88 alignfull uagb-is-root-container\"><div class=\"uagb-container-inner-blocks-wrap\">\n<div class=\"wp-block-uagb-advanced-heading uagb-block-392a41cb\"><h1 class=\"uagb-heading-text\">Le CRT \u00e0 votre \u00e9coute&#8230;<\/h1><\/div>\n<\/div><\/div>\n\n\n\n<div class=\"wp-block-columns alignwide has-ast-global-color-3-background-color has-background is-layout-flex wp-container-core-columns-is-layout-d2da2050 wp-block-columns-is-layout-flex\" style=\"margin-bottom:0\">\n<div class=\"wp-block-column has-ast-global-color-0-background-color has-text-color has-background has-link-color wp-elements-f0e86507f29253b6b2913901466b847c is-layout-flow wp-block-column-is-layout-flow\" style=\"color:#000000;padding-top:2em;padding-right:2em;padding-bottom:2em;padding-left:2em\">\n<hr class=\"wp-block-separator has-text-color has-css-opacity has-background is-style-wide\" style=\"background-color:#000000;color:#000000\"\/>\n\n\n\n<p class=\"has-normal-font-size\" style=\"line-height:1.5\">Pour nous contacter, la communication privil\u00e9gi\u00e9e se fait par t\u00e9l\u00e9phone et par mail. La ligne t\u00e9l\u00e9phonique d\u00e9di\u00e9e, g\u00e9r\u00e9e en interne, assure une disponibilit\u00e9 de 9h \u00e0 17h chaque jour de la semaine.<\/p>\n<\/div>\n\n\n\n<div class=\"wp-block-column has-ast-global-color-5-background-color has-text-color has-background has-link-color wp-elements-6b9a0b8d34113c08c28826e3cdf7f19c is-layout-flow wp-block-column-is-layout-flow\" style=\"color:#000000;padding-top:2em;padding-right:2em;padding-bottom:2em;padding-left:2em\">      \n\t\t\t<div class=\"uagb-icon-wrapper uagb-block-7958c37c      \"\n\t\t\tstyle=\"\" >\n\t\t\t\t\t\t\t\t\t<span class=\"uagb-svg-wrapper\" \n\t\t\t\t\t aria-label=\"phone\"\t\t\t\t\ttabindex=\"0\">\t\t\n\t\t\t\t\t\t\t\t\t\t<svg xmlns=\"https:\/\/www.w3.org\/2000\/svg\" viewBox= \"0 0 512 512\" role=\"graphics-symbol\" aria-hidden=\"false\" aria-label=\"\"><path d=\"M511.2 387l-23.25 100.8c-3.266 14.25-15.79 24.22-30.46 24.22C205.2 512 0 306.8 0 54.5c0-14.66 9.969-27.2 24.22-30.45l100.8-23.25C139.7-2.602 154.7 5.018 160.8 18.92l46.52 108.5c5.438 12.78 1.77 27.67-8.98 36.45L144.5 207.1c33.98 69.22 90.26 125.5 159.5 159.5l44.08-53.8c8.688-10.78 23.69-14.51 36.47-8.975l108.5 46.51C506.1 357.2 514.6 372.4 511.2 387z\"><\/path><\/svg>\n\t\t\t\t\t\t\t\t\t<\/span>\n\t\t\t\t\t\t\t<\/div>\n\t\t\t\n\n\n<div class=\"wp-block-uagb-advanced-heading uagb-block-fcd1f4c1\"><h2 class=\"uagb-heading-text\"><strong>Nous appeler<\/strong><\/h2><\/div>\n\n\n\n<hr class=\"wp-block-separator has-text-color has-ast-global-color-1-color has-alpha-channel-opacity has-ast-global-color-1-background-color has-background is-style-wide\"\/>\n\n\n\n<div class=\"wp-block-buttons is-content-justification-center is-layout-flex wp-container-core-buttons-is-layout-a89b3969 wp-block-buttons-is-layout-flex\">\n<div class=\"wp-block-button\"><a class=\"wp-block-button__link wp-element-button\"><strong>06 62 12 36 16<\/strong><\/a><\/div>\n<\/div>\n<\/div>\n\n\n\n<div class=\"wp-block-column has-ast-global-color-5-background-color has-text-color has-background has-link-color wp-elements-4aade00b43a186936af0dba0a76dedd2 is-layout-flow wp-block-column-is-layout-flow\" style=\"color:#000000;padding-top:2em;padding-right:2em;padding-bottom:2em;padding-left:2em\">      \n\t\t\t<div class=\"uagb-icon-wrapper uagb-block-df44d886      \"\n\t\t\tstyle=\"\" >\n\t\t\t\t\t\t\t\t\t<span class=\"uagb-svg-wrapper\" \n\t\t\t\t\t aria-label=\"message\"\t\t\t\t\ttabindex=\"0\">\t\t\n\t\t\t\t\t\t\t\t\t\t<svg xmlns=\"https:\/\/www.w3.org\/2000\/svg\" viewBox= \"0 0 512 512\" role=\"graphics-symbol\" aria-hidden=\"false\" aria-label=\"\"><path d=\"M511.1 63.1v287.1c0 35.25-28.75 63.1-64 63.1h-144l-124.9 93.68c-7.875 5.75-19.12 .0497-19.12-9.7v-83.98h-96c-35.25 0-64-28.75-64-63.1V63.1c0-35.25 28.75-63.1 64-63.1h384C483.2 0 511.1 28.75 511.1 63.1z\"><\/path><\/svg>\n\t\t\t\t\t\t\t\t\t<\/span>\n\t\t\t\t\t\t\t<\/div>\n\t\t\t\n\n\n<div class=\"wp-block-uagb-advanced-heading uagb-block-cfcf08ef\"><h2 class=\"uagb-heading-text\"><strong>Nous \u00e9crire<\/strong><\/h2><\/div>\n\n\n\n<hr class=\"wp-block-separator has-text-color has-ast-global-color-1-color has-alpha-channel-opacity has-ast-global-color-1-background-color has-background is-style-wide\"\/>\n\n\n\n<div class=\"wp-block-buttons is-content-justification-center is-layout-flex wp-container-core-buttons-is-layout-a89b3969 wp-block-buttons-is-layout-flex\">\n<div class=\"wp-block-button is-style-fill\"><a class=\"wp-block-button__link wp-element-button\" href=\"&#x63;&#x6f;&#110;t&#x61;&#x63;&#116;&#64;c&#x72;&#x74;&#97;t&#x6f;&#x6d;&#101;&#46;f&#x72;\"><strong>contact@<strong>crtatome<\/strong>.fr<\/strong><\/a><\/div>\n\n\n\n<div class=\"wp-block-button\"><a class=\"wp-block-button__link wp-element-button\">1 Rue du S\u00e9minaire, 23380 Ajain<\/a><\/div>\n<\/div>\n<\/div>\n<\/div>\n\n\n\n<div class=\"wp-block-columns has-ast-global-color-0-background-color has-background is-layout-flex wp-container-core-columns-is-layout-28f84493 wp-block-columns-is-layout-flex\">\n<div class=\"wp-block-column is-layout-flow wp-block-column-is-layout-flow\">\n<div class=\"wp-block-uagb-advanced-heading uagb-block-db332bb3\"><h2 class=\"uagb-heading-text\">UNE QUESTION ? UNE REMARQUE ? BESOINS D\u2019INFORMATIONS COMPL\u00c9MENTAIRES ? VOUS POUVEZ AUSSI NOUS ENVOYER VOTRE REQU\u00caTE ICI.<\/h2><\/div>\n<\/div>\n<\/div>\n\n\n\n<div class=\"wp-block-uagb-forms uagb-forms__outer-wrap uagb-block-4a7f6fd9 uagb-forms__medium-btn\"><form class=\"uagb-forms-main-form\" method=\"post\" autocomplete=\"on\" name=\"uagb-form-4a7f6fd9\">\n<div class=\"wp-block-uagb-forms-name uagb-forms-name-wrap uagb-forms-field-set uagb-block-949f061d\"><div class=\"uagb-forms-name-label required uagb-forms-input-label\" id=\"949f061d\">Pr\u00e9nom<\/div><input type=\"text\" placeholder=\"John\" required class=\"uagb-forms-name-input uagb-forms-input\" name=\"949f061d\" autocomplete=\"given-name\"\/><\/div>\n\n\n\n<div class=\"wp-block-uagb-forms-name uagb-forms-name-wrap uagb-forms-field-set uagb-block-c051f01a\"><div class=\"uagb-forms-name-label required uagb-forms-input-label\" id=\"c051f01a\">Nom de Famille<\/div><input type=\"text\" placeholder=\"Doe\" required class=\"uagb-forms-name-input uagb-forms-input\" name=\"c051f01a\" autocomplete=\"family-name\"\/><\/div>\n\n\n\n<div class=\"wp-block-uagb-forms-email uagb-forms-email-wrap uagb-forms-field-set uagb-block-9365a708\"><div class=\"uagb-forms-email-label required uagb-forms-input-label\" id=\"9365a708\">Adresse mail<\/div><input type=\"email\" class=\"uagb-forms-email-input uagb-forms-input\" placeholder=\"e&#120;&#101;&#x6d;&#x70;l&#101;&#64;&#x6d;&#x61;&#x69;l&#46;&#99;&#x6f;&#x6d;\" required name=\"9365a708\" autocomplete=\"email\"\/><\/div>\n\n\n\n<div class=\"wp-block-uagb-forms-textarea uagb-forms-textarea-wrap uagb-forms-field-set uagb-block-74ff7ba9\"><div class=\"uagb-forms-textarea-label required uagb-forms-input-label\" id=\"74ff7ba9\">Message<\/div><textarea required class=\"uagb-forms-textarea-input uagb-forms-input\" rows=\"4\" placeholder=\"Entrez votre message\" name=\"74ff7ba9\" autocomplete=\"off\"><\/textarea><\/div>\n<div class=\"uagb-forms-form-hidden-data\"><input type=\"hidden\" class=\"uagb_forms_form_label\" value=\"Spectra Form\"\/><input type=\"hidden\" class=\"uagb_forms_form_id\" value=\"uagb-form-4a7f6fd9\"\/><\/div><div class=\"uagb-form-reacaptcha-error-4a7f6fd9\"><\/div><div class=\"uagb-forms-main-submit-button-wrap wp-block-button\"><button class=\"uagb-forms-main-submit-button wp-block-button__link\"><div class=\"uagb-forms-main-submit-button-text\">Envoyer<\/div><\/button><\/div><\/form><div class=\"uagb-forms-success-message-4a7f6fd9 uagb-forms-submit-message-hide\"><span>Le formulaire a \u00e9t\u00e9 soumis avec succ\u00e8s !<\/span><\/div><div class=\"uagb-forms-failed-message-4a7f6fd9 uagb-forms-submit-message-hide\"><span>Une erreur est survenue lors de la soumission du formulaire. Veuillez v\u00e9rifier \u00e0 nouveau tous les champs du formulaire.<\/span><\/div><\/div>\n\n\n\n<hr class=\"wp-block-separator has-text-color has-ast-global-color-1-color has-alpha-channel-opacity has-ast-global-color-1-background-color has-background\"\/>\n\n\n\n<div class=\"wp-block-columns has-ast-global-color-0-background-color has-background is-layout-flex wp-container-core-columns-is-layout-28f84493 wp-block-columns-is-layout-flex\">\n<div class=\"wp-block-column is-layout-flow wp-block-column-is-layout-flow\">\n<div class=\"wp-block-uagb-advanced-heading uagb-block-cf9a26f0\"><h2 class=\"uagb-heading-text\">Contactez-nous !<\/h2><\/div>\n\n\n\n<p>Notre \u00e9quipe est \u00e0 votre disposition pour r\u00e9pondre \u00e0 toutes vos questions, demandes d\u2019informations, ou pour vous assister dans vos besoins sp\u00e9cifiques. N\u2019h\u00e9sitez pas \u00e0 nous contacter. Nous nous engageons \u00e0 traiter vos demandes avec professionnalisme, empathie et r\u00e9activit\u00e9.<\/p>\n\n\n\n<figure class=\"wp-block-image size-large\"><img loading=\"lazy\" decoding=\"async\" width=\"1280\" height=\"720\" src=\"https:\/\/ehpadcentrecreusecombraille.fr\/centre-de-ressources\/wp-content\/uploads\/sites\/8\/2024\/02\/1280px-Paysage_en_Creuse-edited-1.jpeg\" alt=\"\" class=\"wp-image-2171\" srcset=\"https:\/\/ehpadcentrecreusecombraille.fr\/centre-de-ressources\/wp-content\/uploads\/sites\/8\/2024\/02\/1280px-Paysage_en_Creuse-edited-1.jpeg 1280w, https:\/\/ehpadcentrecreusecombraille.fr\/centre-de-ressources\/wp-content\/uploads\/sites\/8\/2024\/02\/1280px-Paysage_en_Creuse-edited-1-300x169.jpeg 300w, https:\/\/ehpadcentrecreusecombraille.fr\/centre-de-ressources\/wp-content\/uploads\/sites\/8\/2024\/02\/1280px-Paysage_en_Creuse-edited-1-1024x576.jpeg 1024w, https:\/\/ehpadcentrecreusecombraille.fr\/centre-de-ressources\/wp-content\/uploads\/sites\/8\/2024\/02\/1280px-Paysage_en_Creuse-edited-1-768x432.jpeg 768w\" sizes=\"auto, (max-width: 1280px) 100vw, 1280px\" \/><\/figure>\n<\/div>\n<\/div>\n","protected":false},"excerpt":{"rendered":"<p>Le CRT \u00e0 votre \u00e9coute&#8230; Pour nous contacter, la communication privil\u00e9gi\u00e9e se fait par t\u00e9l\u00e9phone et par mail. La ligne t\u00e9l\u00e9phonique d\u00e9di\u00e9e, g\u00e9r\u00e9e en interne, assure une disponibilit\u00e9 de 9h \u00e0 17h chaque jour de la semaine. Nous appeler Nous \u00e9crire UNE QUESTION ? UNE REMARQUE ? BESOINS D\u2019INFORMATIONS COMPL\u00c9MENTAIRES ? VOUS POUVEZ AUSSI NOUS [&hellip;]<\/p>\n","protected":false},"author":1,"featured_media":0,"parent":0,"menu_order":0,"comment_status":"closed","ping_status":"closed","template":"","meta":{"_uag_custom_page_level_css":"","site-sidebar-layout":"no-sidebar","site-content-layout":"page-builder","ast-site-content-layout":"full-width-container","site-content-style":"unboxed","site-sidebar-style":"unboxed","ast-global-header-display":"","ast-banner-title-visibility":"","ast-main-header-display":"","ast-hfb-above-header-display":"","ast-hfb-below-header-display":"","ast-hfb-mobile-header-display":"","site-post-title":"disabled","ast-breadcrumbs-content":"","ast-featured-img":"disabled","footer-sml-layout":"","ast-disable-related-posts":"","theme-transparent-header-meta":"enabled","adv-header-id-meta":"","stick-header-meta":"","header-above-stick-meta":"","header-main-stick-meta":"","header-below-stick-meta":"","astra-migrate-meta-layouts":"set","ast-page-background-enabled":"default","ast-page-background-meta":{"desktop":{"background-color":"var(--ast-global-color-4)","background-image":"","background-repeat":"repeat","background-position":"center center","background-size":"auto","background-attachment":"scroll","background-type":"","background-media":"","overlay-type":"","overlay-color":"","overlay-opacity":"","overlay-gradient":""},"tablet":{"background-color":"","background-image":"","background-repeat":"repeat","background-position":"center center","background-size":"auto","background-attachment":"scroll","background-type":"","background-media":"","overlay-type":"","overlay-color":"","overlay-opacity":"","overlay-gradient":""},"mobile":{"background-color":"","background-image":"","background-repeat":"repeat","background-position":"center center","background-size":"auto","background-attachment":"scroll","background-type":"","background-media":"","overlay-type":"","overlay-color":"","overlay-opacity":"","overlay-gradient":""}},"ast-content-background-meta":{"desktop":{"background-color":"var(--ast-global-color-5)","background-image":"","background-repeat":"repeat","background-position":"center center","background-size":"auto","background-attachment":"scroll","background-type":"","background-media":"","overlay-type":"","overlay-color":"","overlay-opacity":"","overlay-gradient":""},"tablet":{"background-color":"var(--ast-global-color-5)","background-image":"","background-repeat":"repeat","background-position":"center center","background-size":"auto","background-attachment":"scroll","background-type":"","background-media":"","overlay-type":"","overlay-color":"","overlay-opacity":"","overlay-gradient":""},"mobile":{"background-color":"var(--ast-global-color-5)","background-image":"","background-repeat":"repeat","background-position":"center center","background-size":"auto","background-attachment":"scroll","background-type":"","background-media":"","overlay-type":"","overlay-color":"","overlay-opacity":"","overlay-gradient":""}},"footnotes":""},"class_list":["post-1328","page","type-page","status-publish","hentry"],"uagb_featured_image_src":{"full":false,"thumbnail":false,"medium":false,"medium_large":false,"large":false,"1536x1536":false,"2048x2048":false},"uagb_author_info":{"display_name":"Le Maillon","author_link":"https:\/\/ehpadcentrecreusecombraille.fr\/centre-de-ressources\/author\/le-maillon\/"},"uagb_comment_info":0,"uagb_excerpt":"Le CRT \u00e0 votre \u00e9coute&#8230; Pour nous contacter, la communication privil\u00e9gi\u00e9e se fait par t\u00e9l\u00e9phone et par mail. La ligne t\u00e9l\u00e9phonique d\u00e9di\u00e9e, g\u00e9r\u00e9e en interne, assure une disponibilit\u00e9 de 9h \u00e0 17h chaque jour de la semaine. Nous appeler Nous \u00e9crire UNE QUESTION ? UNE REMARQUE ? BESOINS D\u2019INFORMATIONS COMPL\u00c9MENTAIRES ? VOUS POUVEZ AUSSI NOUS\u2026","_links":{"self":[{"href":"https:\/\/ehpadcentrecreusecombraille.fr\/centre-de-ressources\/wp-json\/wp\/v2\/pages\/1328","targetHints":{"allow":["GET"]}}],"collection":[{"href":"https:\/\/ehpadcentrecreusecombraille.fr\/centre-de-ressources\/wp-json\/wp\/v2\/pages"}],"about":[{"href":"https:\/\/ehpadcentrecreusecombraille.fr\/centre-de-ressources\/wp-json\/wp\/v2\/types\/page"}],"author":[{"embeddable":true,"href":"https:\/\/ehpadcentrecreusecombraille.fr\/centre-de-ressources\/wp-json\/wp\/v2\/users\/1"}],"replies":[{"embeddable":true,"href":"https:\/\/ehpadcentrecreusecombraille.fr\/centre-de-ressources\/wp-json\/wp\/v2\/comments?post=1328"}],"version-history":[{"count":5,"href":"https:\/\/ehpadcentrecreusecombraille.fr\/centre-de-ressources\/wp-json\/wp\/v2\/pages\/1328\/revisions"}],"predecessor-version":[{"id":2378,"href":"https:\/\/ehpadcentrecreusecombraille.fr\/centre-de-ressources\/wp-json\/wp\/v2\/pages\/1328\/revisions\/2378"}],"wp:attachment":[{"href":"https:\/\/ehpadcentrecreusecombraille.fr\/centre-de-ressources\/wp-json\/wp\/v2\/media?parent=1328"}],"curies":[{"name":"wp","href":"https:\/\/api.w.org\/{rel}","templated":true}]}}